{"id":2009,"date":"2018-09-11T19:59:55","date_gmt":"2018-09-11T19:59:55","guid":{"rendered":"http:\/\/www.difrol.cl\/news\/"},"modified":"2018-09-11T20:02:29","modified_gmt":"2018-09-11T20:02:29","slug":"news","status":"publish","type":"page","link":"https:\/\/www.difrol.cl\/en\/news\/","title":{"rendered":"News"},"content":{"rendered":"<div class=\"wpb-content-wrapper\"><p>[vc_row][vc_column]<style type=\"text\/css\" data-type=\"the7_shortcodes-inline-css\">.blog-shortcode.blog-list-shortcode-id-6d3d204701f3232e3b8538928ca41a78.dividers-on.classic-layout-list article {\n  margin-top: 50px;\n  padding-top: 0;\n}\n.blog-shortcode.blog-list-shortcode-id-6d3d204701f3232e3b8538928ca41a78.dividers-on.classic-layout-list article:first-of-type {\n  margin-top: 0;\n  padding-top: 0;\n}\n.blog-shortcode.blog-list-shortcode-id-6d3d204701f3232e3b8538928ca41a78.classic-layout-list.mode-list .post-thumbnail-wrap {\n  width: 30%;\n}\n.blog-shortcode.blog-list-shortcode-id-6d3d204701f3232e3b8538928ca41a78.classic-layout-list.mode-list .post-entry-content {\n  width: calc(100% - 30%);\n}\n.blog-shortcode.blog-list-shortcode-id-6d3d204701f3232e3b8538928ca41a78.classic-layout-list.mode-list .no-img .post-entry-content {\n  width: 100%;\n}\n.blog-shortcode.blog-list-shortcode-id-6d3d204701f3232e3b8538928ca41a78 .filter-bg-decoration .filter-categories a.act {\n  color: #fff;\n}\n.blog-shortcode.blog-list-shortcode-id-6d3d204701f3232e3b8538928ca41a78:not(.mode-masonry) article {\n  margin-top: 50px;\n}\n.blog-shortcode.blog-list-shortcode-id-6d3d204701f3232e3b8538928ca41a78:not(.mode-masonry) article:first-of-type,\n.blog-shortcode.blog-list-shortcode-id-6d3d204701f3232e3b8538928ca41a78:not(.mode-masonry) article.visible.first:not(.product) {\n  margin-top: 0;\n}\n.blog-shortcode.blog-list-shortcode-id-6d3d204701f3232e3b8538928ca41a78.dividers-on:not(.mode-masonry) article {\n  margin-top: 0;\n  padding-top: 50px;\n}\n.blog-shortcode.blog-list-shortcode-id-6d3d204701f3232e3b8538928ca41a78.dividers-on:not(.mode-masonry) article:first-of-type,\n.blog-shortcode.blog-list-shortcode-id-6d3d204701f3232e3b8538928ca41a78.dividers-on:not(.mode-masonry) article.visible.first:not(.product) {\n  margin-top: 0;\n  padding-top: 0;\n}\n.blog-shortcode.blog-list-shortcode-id-6d3d204701f3232e3b8538928ca41a78 .post-thumbnail-wrap {\n  padding: 0px 0px 50px 0px;\n}\n.blog-shortcode.blog-list-shortcode-id-6d3d204701f3232e3b8538928ca41a78.enable-bg-rollover .post-thumbnail-rollover:after {\n  background: -webkit-linear-gradient();\n  background: linear-gradient();\n}\n.blog-shortcode.blog-list-shortcode-id-6d3d204701f3232e3b8538928ca41a78 .gallery-zoom-ico {\n  width: 44px;\n  height: 44px;\n  line-height: 44px;\n  border-radius: 100px;\n  margin: -22px 0 0 -22px;\n  border-width: 0px;\n  color: #ffffff;\n}\n.bottom-overlap-layout-list.blog-shortcode.blog-list-shortcode-id-6d3d204701f3232e3b8538928ca41a78 .gallery-zoom-ico {\n  margin-top: -22px;\n}\n.gradient-overlay-layout-list.blog-shortcode.blog-list-shortcode-id-6d3d204701f3232e3b8538928ca41a78 .gallery-zoom-ico,\n.content-rollover-layout-list.blog-shortcode.blog-list-shortcode-id-6d3d204701f3232e3b8538928ca41a78 .gallery-zoom-ico {\n  margin: 0 0 10px;\n}\n.content-align-center.gradient-overlay-layout-list.blog-shortcode.blog-list-shortcode-id-6d3d204701f3232e3b8538928ca41a78 .gallery-zoom-ico,\n.content-align-center.content-rollover-layout-list.blog-shortcode.blog-list-shortcode-id-6d3d204701f3232e3b8538928ca41a78 .gallery-zoom-ico {\n  margin: 0 auto 10px;\n}\n.dt-icon-bg-on.blog-shortcode.blog-list-shortcode-id-6d3d204701f3232e3b8538928ca41a78 .gallery-zoom-ico {\n  background: rgba(255,255,255,0.3);\n  box-shadow: none;\n}\n.blog-shortcode.blog-list-shortcode-id-6d3d204701f3232e3b8538928ca41a78 .gallery-zoom-ico > span,\n.blog-shortcode.blog-list-shortcode-id-6d3d204701f3232e3b8538928ca41a78 .gallery-zoom-ico:before {\n  font-size: 32px;\n  line-height: 44px;\n}\n.blog-shortcode.blog-list-shortcode-id-6d3d204701f3232e3b8538928ca41a78 .gallery-zoom-ico > span,\n.blog-shortcode.blog-list-shortcode-id-6d3d204701f3232e3b8538928ca41a78 .gallery-zoom-ico:before {\n  color: #ffffff;\n}\n.blog-shortcode.blog-list-shortcode-id-6d3d204701f3232e3b8538928ca41a78 .fancy-date a {\n  background: #ffffff;\n  box-shadow: none;\n}\n.blog-shortcode.blog-list-shortcode-id-6d3d204701f3232e3b8538928ca41a78 .fancy-date a * {\n  color: #2d2d2d;\n}\n.blog-shortcode.blog-list-shortcode-id-6d3d204701f3232e3b8538928ca41a78 .entry-title,\n.blog-shortcode.blog-list-shortcode-id-6d3d204701f3232e3b8538928ca41a78.owl-carousel .entry-title {\n  margin-bottom: 5px;\n  font-weight: bold;\n}\n.blog-shortcode.blog-list-shortcode-id-6d3d204701f3232e3b8538928ca41a78 .entry-meta {\n  margin-bottom: 15px;\n}\n.blog-shortcode.blog-list-shortcode-id-6d3d204701f3232e3b8538928ca41a78 .portfolio-categories {\n  margin-bottom: 15px;\n}\n.blog-shortcode.blog-list-shortcode-id-6d3d204701f3232e3b8538928ca41a78 .entry-excerpt {\n  margin-bottom: 15px;\n}\n.blog-shortcode.blog-list-shortcode-id-6d3d204701f3232e3b8538928ca41a78:not(.centered-layout-list) .post-entry-content {\n  padding: 0px 0px 50px 30px;\n}\n.blog-shortcode.blog-list-shortcode-id-6d3d204701f3232e3b8538928ca41a78:not(.centered-layout-list):not(.content-bg-on):not(.mode-list) .no-img .post-entry-content {\n  padding: 0;\n}\n@media screen and (max-width: 768px) {\n  .blog-shortcode.blog-list-shortcode-id-6d3d204701f3232e3b8538928ca41a78 article {\n    -ms-flex-flow: column nowrap;\n    flex-flow: column nowrap;\n    margin-top: 20px;\n  }\n  .blog-shortcode.blog-list-shortcode-id-6d3d204701f3232e3b8538928ca41a78.dividers-on article {\n    border: none;\n  }\n  .blog-shortcode.blog-list-shortcode-id-6d3d204701f3232e3b8538928ca41a78.content-bg-on.centered-layout-list article {\n    padding: 0;\n  }\n  .blog-shortcode.blog-list-shortcode-id-6d3d204701f3232e3b8538928ca41a78.blog-shortcode.dividers-on article,\n  .blog-shortcode.blog-list-shortcode-id-6d3d204701f3232e3b8538928ca41a78.dividers-on.classic-layout-list article {\n    margin-top: 20px;\n    padding: 0;\n  }\n  .blog-shortcode.blog-list-shortcode-id-6d3d204701f3232e3b8538928ca41a78.blog-shortcode.dividers-on article:first-of-type,\n  .blog-shortcode.blog-list-shortcode-id-6d3d204701f3232e3b8538928ca41a78.dividers-on.classic-layout-list article:first-of-type {\n    padding: 0;\n  }\n  #page .blog-shortcode.blog-list-shortcode-id-6d3d204701f3232e3b8538928ca41a78 .post-thumbnail-wrap,\n  #page .blog-shortcode.blog-list-shortcode-id-6d3d204701f3232e3b8538928ca41a78 .post-entry-content {\n    width: 100%;\n    margin: 0;\n    top: 0;\n  }\n  #page .blog-shortcode.blog-list-shortcode-id-6d3d204701f3232e3b8538928ca41a78 .post-thumbnail-wrap {\n    padding: 0;\n  }\n  #page .blog-shortcode.blog-list-shortcode-id-6d3d204701f3232e3b8538928ca41a78 .post-entry-content:after {\n    display: none;\n  }\n  #page .blog-shortcode.blog-list-shortcode-id-6d3d204701f3232e3b8538928ca41a78 .project-even .post-thumbnail-wrap,\n  #page .blog-shortcode.blog-list-shortcode-id-6d3d204701f3232e3b8538928ca41a78.centered-layout-list .post-thumbnail-wrap {\n    -ms-flex-order: 0;\n    order: 0;\n  }\n  #page .blog-shortcode.blog-list-shortcode-id-6d3d204701f3232e3b8538928ca41a78.centered-layout-list .post-entry-title-content {\n    -ms-flex-order: 1;\n    order: 1;\n    width: 100%;\n    padding: 20px 20px 0;\n  }\n  #page .blog-shortcode.blog-list-shortcode-id-6d3d204701f3232e3b8538928ca41a78.centered-layout-list .post-entry-content {\n    -ms-flex-order: 2;\n    order: 2;\n    padding-top: 0;\n  }\n  #page .blog-shortcode.blog-list-shortcode-id-6d3d204701f3232e3b8538928ca41a78 .fancy-categories {\n    top: 10px;\n    left: 10px;\n    bottom: auto;\n    right: auto;\n  }\n  #page .blog-shortcode.blog-list-shortcode-id-6d3d204701f3232e3b8538928ca41a78 .fancy-date a {\n    top: 10px;\n    right: 10px;\n    left: auto;\n    bottom: auto;\n  }\n  #page .blog-shortcode.blog-list-shortcode-id-6d3d204701f3232e3b8538928ca41a78 .post-entry-content {\n    padding: 20px;\n  }\n  #page .blog-shortcode.blog-list-shortcode-id-6d3d204701f3232e3b8538928ca41a78 .entry-title {\n    margin: 3px 0 5px;\n    font-size: 20px;\n    line-height: 26px;\n  }\n  #page .blog-shortcode.blog-list-shortcode-id-6d3d204701f3232e3b8538928ca41a78 .entry-meta {\n    margin: 5px 0 5px;\n  }\n  #page .blog-shortcode.blog-list-shortcode-id-6d3d204701f3232e3b8538928ca41a78 .entry-excerpt {\n    margin: 15px 0 0;\n  }\n  #page .blog-shortcode.blog-list-shortcode-id-6d3d204701f3232e3b8538928ca41a78 .post-details {\n    margin: 5px 0 10px;\n  }\n  #page .blog-shortcode.blog-list-shortcode-id-6d3d204701f3232e3b8538928ca41a78 .post-details.details-type-link {\n    margin-bottom: 2px;\n  }\n}<\/style><div class=\"articles-list blog-shortcode mode-list blog-list-shortcode-id-6d3d204701f3232e3b8538928ca41a78 classic-layout-list dividers-on jquery-filter dt-icon-bg-off vertical-fancy-style loading-effect-fade-in\" data-cur-page=\"1\" data-post-limit=\"4\" data-pagination-mode=\"pages\" aria-live=\"assertive\"><article class=\"post project-odd visible post-6426 type-post status-publish format-standard has-post-thumbnail hentry category-uncategorized category-30 description-off\" data-name=\"Chile and Peru held the Eighth Ordinary Meeting of the Joint Permanent Boundary Commission in Santiago.\" data-date=\"2026-02-02T11:29:14-03:00\">\n\n<div class=\"post-thumbnail-wrap\">\n\t<div class=\"post-thumbnail\">\n\n\t\t\n\t\t\n\t\t<a href=\"https:\/\/www.difrol.cl\/en\/chile-and-peru-held-the-eighth-ordinary-meeting-of-the-joint-permanent-boundary-commission-in-santiago\/\" class=\"post-thumbnail-rollover layzr-bg layzr-bg\" ><img fetchpriority=\"high\" decoding=\"async\" class=\"blog-thumb-lazy-load preload-me lazy-load aspect\" src=\"data:image\/svg+xml,%3Csvg%20xmlns%3D&#39;http%3A%2F%2Fwww.w3.org%2F2000%2Fsvg&#39;%20viewBox%3D&#39;0%200%20768%20768&#39;%2F%3E\" data-src=\"https:\/\/www.difrol.cl\/wp-content\/uploads\/2026\/02\/01-Foto-oficial-scaled-768x768.jpg\" data-srcset=\"https:\/\/www.difrol.cl\/wp-content\/uploads\/2026\/02\/01-Foto-oficial-scaled-768x768.jpg 768w, https:\/\/www.difrol.cl\/wp-content\/uploads\/2026\/02\/01-Foto-oficial-scaled-1306x1306.jpg 1306w\" loading=\"eager\" style=\"--ratio: 768 \/ 768\" sizes=\"(max-width: 768px) 100vw, 768px\" alt=\"\" title=\"01 Foto oficial\" width=\"768\" height=\"768\"  \/><\/a>\n\t<\/div>\n<\/div>\n\n\n<div class=\"post-entry-content\">\n\n\t<h3 class=\"entry-title\">\n\t\t<a href=\"https:\/\/www.difrol.cl\/en\/chile-and-peru-held-the-eighth-ordinary-meeting-of-the-joint-permanent-boundary-commission-in-santiago\/\" title=\"Chile and Peru held the Eighth Ordinary Meeting of the Joint Permanent Boundary Commission in Santiago.\" rel=\"bookmark\">Chile and Peru held the Eighth Ordinary Meeting of the Joint Permanent Boundary Commission in Santiago.<\/a>\n\t<\/h3>\n\n\t\n\t<div class=\"entry-excerpt\"><p>[vc_row][vc_column][vc_empty_space][vc_column_text css=&#8221;&#8221;] On January 29, 2026, the Eighth Plenary Meeting of the Joint Permanent Boundary Commission between Chile and Peru was held at the offices of the National Directorate of Borders and State Boundaries (DIFROL). The main objective of the meeting was to continue working on maintaining the shared international boundary. Participating from Chile at&hellip;<\/p>\n<\/div>\n\t\n<a href=\"https:\/\/www.difrol.cl\/en\/chile-and-peru-held-the-eighth-ordinary-meeting-of-the-joint-permanent-boundary-commission-in-santiago\/\" class=\"dt-btn-s dt-btn post-details details-type-btn\" aria-label=\"Read more about Chile and Peru held the Eighth Ordinary Meeting of the Joint Permanent Boundary Commission in Santiago.\">Read news<i class=\"dt-icon-the7-arrow-03\" aria-hidden=\"true\"><\/i><\/a>\n\n<\/div><\/article><article class=\"post project-odd visible post-6349 type-post status-publish format-standard has-post-thumbnail hentry category-uncategorized category-30 description-off\" data-name=\"DIFROL Provides On-Site Advisory and Guidance to Aymara Community in Visviri, Arica and Parinacota Region\" data-date=\"2025-12-12T15:27:59-03:00\">\n\n<div class=\"post-thumbnail-wrap\">\n\t<div class=\"post-thumbnail\">\n\n\t\t\n\t\t\n\t\t<a href=\"https:\/\/www.difrol.cl\/en\/difrol-provides-on-site-advisory-and-guidance-to-aymara-community-in-visviri-arica-and-parinacota-region\/\" class=\"post-thumbnail-rollover layzr-bg layzr-bg\" ><img decoding=\"async\" class=\"blog-thumb-lazy-load preload-me lazy-load aspect\" src=\"data:image\/svg+xml,%3Csvg%20xmlns%3D&#39;http%3A%2F%2Fwww.w3.org%2F2000%2Fsvg&#39;%20viewBox%3D&#39;0%200%20768%20768&#39;%2F%3E\" data-src=\"https:\/\/www.difrol.cl\/wp-content\/uploads\/2025\/12\/Equipo-DIFROL-Comunidad-Carabineros-scaled-768x768.jpg\" data-srcset=\"https:\/\/www.difrol.cl\/wp-content\/uploads\/2025\/12\/Equipo-DIFROL-Comunidad-Carabineros-scaled-768x768.jpg 768w, https:\/\/www.difrol.cl\/wp-content\/uploads\/2025\/12\/Equipo-DIFROL-Comunidad-Carabineros-scaled-1306x1306.jpg 1306w\" loading=\"eager\" style=\"--ratio: 768 \/ 768\" sizes=\"(max-width: 768px) 100vw, 768px\" alt=\"\" title=\"Equipo DIFROL-Comunidad-Carabineros\" width=\"768\" height=\"768\"  \/><\/a>\n\t<\/div>\n<\/div>\n\n\n<div class=\"post-entry-content\">\n\n\t<h3 class=\"entry-title\">\n\t\t<a href=\"https:\/\/www.difrol.cl\/en\/difrol-provides-on-site-advisory-and-guidance-to-aymara-community-in-visviri-arica-and-parinacota-region\/\" title=\"DIFROL Provides On-Site Advisory and Guidance to Aymara Community in Visviri, Arica and Parinacota Region\" rel=\"bookmark\">DIFROL Provides On-Site Advisory and Guidance to Aymara Community in Visviri, Arica and Parinacota Region<\/a>\n\t<\/h3>\n\n\t\n\t<div class=\"entry-excerpt\"><p>[vc_row][vc_column][vc_empty_space][vc_column_text css=&#8221;&#8221;] A few months ago, the Manzano Rada family, belonging to the Aymara community of Visviri, located in the General Lagos commune, Arica and Parinacota Region, contacted DIFROL through its community communication channels. They reported problems with their camelid livestock, which were roaming freely and needed to be fenced. However, the international border with&hellip;<\/p>\n<\/div>\n\t\n<a href=\"https:\/\/www.difrol.cl\/en\/difrol-provides-on-site-advisory-and-guidance-to-aymara-community-in-visviri-arica-and-parinacota-region\/\" class=\"dt-btn-s dt-btn post-details details-type-btn\" aria-label=\"Read more about DIFROL Provides On-Site Advisory and Guidance to Aymara Community in Visviri, Arica and Parinacota Region\">Read news<i class=\"dt-icon-the7-arrow-03\" aria-hidden=\"true\"><\/i><\/a>\n\n<\/div><\/article><article class=\"post project-odd visible post-6328 type-post status-publish format-standard has-post-thumbnail hentry category-uncategorized category-30 description-off\" data-name=\"DIFROL participates in workshop \u201cchallenges of border institutions\u201d at Arturo Prat university\" data-date=\"2025-12-12T12:07:05-03:00\">\n\n<div class=\"post-thumbnail-wrap\">\n\t<div class=\"post-thumbnail\">\n\n\t\t\n\t\t\n\t\t<a href=\"https:\/\/www.difrol.cl\/en\/difrol-participates-in-workshop-challenges-of-border-institutions-at-arturo-prat-university\/\" class=\"post-thumbnail-rollover layzr-bg layzr-bg\" ><img decoding=\"async\" class=\"blog-thumb-lazy-load preload-me lazy-load aspect\" src=\"data:image\/svg+xml,%3Csvg%20xmlns%3D&#39;http%3A%2F%2Fwww.w3.org%2F2000%2Fsvg&#39;%20viewBox%3D&#39;0%200%20768%20768&#39;%2F%3E\" data-src=\"https:\/\/www.difrol.cl\/wp-content\/uploads\/2025\/12\/DIFROL-participa-en-taller-desafios-de-la-institucionalidad-en-la-frontera-en-U.-Arturo-Prat1-768x768.jpeg\" data-srcset=\"https:\/\/www.difrol.cl\/wp-content\/uploads\/2025\/12\/DIFROL-participa-en-taller-desafios-de-la-institucionalidad-en-la-frontera-en-U.-Arturo-Prat1-768x768.jpeg 768w, https:\/\/www.difrol.cl\/wp-content\/uploads\/2025\/12\/DIFROL-participa-en-taller-desafios-de-la-institucionalidad-en-la-frontera-en-U.-Arturo-Prat1-1066x1066.jpeg 1066w\" loading=\"eager\" style=\"--ratio: 768 \/ 768\" sizes=\"(max-width: 768px) 100vw, 768px\" alt=\"\" title=\"DIFROL participa en taller desaf\u00edos de la institucionalidad en la frontera en U. Arturo Prat1\" width=\"768\" height=\"768\"  \/><\/a>\n\t<\/div>\n<\/div>\n\n\n<div class=\"post-entry-content\">\n\n\t<h3 class=\"entry-title\">\n\t\t<a href=\"https:\/\/www.difrol.cl\/en\/difrol-participates-in-workshop-challenges-of-border-institutions-at-arturo-prat-university\/\" title=\"DIFROL participates in workshop \u201cchallenges of border institutions\u201d at Arturo Prat university\" rel=\"bookmark\">DIFROL participates in workshop \u201cchallenges of border institutions\u201d at Arturo Prat university<\/a>\n\t<\/h3>\n\n\t\n\t<div class=\"entry-excerpt\"><p>[vc_row][vc_column][vc_empty_space][vc_column_text css=&#8221;&#8221;] On December 4th, the workshop \u201cChallenges of Border Institutions&#8221; was held at the Santiago campus Arturo Prat University. The workshop addressed the current situation and challenges of Border Integration Committees and was organized by the Institute of International Studies (INTE-UNAP) of that university. Attendees included the Director General of Research, Mr. Ricardo Espinaza;&hellip;<\/p>\n<\/div>\n\t\n<a href=\"https:\/\/www.difrol.cl\/en\/difrol-participates-in-workshop-challenges-of-border-institutions-at-arturo-prat-university\/\" class=\"dt-btn-s dt-btn post-details details-type-btn\" aria-label=\"Read more about DIFROL participates in workshop \u201cchallenges of border institutions\u201d at Arturo Prat university\">Read news<i class=\"dt-icon-the7-arrow-03\" aria-hidden=\"true\"><\/i><\/a>\n\n<\/div><\/article><article class=\"post project-odd visible post-6305 type-post status-publish format-standard has-post-thumbnail hentry category-uncategorized category-30 description-off\" data-name=\"Exchange of experiences on border integration committees between Chile and Uruguay\" data-date=\"2025-12-03T15:05:12-03:00\">\n\n<div class=\"post-thumbnail-wrap\">\n\t<div class=\"post-thumbnail\">\n\n\t\t\n\t\t\n\t\t<a href=\"https:\/\/www.difrol.cl\/en\/exchange-of-experiences-on-border-integration-committees-between-chile-and-uruguay\/\" class=\"post-thumbnail-rollover layzr-bg layzr-bg\" ><img decoding=\"async\" class=\"blog-thumb-lazy-load preload-me lazy-load aspect\" src=\"data:image\/svg+xml,%3Csvg%20xmlns%3D&#39;http%3A%2F%2Fwww.w3.org%2F2000%2Fsvg&#39;%20viewBox%3D&#39;0%200%20768%20768&#39;%2F%3E\" data-src=\"https:\/\/www.difrol.cl\/wp-content\/uploads\/2025\/12\/Portada-1-768x768.jpeg\" data-srcset=\"https:\/\/www.difrol.cl\/wp-content\/uploads\/2025\/12\/Portada-1-768x768.jpeg 768w, https:\/\/www.difrol.cl\/wp-content\/uploads\/2025\/12\/Portada-1-960x960.jpeg 960w\" loading=\"eager\" style=\"--ratio: 768 \/ 768\" sizes=\"(max-width: 768px) 100vw, 768px\" alt=\"\" title=\"Portada 1\" width=\"768\" height=\"768\"  \/><\/a>\n\t<\/div>\n<\/div>\n\n\n<div class=\"post-entry-content\">\n\n\t<h3 class=\"entry-title\">\n\t\t<a href=\"https:\/\/www.difrol.cl\/en\/exchange-of-experiences-on-border-integration-committees-between-chile-and-uruguay\/\" title=\"Exchange of experiences on border integration committees between Chile and Uruguay\" rel=\"bookmark\">Exchange of experiences on border integration committees between Chile and Uruguay<\/a>\n\t<\/h3>\n\n\t\n\t<div class=\"entry-excerpt\"><p>[vc_row][vc_column][vc_empty_space][vc_column_text css=&#8221;&#8221;] On November 28, the National Department of State Borders and Boundaries of the State of Chile (DIFROL) and the General Directorate for Border, Boundary, and Maritime Affairs of Uruguay (DGAFLM) met to discuss matters of border integration. The activity, &#8220;Exchange of Experiences in Border Integration Committees: Sharing Knowledge and Best Practices for Border&hellip;<\/p>\n<\/div>\n\t\n<a href=\"https:\/\/www.difrol.cl\/en\/exchange-of-experiences-on-border-integration-committees-between-chile-and-uruguay\/\" class=\"dt-btn-s dt-btn post-details details-type-btn\" aria-label=\"Read more about Exchange of experiences on border integration committees between Chile and Uruguay\">Read news<i class=\"dt-icon-the7-arrow-03\" aria-hidden=\"true\"><\/i><\/a>\n\n<\/div><\/article><article class=\"post project-odd hidden post-6260 type-post status-publish format-standard has-post-thumbnail hentry category-uncategorized category-30 description-off\" data-name=\"XXIV Meeting of the Pehuenche Integration Committee\" data-date=\"2025-10-06T16:57:38-03:00\">\n\n<div class=\"post-thumbnail-wrap\">\n\t<div class=\"post-thumbnail\">\n\n\t\t\n\t\t\n\t\t<a href=\"https:\/\/www.difrol.cl\/en\/xxiv-meeting-of-the-pehuenche-integration-committee\/\" class=\"post-thumbnail-rollover layzr-bg layzr-bg\" ><img decoding=\"async\" class=\"blog-thumb-lazy-load preload-me lazy-load aspect\" src=\"data:image\/svg+xml,%3Csvg%20xmlns%3D&#39;http%3A%2F%2Fwww.w3.org%2F2000%2Fsvg&#39;%20viewBox%3D&#39;0%200%20440%20440&#39;%2F%3E\" data-src=\"https:\/\/www.difrol.cl\/wp-content\/uploads\/2025\/10\/Acta-Final-Pehuenche-440x440.jpeg\" data-srcset=\"https:\/\/www.difrol.cl\/wp-content\/uploads\/2025\/10\/Acta-Final-Pehuenche-440x440.jpeg 440w\" loading=\"eager\" style=\"--ratio: 440 \/ 440\" sizes=\"(max-width: 440px) 100vw, 440px\" alt=\"\" title=\"Acta Final Pehuenche\" width=\"440\" height=\"440\"  \/><\/a>\n\t<\/div>\n<\/div>\n\n\n<div class=\"post-entry-content\">\n\n\t<h3 class=\"entry-title\">\n\t\t<a href=\"https:\/\/www.difrol.cl\/en\/xxiv-meeting-of-the-pehuenche-integration-committee\/\" title=\"XXIV Meeting of the Pehuenche Integration Committee\" rel=\"bookmark\">XXIV Meeting of the Pehuenche Integration Committee<\/a>\n\t<\/h3>\n\n\t\n\t<div class=\"entry-excerpt\"><p>[vc_row][vc_column][vc_empty_space][vc_column_text css=&#8221;&#8221;] The 24th Meeting of the Pehuenche Integration Committee was held in the Maule Region on September 25 and 26, 2025. The meeting was chaired by the Director of Borders of the Chilean Foreign Ministry, Mr. Pedro Pablo Silva, and the Director of Limits and Borders of the Argentine Foreign Ministry, Mr. Santiago Villalba.&hellip;<\/p>\n<\/div>\n\t\n<a href=\"https:\/\/www.difrol.cl\/en\/xxiv-meeting-of-the-pehuenche-integration-committee\/\" class=\"dt-btn-s dt-btn post-details details-type-btn\" aria-label=\"Read more about XXIV Meeting of the Pehuenche Integration Committee\">Read news<i class=\"dt-icon-the7-arrow-03\" aria-hidden=\"true\"><\/i><\/a>\n\n<\/div><\/article><article class=\"post project-odd hidden post-6238 type-post status-publish format-standard has-post-thumbnail hentry category-uncategorized category-30 description-off\" data-name=\"Regional Seminar on Transboundary Waters \u2013 DIFROL\" data-date=\"2025-09-29T18:56:36-03:00\">\n\n<div class=\"post-thumbnail-wrap\">\n\t<div class=\"post-thumbnail\">\n\n\t\t\n\t\t\n\t\t<a href=\"https:\/\/www.difrol.cl\/en\/regional-seminar-on-transboundary-waters-difrol\/\" class=\"post-thumbnail-rollover layzr-bg layzr-bg\" ><img decoding=\"async\" class=\"blog-thumb-lazy-load preload-me lazy-load aspect\" src=\"data:image\/svg+xml,%3Csvg%20xmlns%3D&#39;http%3A%2F%2Fwww.w3.org%2F2000%2Fsvg&#39;%20viewBox%3D&#39;0%200%20392%20392&#39;%2F%3E\" data-src=\"https:\/\/www.difrol.cl\/wp-content\/uploads\/2025\/09\/agus-1-392x392.png\" data-srcset=\"https:\/\/www.difrol.cl\/wp-content\/uploads\/2025\/09\/agus-1-392x392.png 392w\" loading=\"eager\" style=\"--ratio: 392 \/ 392\" sizes=\"(max-width: 392px) 100vw, 392px\" alt=\"\" title=\"agus\" width=\"392\" height=\"392\"  \/><\/a>\n\t<\/div>\n<\/div>\n\n\n<div class=\"post-entry-content\">\n\n\t<h3 class=\"entry-title\">\n\t\t<a href=\"https:\/\/www.difrol.cl\/en\/regional-seminar-on-transboundary-waters-difrol\/\" title=\"Regional Seminar on Transboundary Waters \u2013 DIFROL\" rel=\"bookmark\">Regional Seminar on Transboundary Waters \u2013 DIFROL<\/a>\n\t<\/h3>\n\n\t\n\t<div class=\"entry-excerpt\"><p>[vc_row][vc_column][vc_empty_space][vc_column_text css=&#8221;&#8221;] As part of the 2025 Latin America and the Caribbean Regional Water Week, organized by ECLAC, UNESCO, the Ibero-American Conference of Water Directors (CODIA), UNESCO\u2019s Intergovernmental Hydrological Programme in Santiago, and the Government of Chile through the National Directorate of Borders and Boundaries (DIFROL) of the Ministry of Foreign Affairs, the Regional Seminar&hellip;<\/p>\n<\/div>\n\t\n<a href=\"https:\/\/www.difrol.cl\/en\/regional-seminar-on-transboundary-waters-difrol\/\" class=\"dt-btn-s dt-btn post-details details-type-btn\" aria-label=\"Read more about Regional Seminar on Transboundary Waters \u2013 DIFROL\">Read news<i class=\"dt-icon-the7-arrow-03\" aria-hidden=\"true\"><\/i><\/a>\n\n<\/div><\/article><article class=\"post project-odd hidden post-6212 type-post status-publish format-standard has-post-thumbnail hentry category-uncategorized category-30 description-off\" data-name=\"Gender Dialogue DIRFRON\" data-date=\"2025-09-03T15:45:30-03:00\">\n\n<div class=\"post-thumbnail-wrap\">\n\t<div class=\"post-thumbnail\">\n\n\t\t\n\t\t\n\t\t<a href=\"https:\/\/www.difrol.cl\/en\/gender-dialogue-dirfron\/\" class=\"post-thumbnail-rollover layzr-bg layzr-bg\" ><img decoding=\"async\" class=\"blog-thumb-lazy-load preload-me lazy-load aspect\" src=\"data:image\/svg+xml,%3Csvg%20xmlns%3D&#39;http%3A%2F%2Fwww.w3.org%2F2000%2Fsvg&#39;%20viewBox%3D&#39;0%200%20768%20768&#39;%2F%3E\" data-src=\"https:\/\/www.difrol.cl\/wp-content\/uploads\/2025\/09\/Conversatorio-Genero-4-768x768.jpeg\" data-srcset=\"https:\/\/www.difrol.cl\/wp-content\/uploads\/2025\/09\/Conversatorio-Genero-4-768x768.jpeg 768w, https:\/\/www.difrol.cl\/wp-content\/uploads\/2025\/09\/Conversatorio-Genero-4-1066x1066.jpeg 1066w\" loading=\"eager\" style=\"--ratio: 768 \/ 768\" sizes=\"(max-width: 768px) 100vw, 768px\" alt=\"\" title=\"Conversatorio G\u00e9nero 4\" width=\"768\" height=\"768\"  \/><\/a>\n\t<\/div>\n<\/div>\n\n\n<div class=\"post-entry-content\">\n\n\t<h3 class=\"entry-title\">\n\t\t<a href=\"https:\/\/www.difrol.cl\/en\/gender-dialogue-dirfron\/\" title=\"Gender Dialogue DIRFRON\" rel=\"bookmark\">Gender Dialogue DIRFRON<\/a>\n\t<\/h3>\n\n\t\n\t<div class=\"entry-excerpt\"><p>[vc_row][vc_column][vc_empty_space][vc_column_text css=&#8221;&#8221;] Last Friday, August 29th, a discussion on gender equality was held, with high participation from DIFROL officials. It was organized by the Department of Borders, as part of its Director&#8217;s management commitments to foster a positive organizational environment and promote a gender perspective. For the occasion, three special guests, experts in the field,&hellip;<\/p>\n<\/div>\n\t\n<a href=\"https:\/\/www.difrol.cl\/en\/gender-dialogue-dirfron\/\" class=\"dt-btn-s dt-btn post-details details-type-btn\" aria-label=\"Read more about Gender Dialogue DIRFRON\">Read news<i class=\"dt-icon-the7-arrow-03\" aria-hidden=\"true\"><\/i><\/a>\n\n<\/div><\/article><article class=\"post project-odd hidden post-6193 type-post status-publish format-standard has-post-thumbnail hentry category-uncategorized category-30 description-off\" data-name=\"Launch of the Official Website of the National Advisory Committee on Uniform Geographical Measurements\" data-date=\"2025-08-26T15:09:54-03:00\">\n\n<div class=\"post-thumbnail-wrap\">\n\t<div class=\"post-thumbnail\">\n\n\t\t\n\t\t\n\t\t<a href=\"https:\/\/www.difrol.cl\/en\/launch-of-the-official-website-of-the-national-advisory-committee-on-uniform-geographical-measurements\/\" class=\"post-thumbnail-rollover layzr-bg layzr-bg\" ><img decoding=\"async\" class=\"blog-thumb-lazy-load preload-me lazy-load aspect\" src=\"data:image\/svg+xml,%3Csvg%20xmlns%3D&#39;http%3A%2F%2Fwww.w3.org%2F2000%2Fsvg&#39;%20viewBox%3D&#39;0%200%20768%20768&#39;%2F%3E\" data-src=\"https:\/\/www.difrol.cl\/wp-content\/uploads\/2025\/08\/01_CAMGU_IGM_21-08-2025-scaled-768x768.jpg\" data-srcset=\"https:\/\/www.difrol.cl\/wp-content\/uploads\/2025\/08\/01_CAMGU_IGM_21-08-2025-scaled-768x768.jpg 768w, https:\/\/www.difrol.cl\/wp-content\/uploads\/2025\/08\/01_CAMGU_IGM_21-08-2025-scaled-1306x1306.jpg 1306w\" loading=\"eager\" style=\"--ratio: 768 \/ 768\" sizes=\"(max-width: 768px) 100vw, 768px\" alt=\"\" title=\"01_CAMGU_IGM_21-08-2025\" width=\"768\" height=\"768\"  \/><\/a>\n\t<\/div>\n<\/div>\n\n\n<div class=\"post-entry-content\">\n\n\t<h3 class=\"entry-title\">\n\t\t<a href=\"https:\/\/www.difrol.cl\/en\/launch-of-the-official-website-of-the-national-advisory-committee-on-uniform-geographical-measurements\/\" title=\"Launch of the Official Website of the National Advisory Committee on Uniform Geographical Measurements\" rel=\"bookmark\">Launch of the Official Website of the National Advisory Committee on Uniform Geographical Measurements<\/a>\n\t<\/h3>\n\n\t\n\t<div class=\"entry-excerpt\"><p>[vc_row][vc_column][vc_empty_space][vc_column_text css=&#8221;&#8221;] The new platform will allow the public to access official information on distances, areas, elevations, and volumes within the continental, insular, maritime, Antarctic, and aerial domains of the national territory. This portal represents a joint effort by the National Directorate of Borders and Boundaries of the State (DIFROL), the Military Geographic Institute (IGM),&hellip;<\/p>\n<\/div>\n\t\n<a href=\"https:\/\/www.difrol.cl\/en\/launch-of-the-official-website-of-the-national-advisory-committee-on-uniform-geographical-measurements\/\" class=\"dt-btn-s dt-btn post-details details-type-btn\" aria-label=\"Read more about Launch of the Official Website of the National Advisory Committee on Uniform Geographical Measurements\">Read news<i class=\"dt-icon-the7-arrow-03\" aria-hidden=\"true\"><\/i><\/a>\n\n<\/div><\/article><article class=\"post project-odd hidden post-6168 type-post status-publish format-standard has-post-thumbnail hentry category-uncategorized category-30 description-off\" data-name=\"The Chile-Bolivia Joint Boundary Commission carried out field work on the international border\" data-date=\"2025-08-21T13:08:37-03:00\">\n\n<div class=\"post-thumbnail-wrap\">\n\t<div class=\"post-thumbnail\">\n\n\t\t\n\t\t\n\t\t<a href=\"https:\/\/www.difrol.cl\/en\/the-chile-bolivia-joint-boundary-commission-carried-out-field-work-on-the-international-border\/\" class=\"post-thumbnail-rollover layzr-bg layzr-bg\" ><img decoding=\"async\" class=\"blog-thumb-lazy-load preload-me lazy-load aspect\" src=\"data:image\/svg+xml,%3Csvg%20xmlns%3D&#39;http%3A%2F%2Fwww.w3.org%2F2000%2Fsvg&#39;%20viewBox%3D&#39;0%200%20768%20768&#39;%2F%3E\" data-src=\"https:\/\/www.difrol.cl\/wp-content\/uploads\/2025\/08\/1_Reunion-Inicio-scaled-768x768.jpg\" data-srcset=\"https:\/\/www.difrol.cl\/wp-content\/uploads\/2025\/08\/1_Reunion-Inicio-scaled-768x768.jpg 768w, https:\/\/www.difrol.cl\/wp-content\/uploads\/2025\/08\/1_Reunion-Inicio-scaled-1306x1306.jpg 1306w\" loading=\"eager\" style=\"--ratio: 768 \/ 768\" sizes=\"(max-width: 768px) 100vw, 768px\" alt=\"\" title=\"1_Reunion Inicio\" width=\"768\" height=\"768\"  \/><\/a>\n\t<\/div>\n<\/div>\n\n\n<div class=\"post-entry-content\">\n\n\t<h3 class=\"entry-title\">\n\t\t<a href=\"https:\/\/www.difrol.cl\/en\/the-chile-bolivia-joint-boundary-commission-carried-out-field-work-on-the-international-border\/\" title=\"The Chile-Bolivia Joint Boundary Commission carried out field work on the international border\" rel=\"bookmark\">The Chile-Bolivia Joint Boundary Commission carried out field work on the international border<\/a>\n\t<\/h3>\n\n\t\n\t<div class=\"entry-excerpt\"><p>[vc_row][vc_column][vc_empty_space][vc_column_text css=&#8221;&#8221;] Colchane, Chile, between July 29 and August 10, 2025, the Chile-Bolivia Joint Boundary Commission carried out fieldwork related to the review and maintenance of 18 milestones on the common international boundary, in the border sector of the Colchane commune in the Tarapac\u00e1 Region, to comply with the agreements reached at the Third Extraordinary&hellip;<\/p>\n<\/div>\n\t\n<a href=\"https:\/\/www.difrol.cl\/en\/the-chile-bolivia-joint-boundary-commission-carried-out-field-work-on-the-international-border\/\" class=\"dt-btn-s dt-btn post-details details-type-btn\" aria-label=\"Read more about The Chile-Bolivia Joint Boundary Commission carried out field work on the international border\">Read news<i class=\"dt-icon-the7-arrow-03\" aria-hidden=\"true\"><\/i><\/a>\n\n<\/div><\/article><article class=\"post project-odd hidden post-6146 type-post status-publish format-standard has-post-thumbnail hentry category-uncategorized category-30 description-off\" data-name=\"XXXIX Meeting of the Cristo Redentor Integration Committee and XX Optimization Meeting\" data-date=\"2025-08-21T12:49:43-03:00\">\n\n<div class=\"post-thumbnail-wrap\">\n\t<div class=\"post-thumbnail\">\n\n\t\t\n\t\t\n\t\t<a href=\"https:\/\/www.difrol.cl\/en\/xxxix-meeting-of-the-cristo-redentor-integration-committee-and-xx-optimization-meeting\/\" class=\"post-thumbnail-rollover layzr-bg layzr-bg\" ><img decoding=\"async\" class=\"blog-thumb-lazy-load preload-me lazy-load aspect\" src=\"data:image\/svg+xml,%3Csvg%20xmlns%3D&#39;http%3A%2F%2Fwww.w3.org%2F2000%2Fsvg&#39;%20viewBox%3D&#39;0%200%20768%20768&#39;%2F%3E\" data-src=\"https:\/\/www.difrol.cl\/wp-content\/uploads\/2025\/08\/PHOTO-2025-08-18-15-33-22-768x768.jpg\" data-srcset=\"https:\/\/www.difrol.cl\/wp-content\/uploads\/2025\/08\/PHOTO-2025-08-18-15-33-22-768x768.jpg 768w, https:\/\/www.difrol.cl\/wp-content\/uploads\/2025\/08\/PHOTO-2025-08-18-15-33-22-1200x1200.jpg 1200w\" loading=\"eager\" style=\"--ratio: 768 \/ 768\" sizes=\"(max-width: 768px) 100vw, 768px\" alt=\"\" title=\"PHOTO-2025-08-18-15-33-22\" width=\"768\" height=\"768\"  \/><\/a>\n\t<\/div>\n<\/div>\n\n\n<div class=\"post-entry-content\">\n\n\t<h3 class=\"entry-title\">\n\t\t<a href=\"https:\/\/www.difrol.cl\/en\/xxxix-meeting-of-the-cristo-redentor-integration-committee-and-xx-optimization-meeting\/\" title=\"XXXIX Meeting of the Cristo Redentor Integration Committee and XX Optimization Meeting\" rel=\"bookmark\">XXXIX Meeting of the Cristo Redentor Integration Committee and XX Optimization Meeting<\/a>\n\t<\/h3>\n\n\t\n\t<div class=\"entry-excerpt\"><p>[vc_row][vc_column][vc_empty_space][vc_column_text css=&#8221;&#8221;] On August 13 and 14, 2025, the 39th Meeting of the Cristo Redentor Integration Committee took place. This bilateral cooperation forum addresses issues of border interest to the Chilean region of Valpara\u00edso and the Argentine provinces of Mendoza and San Luis. This committee is meeting again after six years of inactivity, serving as&hellip;<\/p>\n<\/div>\n\t\n<a href=\"https:\/\/www.difrol.cl\/en\/xxxix-meeting-of-the-cristo-redentor-integration-committee-and-xx-optimization-meeting\/\" class=\"dt-btn-s dt-btn post-details details-type-btn\" aria-label=\"Read more about XXXIX Meeting of the Cristo Redentor Integration Committee and XX Optimization Meeting\">Read news<i class=\"dt-icon-the7-arrow-03\" aria-hidden=\"true\"><\/i><\/a>\n\n<\/div><\/article><article class=\"post project-odd hidden post-6110 type-post status-publish format-standard has-post-thumbnail hentry category-uncategorized category-30 description-off\" data-name=\"Workshop on the International Labour Organization\" data-date=\"2025-08-20T18:49:54-03:00\">\n\n<div class=\"post-thumbnail-wrap\">\n\t<div class=\"post-thumbnail\">\n\n\t\t\n\t\t\n\t\t<a href=\"https:\/\/www.difrol.cl\/en\/workshop-on-the-international-labour-organization\/\" class=\"post-thumbnail-rollover layzr-bg layzr-bg\" ><img decoding=\"async\" class=\"blog-thumb-lazy-load preload-me lazy-load aspect\" src=\"data:image\/svg+xml,%3Csvg%20xmlns%3D&#39;http%3A%2F%2Fwww.w3.org%2F2000%2Fsvg&#39;%20viewBox%3D&#39;0%200%20768%20768&#39;%2F%3E\" data-src=\"https:\/\/www.difrol.cl\/wp-content\/uploads\/2025\/08\/OIT-01-768x768.jpeg\" data-srcset=\"https:\/\/www.difrol.cl\/wp-content\/uploads\/2025\/08\/OIT-01-768x768.jpeg 768w, https:\/\/www.difrol.cl\/wp-content\/uploads\/2025\/08\/OIT-01-1066x1066.jpeg 1066w\" loading=\"eager\" style=\"--ratio: 768 \/ 768\" sizes=\"(max-width: 768px) 100vw, 768px\" alt=\"\" title=\"OIT 01\" width=\"768\" height=\"768\"  \/><\/a>\n\t<\/div>\n<\/div>\n\n\n<div class=\"post-entry-content\">\n\n\t<h3 class=\"entry-title\">\n\t\t<a href=\"https:\/\/www.difrol.cl\/en\/workshop-on-the-international-labour-organization\/\" title=\"Workshop on the International Labour Organization\" rel=\"bookmark\">Workshop on the International Labour Organization<\/a>\n\t<\/h3>\n\n\t\n\t<div class=\"entry-excerpt\"><p>[vc_row][vc_column][vc_empty_space][vc_column_text css=&#8221;&#8221;] A Workshop on Convention 190 of the International Labor Organization (ILO) was held on August 18. This activity was co-organized by the National Department of State Borders and Boundaries and the Vice-Ministry of Foreign Affairs and stems from the commitments of the Director of Borders, aimed at promoting an optimal organizational environment and&hellip;<\/p>\n<\/div>\n\t\n<a href=\"https:\/\/www.difrol.cl\/en\/workshop-on-the-international-labour-organization\/\" class=\"dt-btn-s dt-btn post-details details-type-btn\" aria-label=\"Read more about Workshop on the International Labour Organization\">Read news<i class=\"dt-icon-the7-arrow-03\" aria-hidden=\"true\"><\/i><\/a>\n\n<\/div><\/article><article class=\"post project-odd hidden post-6095 type-post status-publish format-standard has-post-thumbnail hentry category-uncategorized category-30 description-off\" data-name=\"20th Meeting of the Binational Commission for the Optimization of Cristo Redentor\" data-date=\"2025-08-20T18:18:16-03:00\">\n\n<div class=\"post-thumbnail-wrap\">\n\t<div class=\"post-thumbnail\">\n\n\t\t\n\t\t\n\t\t<a href=\"https:\/\/www.difrol.cl\/en\/20th-meeting-of-the-binational-commission-for-the-optimization-of-cristo-redentor\/\" class=\"post-thumbnail-rollover layzr-bg layzr-bg\" ><img decoding=\"async\" class=\"blog-thumb-lazy-load preload-me lazy-load aspect\" src=\"data:image\/svg+xml,%3Csvg%20xmlns%3D&#39;http%3A%2F%2Fwww.w3.org%2F2000%2Fsvg&#39;%20viewBox%3D&#39;0%200%20768%20768&#39;%2F%3E\" data-src=\"https:\/\/www.difrol.cl\/wp-content\/uploads\/2025\/08\/PHOTO-2025-08-18-15-29-26-768x768.jpg\" data-srcset=\"https:\/\/www.difrol.cl\/wp-content\/uploads\/2025\/08\/PHOTO-2025-08-18-15-29-26-768x768.jpg 768w, https:\/\/www.difrol.cl\/wp-content\/uploads\/2025\/08\/PHOTO-2025-08-18-15-29-26-1200x1200.jpg 1200w\" loading=\"eager\" style=\"--ratio: 768 \/ 768\" sizes=\"(max-width: 768px) 100vw, 768px\" alt=\"\" title=\"PHOTO-2025-08-18-15-29-26\" width=\"768\" height=\"768\"  \/><\/a>\n\t<\/div>\n<\/div>\n\n\n<div class=\"post-entry-content\">\n\n\t<h3 class=\"entry-title\">\n\t\t<a href=\"https:\/\/www.difrol.cl\/en\/20th-meeting-of-the-binational-commission-for-the-optimization-of-cristo-redentor\/\" title=\"20th Meeting of the Binational Commission for the Optimization of Cristo Redentor\" rel=\"bookmark\">20th Meeting of the Binational Commission for the Optimization of Cristo Redentor<\/a>\n\t<\/h3>\n\n\t\n\t<div class=\"entry-excerpt\"><p>[vc_row][vc_column][vc_empty_space][vc_column_text css=&#8221;&#8221;] The 20th Meeting of the Binational Commission for the Optimization of Cristo Redentor took place on August 12, 2025. An event that brings together the Valpara\u00edso region and Argentina\u2019s provinces of Mendoza and San Luis. The event was held in the historic building of the National Customs Service, where authorities from both Chile&hellip;<\/p>\n<\/div>\n\t\n<a href=\"https:\/\/www.difrol.cl\/en\/20th-meeting-of-the-binational-commission-for-the-optimization-of-cristo-redentor\/\" class=\"dt-btn-s dt-btn post-details details-type-btn\" aria-label=\"Read more about 20th Meeting of the Binational Commission for the Optimization of Cristo Redentor\">Read news<i class=\"dt-icon-the7-arrow-03\" aria-hidden=\"true\"><\/i><\/a>\n\n<\/div><\/article><article class=\"post project-odd hidden post-6067 type-post status-publish format-standard has-post-thumbnail hentry category-uncategorized category-30 description-off\" data-name=\"Chile and Peru held a new meeting of the Joint Boundary Demarcation Commission in Lima. The purpose of the meeting was to coordinate the installation of new boundary landmarks at the Chacalluta sector, which connects the cities of Arica and Tacna.\" data-date=\"2025-08-12T11:26:48-03:00\">\n\n<div class=\"post-thumbnail-wrap\">\n\t<div class=\"post-thumbnail\">\n\n\t\t\n\t\t\n\t\t<a href=\"https:\/\/www.difrol.cl\/en\/chile-and-peru-held-a-new-meeting-of-the-joint-boundary-demarcation-commission-in-lima-the-purpose-of-the-meeting-was-to-coordinate-the-installation-of-new-boundary-landmarks-at-the-chacalluta-sector\/\" class=\"post-thumbnail-rollover layzr-bg layzr-bg\" ><img decoding=\"async\" class=\"blog-thumb-lazy-load preload-me lazy-load aspect\" src=\"data:image\/svg+xml,%3Csvg%20xmlns%3D&#39;http%3A%2F%2Fwww.w3.org%2F2000%2Fsvg&#39;%20viewBox%3D&#39;0%200%20768%20768&#39;%2F%3E\" data-src=\"https:\/\/www.difrol.cl\/wp-content\/uploads\/2025\/08\/A-scaled-768x768.jpeg\" data-srcset=\"https:\/\/www.difrol.cl\/wp-content\/uploads\/2025\/08\/A-scaled-768x768.jpeg 768w, https:\/\/www.difrol.cl\/wp-content\/uploads\/2025\/08\/A-scaled-1306x1306.jpeg 1306w\" loading=\"eager\" style=\"--ratio: 768 \/ 768\" sizes=\"(max-width: 768px) 100vw, 768px\" alt=\"\" title=\"A\" width=\"768\" height=\"768\"  \/><\/a>\n\t<\/div>\n<\/div>\n\n\n<div class=\"post-entry-content\">\n\n\t<h3 class=\"entry-title\">\n\t\t<a href=\"https:\/\/www.difrol.cl\/en\/chile-and-peru-held-a-new-meeting-of-the-joint-boundary-demarcation-commission-in-lima-the-purpose-of-the-meeting-was-to-coordinate-the-installation-of-new-boundary-landmarks-at-the-chacalluta-sector\/\" title=\"Chile and Peru held a new meeting of the Joint Boundary Demarcation Commission in Lima. The purpose of the meeting was to coordinate the installation of new boundary landmarks at the Chacalluta sector, which connects the cities of Arica and Tacna.\" rel=\"bookmark\">Chile and Peru held a new meeting of the Joint Boundary Demarcation Commission in Lima. The purpose of the meeting was to coordinate the installation of new boundary landmarks at the Chacalluta sector, which connects the cities of Arica and Tacna.<\/a>\n\t<\/h3>\n\n\t\n\t<div class=\"entry-excerpt\"><p>[vc_row][vc_column][vc_empty_space][vc_column_text css=&#8221;&#8221;] A Joint Subcommittee of Delegates met in Lima, Peru, on August 7 and 8, 2025, to comply with the agreements reached in the Work Plan of the Second Extraordinary Meeting of the Chile-Peru Permanent Joint Boundary Commission. Representing the Chilean Delegation were the President of the Chilean Boundary Commission and Director of Boundaries&hellip;<\/p>\n<\/div>\n\t\n<a href=\"https:\/\/www.difrol.cl\/en\/chile-and-peru-held-a-new-meeting-of-the-joint-boundary-demarcation-commission-in-lima-the-purpose-of-the-meeting-was-to-coordinate-the-installation-of-new-boundary-landmarks-at-the-chacalluta-sector\/\" class=\"dt-btn-s dt-btn post-details details-type-btn\" aria-label=\"Read more about Chile and Peru held a new meeting of the Joint Boundary Demarcation Commission in Lima. The purpose of the meeting was to coordinate the installation of new boundary landmarks at the Chacalluta sector, which connects the cities of Arica and Tacna.\">Read news<i class=\"dt-icon-the7-arrow-03\" aria-hidden=\"true\"><\/i><\/a>\n\n<\/div><\/article><article class=\"post project-odd hidden post-6035 type-post status-publish format-standard has-post-thumbnail hentry category-uncategorized category-30 description-off\" data-name=\"XVII Meeting of the Border and Integration Committee Chile &#8211; Bolivia\" data-date=\"2025-07-24T16:41:46-03:00\">\n\n<div class=\"post-thumbnail-wrap\">\n\t<div class=\"post-thumbnail\">\n\n\t\t\n\t\t\n\t\t<a href=\"https:\/\/www.difrol.cl\/en\/xvii-meeting-of-the-border-and-integration-committee-chile-bolivia\/\" class=\"post-thumbnail-rollover layzr-bg layzr-bg\" ><img decoding=\"async\" class=\"blog-thumb-lazy-load preload-me lazy-load aspect\" src=\"data:image\/svg+xml,%3Csvg%20xmlns%3D&#39;http%3A%2F%2Fwww.w3.org%2F2000%2Fsvg&#39;%20viewBox%3D&#39;0%200%20768%20768&#39;%2F%3E\" data-src=\"https:\/\/www.difrol.cl\/wp-content\/uploads\/2025\/07\/XVII-Reunion-del-Comite-de-Frontera-e-Integracion-Chile-\u2013-Bolivia-1-768x768.jpg\" data-srcset=\"https:\/\/www.difrol.cl\/wp-content\/uploads\/2025\/07\/XVII-Reunion-del-Comite-de-Frontera-e-Integracion-Chile-\u2013-Bolivia-1-768x768.jpg 768w, https:\/\/www.difrol.cl\/wp-content\/uploads\/2025\/07\/XVII-Reunion-del-Comite-de-Frontera-e-Integracion-Chile-\u2013-Bolivia-1-1142x1142.jpg 1142w\" loading=\"eager\" style=\"--ratio: 768 \/ 768\" sizes=\"(max-width: 768px) 100vw, 768px\" alt=\"\" title=\"XVII Reuni\u00f3n del Comit\u00e9 de Frontera e Integraci\u00f3n Chile \u2013 Bolivia 1\" width=\"768\" height=\"768\"  \/><\/a>\n\t<\/div>\n<\/div>\n\n\n<div class=\"post-entry-content\">\n\n\t<h3 class=\"entry-title\">\n\t\t<a href=\"https:\/\/www.difrol.cl\/en\/xvii-meeting-of-the-border-and-integration-committee-chile-bolivia\/\" title=\"XVII Meeting of the Border and Integration Committee Chile &#8211; Bolivia\" rel=\"bookmark\">XVII Meeting of the Border and Integration Committee Chile &#8211; Bolivia<\/a>\n\t<\/h3>\n\n\t\n\t<div class=\"entry-excerpt\"><p>[vc_row][vc_column][vc_empty_space][vc_column_text css=&#8221;&#8221;] On 21 and 22 July 2025, the XVII Meeting of the Chile &#8211; Bolivia Border and Integration Committee was held in Arica, chaired by the National Director of Borders and Boundaries of the State of Chile, Mr. Carlos Dettleff Beros and the General Director of Integration and Borders of the Ministry of Foreign&hellip;<\/p>\n<\/div>\n\t\n<a href=\"https:\/\/www.difrol.cl\/en\/xvii-meeting-of-the-border-and-integration-committee-chile-bolivia\/\" class=\"dt-btn-s dt-btn post-details details-type-btn\" aria-label=\"Read more about XVII Meeting of the Border and Integration Committee Chile &#8211; Bolivia\">Read news<i class=\"dt-icon-the7-arrow-03\" aria-hidden=\"true\"><\/i><\/a>\n\n<\/div><\/article><article class=\"post project-odd hidden post-5991 type-post status-publish format-standard has-post-thumbnail hentry category-uncategorized category-30 description-off\" data-name=\"XXXIX meeting of the &#8220;Regi\u00f3n de Los Lagos&#8221; Integration Committee\" data-date=\"2025-07-02T16:00:17-03:00\">\n\n<div class=\"post-thumbnail-wrap\">\n\t<div class=\"post-thumbnail\">\n\n\t\t\n\t\t\n\t\t<a href=\"https:\/\/www.difrol.cl\/en\/xxxix-meeting-of-the-region-de-los-lagos-integration-committee\/\" class=\"post-thumbnail-rollover layzr-bg layzr-bg\" ><img decoding=\"async\" class=\"blog-thumb-lazy-load preload-me lazy-load aspect\" src=\"data:image\/svg+xml,%3Csvg%20xmlns%3D&#39;http%3A%2F%2Fwww.w3.org%2F2000%2Fsvg&#39;%20viewBox%3D&#39;0%200%20768%20768&#39;%2F%3E\" data-src=\"https:\/\/www.difrol.cl\/wp-content\/uploads\/2025\/07\/XXXIX-reunion-del-Comite-de-Integracion-Region-de-Los-Lagos-4-1-768x768.jpg\" data-srcset=\"https:\/\/www.difrol.cl\/wp-content\/uploads\/2025\/07\/XXXIX-reunion-del-Comite-de-Integracion-Region-de-Los-Lagos-4-1-768x768.jpg 768w, https:\/\/www.difrol.cl\/wp-content\/uploads\/2025\/07\/XXXIX-reunion-del-Comite-de-Integracion-Region-de-Los-Lagos-4-1-1152x1152.jpg 1152w\" loading=\"eager\" style=\"--ratio: 768 \/ 768\" sizes=\"(max-width: 768px) 100vw, 768px\" alt=\"\" title=\"XXXIX reuni\u00f3n del Comit\u00e9 de Integraci\u00f3n Regi\u00f3n de Los Lagos 4\" width=\"768\" height=\"768\"  \/><\/a>\n\t<\/div>\n<\/div>\n\n\n<div class=\"post-entry-content\">\n\n\t<h3 class=\"entry-title\">\n\t\t<a href=\"https:\/\/www.difrol.cl\/en\/xxxix-meeting-of-the-region-de-los-lagos-integration-committee\/\" title=\"XXXIX meeting of the &#8220;Regi\u00f3n de Los Lagos&#8221; Integration Committee\" rel=\"bookmark\">XXXIX meeting of the &#8220;Regi\u00f3n de Los Lagos&#8221; Integration Committee<\/a>\n\t<\/h3>\n\n\t\n\t<div class=\"entry-excerpt\"><p>[vc_row][vc_column][vc_empty_space][vc_column_text css=&#8221;&#8221;] In the city of Neuqu\u00e9n, Province of Neuqu\u00e9n, Argentine Republic, on June 25 and 26, 2025, was held the XXXIX meeting of the Regi\u00f3n de Los Lagos Integration Committee, chaired by the Director of Limits and Borders of the Ministry of Foreign Affairs of Argentina, Minister Santiago Villalba, and co-chaired by the Director&hellip;<\/p>\n<\/div>\n\t\n<a href=\"https:\/\/www.difrol.cl\/en\/xxxix-meeting-of-the-region-de-los-lagos-integration-committee\/\" class=\"dt-btn-s dt-btn post-details details-type-btn\" aria-label=\"Read more about XXXIX meeting of the &#8220;Regi\u00f3n de Los Lagos&#8221; Integration Committee\">Read news<i class=\"dt-icon-the7-arrow-03\" aria-hidden=\"true\"><\/i><\/a>\n\n<\/div><\/article><article class=\"post project-odd hidden post-5893 type-post status-publish format-standard has-post-thumbnail hentry category-uncategorized category-30 description-off\" data-name=\"XIII Meeting of the Chile-Peru Border Integration and Development Committee\" data-date=\"2025-05-06T19:17:32-03:00\">\n\n<div class=\"post-thumbnail-wrap\">\n\t<div class=\"post-thumbnail\">\n\n\t\t\n\t\t\n\t\t<a href=\"https:\/\/www.difrol.cl\/en\/xiii-meeting-of-the-chile-peru-border-integration-and-development-committee\/\" class=\"post-thumbnail-rollover layzr-bg layzr-bg\" ><img decoding=\"async\" class=\"blog-thumb-lazy-load preload-me lazy-load aspect\" src=\"data:image\/svg+xml,%3Csvg%20xmlns%3D&#39;http%3A%2F%2Fwww.w3.org%2F2000%2Fsvg&#39;%20viewBox%3D&#39;0%200%20768%20768&#39;%2F%3E\" data-src=\"https:\/\/www.difrol.cl\/wp-content\/uploads\/2025\/05\/CIDF-Chile-Peru-01-768x768.jpeg\" data-srcset=\"https:\/\/www.difrol.cl\/wp-content\/uploads\/2025\/05\/CIDF-Chile-Peru-01-768x768.jpeg 768w, https:\/\/www.difrol.cl\/wp-content\/uploads\/2025\/05\/CIDF-Chile-Peru-01-1264x1264.jpeg 1264w\" loading=\"eager\" style=\"--ratio: 768 \/ 768\" sizes=\"(max-width: 768px) 100vw, 768px\" alt=\"\" title=\"(CIDF) Chile-Per\u00fa 01\" width=\"768\" height=\"768\"  \/><\/a>\n\t<\/div>\n<\/div>\n\n\n<div class=\"post-entry-content\">\n\n\t<h3 class=\"entry-title\">\n\t\t<a href=\"https:\/\/www.difrol.cl\/en\/xiii-meeting-of-the-chile-peru-border-integration-and-development-committee\/\" title=\"XIII Meeting of the Chile-Peru Border Integration and Development Committee\" rel=\"bookmark\">XIII Meeting of the Chile-Peru Border Integration and Development Committee<\/a>\n\t<\/h3>\n\n\t\n\t<div class=\"entry-excerpt\"><p>[vc_row][vc_column][vc_empty_space][vc_column_text css=&#8221;&#8221;] The XIII Chile-Peru Border Integration and Development Committee was held on April 24 and 25, 2025. This annual event brings together the regions of Tarapac\u00e1, Arica and Parinacota, Tacna, and Moquegua to adopt commitments related to 17 areas of mutual interest. The latest edition of this committee was chaired by Border Director Pedro&hellip;<\/p>\n<\/div>\n\t\n<a href=\"https:\/\/www.difrol.cl\/en\/xiii-meeting-of-the-chile-peru-border-integration-and-development-committee\/\" class=\"dt-btn-s dt-btn post-details details-type-btn\" aria-label=\"Read more about XIII Meeting of the Chile-Peru Border Integration and Development Committee\">Read news<i class=\"dt-icon-the7-arrow-03\" aria-hidden=\"true\"><\/i><\/a>\n\n<\/div><\/article><article class=\"post project-odd hidden post-5743 type-post status-publish format-standard has-post-thumbnail hentry category-uncategorized category-30 description-off\" data-name=\"XXVIII Agua Negra Integration Committee\" data-date=\"2025-04-15T18:58:59-03:00\">\n\n<div class=\"post-thumbnail-wrap\">\n\t<div class=\"post-thumbnail\">\n\n\t\t\n\t\t\n\t\t<a href=\"https:\/\/www.difrol.cl\/en\/xxviii-agua-negra-integration-committee\/\" class=\"post-thumbnail-rollover layzr-bg layzr-bg\" ><img decoding=\"async\" class=\"blog-thumb-lazy-load preload-me lazy-load aspect\" src=\"data:image\/svg+xml,%3Csvg%20xmlns%3D&#39;http%3A%2F%2Fwww.w3.org%2F2000%2Fsvg&#39;%20viewBox%3D&#39;0%200%20533%20533&#39;%2F%3E\" data-src=\"https:\/\/www.difrol.cl\/wp-content\/uploads\/2025\/04\/XXVIII-Reunion-del-Comite-de-Integracion-Agua-Negra-7-533x533.jpg\" data-srcset=\"https:\/\/www.difrol.cl\/wp-content\/uploads\/2025\/04\/XXVIII-Reunion-del-Comite-de-Integracion-Agua-Negra-7-533x533.jpg 533w\" loading=\"eager\" style=\"--ratio: 533 \/ 533\" sizes=\"(max-width: 533px) 100vw, 533px\" alt=\"\" title=\"XXVIII Reuni\u00f3n del Comit\u00e9 de Integraci\u00f3n Agua Negra 7\" width=\"533\" height=\"533\"  \/><\/a>\n\t<\/div>\n<\/div>\n\n\n<div class=\"post-entry-content\">\n\n\t<h3 class=\"entry-title\">\n\t\t<a href=\"https:\/\/www.difrol.cl\/en\/xxviii-agua-negra-integration-committee\/\" title=\"XXVIII Agua Negra Integration Committee\" rel=\"bookmark\">XXVIII Agua Negra Integration Committee<\/a>\n\t<\/h3>\n\n\t\n\t<div class=\"entry-excerpt\"><p>[vc_row][vc_column][vc_empty_space][vc_column_text css=&#8221;&#8221;] The XXVIII Agua Negra Integration Committee took place in San Juan, Argentina, on 14 and 15 April 2025, which was co-chaired by the Director of Limits and Borders of the Argentine Ministry of Foreign Affairs, Minister Santiago VillaIba, the Director of Borders of the Chilean Ministry of Foreign Affairs, Mr. Pedro Pablo Silva&hellip;<\/p>\n<\/div>\n\t\n<a href=\"https:\/\/www.difrol.cl\/en\/xxviii-agua-negra-integration-committee\/\" class=\"dt-btn-s dt-btn post-details details-type-btn\" aria-label=\"Read more about XXVIII Agua Negra Integration Committee\">Read news<i class=\"dt-icon-the7-arrow-03\" aria-hidden=\"true\"><\/i><\/a>\n\n<\/div><\/article><article class=\"post project-odd hidden post-5684 type-post status-publish format-standard has-post-thumbnail hentry category-uncategorized category-30 description-off\" data-name=\"Update of the IDE DIFROL Applications\" data-date=\"2025-02-19T11:54:47-03:00\">\n\n<div class=\"post-thumbnail-wrap\">\n\t<div class=\"post-thumbnail\">\n\n\t\t\n\t\t\n\t\t<a href=\"https:\/\/www.difrol.cl\/en\/update-of-the-ide-difrol-applications\/\" class=\"post-thumbnail-rollover layzr-bg layzr-bg\" ><img decoding=\"async\" class=\"blog-thumb-lazy-load preload-me lazy-load aspect\" src=\"data:image\/svg+xml,%3Csvg%20xmlns%3D&#39;http%3A%2F%2Fwww.w3.org%2F2000%2Fsvg&#39;%20viewBox%3D&#39;0%200%20768%20768&#39;%2F%3E\" data-src=\"https:\/\/www.difrol.cl\/wp-content\/uploads\/2025\/02\/idess-768x768.png\" data-srcset=\"https:\/\/www.difrol.cl\/wp-content\/uploads\/2025\/02\/idess-768x768.png 768w\" loading=\"eager\" style=\"--ratio: 768 \/ 768\" sizes=\"(max-width: 768px) 100vw, 768px\" alt=\"\" title=\"idess\" width=\"768\" height=\"768\"  \/><\/a>\n\t<\/div>\n<\/div>\n\n\n<div class=\"post-entry-content\">\n\n\t<h3 class=\"entry-title\">\n\t\t<a href=\"https:\/\/www.difrol.cl\/en\/update-of-the-ide-difrol-applications\/\" title=\"Update of the IDE DIFROL Applications\" rel=\"bookmark\">Update of the IDE DIFROL Applications<\/a>\n\t<\/h3>\n\n\t\n\t<div class=\"entry-excerpt\"><p>[vc_row][vc_column][vc_empty_space][vc_column_text css=&#8221;&#8221;] The National Department of State Borders and Boundaries is pleased to announce the update of its three IDE DIFROL applications on the institutional website, now available in a new optimized version. This update features enhanced color palettes specifically designed to provide greater clarity and contrast, making data interpretation easier. It is also important&hellip;<\/p>\n<\/div>\n\t\n<a href=\"https:\/\/www.difrol.cl\/en\/update-of-the-ide-difrol-applications\/\" class=\"dt-btn-s dt-btn post-details details-type-btn\" aria-label=\"Read more about Update of the IDE DIFROL Applications\">Read news<i class=\"dt-icon-the7-arrow-03\" aria-hidden=\"true\"><\/i><\/a>\n\n<\/div><\/article><article class=\"post project-odd hidden post-5632 type-post status-publish format-standard has-post-thumbnail hentry category-uncategorized category-30 description-off\" data-name=\"DIFROL Official Joins Scientific Missions in the Chilean Antarctic Territory\" data-date=\"2025-01-21T10:35:22-03:00\">\n\n<div class=\"post-thumbnail-wrap\">\n\t<div class=\"post-thumbnail\">\n\n\t\t\n\t\t\n\t\t<a href=\"https:\/\/www.difrol.cl\/en\/difrol-official-joins-scientific-missions-in-the-chilean-antarctic-territory-2\/\" class=\"post-thumbnail-rollover layzr-bg layzr-bg\" ><img decoding=\"async\" class=\"blog-thumb-lazy-load preload-me lazy-load aspect\" src=\"data:image\/svg+xml,%3Csvg%20xmlns%3D&#39;http%3A%2F%2Fwww.w3.org%2F2000%2Fsvg&#39;%20viewBox%3D&#39;0%200%20768%20768&#39;%2F%3E\" data-src=\"https:\/\/www.difrol.cl\/wp-content\/uploads\/2025\/01\/Reunion-Mesa-RHC-Chile-Bolivia_Stgo-10dic2024-scaled-768x768.jpg\" data-srcset=\"https:\/\/www.difrol.cl\/wp-content\/uploads\/2025\/01\/Reunion-Mesa-RHC-Chile-Bolivia_Stgo-10dic2024-scaled-768x768.jpg 768w, https:\/\/www.difrol.cl\/wp-content\/uploads\/2025\/01\/Reunion-Mesa-RHC-Chile-Bolivia_Stgo-10dic2024-scaled-1306x1306.jpg 1306w\" loading=\"eager\" style=\"--ratio: 768 \/ 768\" sizes=\"(max-width: 768px) 100vw, 768px\" alt=\"\" title=\"Reunion Mesa RHC Chile-Bolivia_Stgo 10dic2024\" width=\"768\" height=\"768\"  \/><\/a>\n\t<\/div>\n<\/div>\n\n\n<div class=\"post-entry-content\">\n\n\t<h3 class=\"entry-title\">\n\t\t<a href=\"https:\/\/www.difrol.cl\/en\/difrol-official-joins-scientific-missions-in-the-chilean-antarctic-territory-2\/\" title=\"DIFROL Official Joins Scientific Missions in the Chilean Antarctic Territory\" rel=\"bookmark\">DIFROL Official Joins Scientific Missions in the Chilean Antarctic Territory<\/a>\n\t<\/h3>\n\n\t\n\t<div class=\"entry-excerpt\"><p>[vc_row][vc_column][vc_column_text css=&#8221;&#8221;] On December 17th and 18th, 2024, the first meeting of the Chile-Bolivia Binational Table on Transboundary Water Resources (TWR) was held at the DIFROL premises. The Chilean delegation was led by the Director of Borders, Pedro Pablo Silva S\u00e1nchez, and the Bolivian delegation by the Director General of International Transboundary Limits and Waters,&hellip;<\/p>\n<\/div>\n\t\n<a href=\"https:\/\/www.difrol.cl\/en\/difrol-official-joins-scientific-missions-in-the-chilean-antarctic-territory-2\/\" class=\"dt-btn-s dt-btn post-details details-type-btn\" aria-label=\"Read more about DIFROL Official Joins Scientific Missions in the Chilean Antarctic Territory\">Read news<i class=\"dt-icon-the7-arrow-03\" aria-hidden=\"true\"><\/i><\/a>\n\n<\/div><\/article><article class=\"post project-odd hidden post-5596 type-post status-publish format-standard has-post-thumbnail hentry category-uncategorized category-30 description-off\" data-name=\"DIFROL Official Joins Scientific Missions in the Chilean Antarctic Territory.\" data-date=\"2024-12-30T11:22:02-03:00\">\n\n<div class=\"post-thumbnail-wrap\">\n\t<div class=\"post-thumbnail\">\n\n\t\t\n\t\t\n\t\t<a href=\"https:\/\/www.difrol.cl\/en\/difrol-official-joins-scientific-missions-in-the-chilean-antarctic-territory\/\" class=\"post-thumbnail-rollover layzr-bg layzr-bg\" ><img decoding=\"async\" class=\"blog-thumb-lazy-load preload-me lazy-load aspect\" src=\"data:image\/svg+xml,%3Csvg%20xmlns%3D&#39;http%3A%2F%2Fwww.w3.org%2F2000%2Fsvg&#39;%20viewBox%3D&#39;0%200%20720%20720&#39;%2F%3E\" data-src=\"https:\/\/www.difrol.cl\/wp-content\/uploads\/2024\/12\/Campamento1-720x720.jpeg\" data-srcset=\"https:\/\/www.difrol.cl\/wp-content\/uploads\/2024\/12\/Campamento1-720x720.jpeg 720w\" loading=\"eager\" style=\"--ratio: 720 \/ 720\" sizes=\"(max-width: 720px) 100vw, 720px\" alt=\"\" title=\"Campamento1\" width=\"720\" height=\"720\"  \/><\/a>\n\t<\/div>\n<\/div>\n\n\n<div class=\"post-entry-content\">\n\n\t<h3 class=\"entry-title\">\n\t\t<a href=\"https:\/\/www.difrol.cl\/en\/difrol-official-joins-scientific-missions-in-the-chilean-antarctic-territory\/\" title=\"DIFROL Official Joins Scientific Missions in the Chilean Antarctic Territory.\" rel=\"bookmark\">DIFROL Official Joins Scientific Missions in the Chilean Antarctic Territory.<\/a>\n\t<\/h3>\n\n\t\n\t<div class=\"entry-excerpt\"><p>[vc_row][vc_column][vc_empty_space][vc_column_text css=&#8221;&#8221;] On December 23, 2024, Jos\u00e9 Marcelo Salas Vela, a geodetic engineer and official of the Chilean National Directorate of Borders and Boundaries (DIFROL), began his participation at the Union Glacier Joint Polar Scientific Station. This marks the first time DIFROL has contributed a specialized technician to the collaborative work led by the Chilean&hellip;<\/p>\n<\/div>\n\t\n<a href=\"https:\/\/www.difrol.cl\/en\/difrol-official-joins-scientific-missions-in-the-chilean-antarctic-territory\/\" class=\"dt-btn-s dt-btn post-details details-type-btn\" aria-label=\"Read more about DIFROL Official Joins Scientific Missions in the Chilean Antarctic Territory.\">Read news<i class=\"dt-icon-the7-arrow-03\" aria-hidden=\"true\"><\/i><\/a>\n\n<\/div><\/article><article class=\"post project-odd hidden post-5574 type-post status-publish format-standard has-post-thumbnail hentry category-uncategorized category-30 description-off\" data-name=\"MEETINGS OF THE CHILE &#8211; ARGENTINA JOINT BOUNDARY COMMISSION\" data-date=\"2024-12-30T11:12:26-03:00\">\n\n<div class=\"post-thumbnail-wrap\">\n\t<div class=\"post-thumbnail\">\n\n\t\t\n\t\t\n\t\t<a href=\"https:\/\/www.difrol.cl\/en\/meetings-of-the-chile-argentina-joint-boundary-commission\/\" class=\"post-thumbnail-rollover layzr-bg layzr-bg\" ><img decoding=\"async\" class=\"blog-thumb-lazy-load preload-me lazy-load aspect\" src=\"data:image\/svg+xml,%3Csvg%20xmlns%3D&#39;http%3A%2F%2Fwww.w3.org%2F2000%2Fsvg&#39;%20viewBox%3D&#39;0%200%20749%20749&#39;%2F%3E\" data-src=\"https:\/\/www.difrol.cl\/wp-content\/uploads\/2024\/12\/Comision_mixta1-749x749.jpeg\" data-srcset=\"https:\/\/www.difrol.cl\/wp-content\/uploads\/2024\/12\/Comision_mixta1-749x749.jpeg 749w\" loading=\"eager\" style=\"--ratio: 749 \/ 749\" sizes=\"(max-width: 749px) 100vw, 749px\" alt=\"\" title=\"Comision_mixta1\" width=\"749\" height=\"749\"  \/><\/a>\n\t<\/div>\n<\/div>\n\n\n<div class=\"post-entry-content\">\n\n\t<h3 class=\"entry-title\">\n\t\t<a href=\"https:\/\/www.difrol.cl\/en\/meetings-of-the-chile-argentina-joint-boundary-commission\/\" title=\"MEETINGS OF THE CHILE &#8211; ARGENTINA JOINT BOUNDARY COMMISSION\" rel=\"bookmark\">MEETINGS OF THE CHILE &#8211; ARGENTINA JOINT BOUNDARY COMMISSION<\/a>\n\t<\/h3>\n\n\t\n\t<div class=\"entry-excerpt\"><p>[vc_row][vc_column][vc_empty_space][vc_column_text] Last week, three meetings of the Chilean Argentine Joint Boundary Commission took place. This is a technical body for the demarcation of the common boundary, which was created in 1941 and has been operating since then. On this occasion, the meetings took place between December 9 and 12. The Chilean Delegation included the participation&hellip;<\/p>\n<\/div>\n\t\n<a href=\"https:\/\/www.difrol.cl\/en\/meetings-of-the-chile-argentina-joint-boundary-commission\/\" class=\"dt-btn-s dt-btn post-details details-type-btn\" aria-label=\"Read more about MEETINGS OF THE CHILE &#8211; ARGENTINA JOINT BOUNDARY COMMISSION\">Read news<i class=\"dt-icon-the7-arrow-03\" aria-hidden=\"true\"><\/i><\/a>\n\n<\/div><\/article><article class=\"post project-odd hidden post-5501 type-post status-publish format-standard has-post-thumbnail hentry category-sin-categorizar category-1 description-off\" data-name=\"XVI Meeting of the Border and Integration Committee Chile &#8211; Bolivia\" data-date=\"2024-11-25T16:19:35-03:00\">\n\n<div class=\"post-thumbnail-wrap\">\n\t<div class=\"post-thumbnail\">\n\n\t\t\n\t\t\n\t\t<a href=\"https:\/\/www.difrol.cl\/en\/xvi-meeting-of-the-border-and-integration-committee-chile-bolivia\/\" class=\"post-thumbnail-rollover layzr-bg layzr-bg\" ><img decoding=\"async\" class=\"blog-thumb-lazy-load preload-me lazy-load aspect\" src=\"data:image\/svg+xml,%3Csvg%20xmlns%3D&#39;http%3A%2F%2Fwww.w3.org%2F2000%2Fsvg&#39;%20viewBox%3D&#39;0%200%20636%20636&#39;%2F%3E\" data-src=\"https:\/\/www.difrol.cl\/wp-content\/uploads\/2024\/11\/image-636x636.png\" data-srcset=\"https:\/\/www.difrol.cl\/wp-content\/uploads\/2024\/11\/image-636x636.png 636w\" loading=\"eager\" style=\"--ratio: 636 \/ 636\" sizes=\"(max-width: 636px) 100vw, 636px\" alt=\"\" title=\"image\" width=\"636\" height=\"636\"  \/><\/a>\n\t<\/div>\n<\/div>\n\n\n<div class=\"post-entry-content\">\n\n\t<h3 class=\"entry-title\">\n\t\t<a href=\"https:\/\/www.difrol.cl\/en\/xvi-meeting-of-the-border-and-integration-committee-chile-bolivia\/\" title=\"XVI Meeting of the Border and Integration Committee Chile &#8211; Bolivia\" rel=\"bookmark\">XVI Meeting of the Border and Integration Committee Chile &#8211; Bolivia<\/a>\n\t<\/h3>\n\n\t\n\t<div class=\"entry-excerpt\"><p>[vc_row][vc_column][vc_empty_space][vc_column_text] On November 21 and 22, 2024, the XVI Meeting of the Bolivia-Chile Border and Integration Committee was held in the city of La Paz, chaired by the Vice Minister of Foreign Trade and Integration of the Plurinational State of Bolivia, Hu\u00e1scar Ajata Guerrero and the National Director of State Borders and Boundaries of Chile,&hellip;<\/p>\n<\/div>\n\t\n<a href=\"https:\/\/www.difrol.cl\/en\/xvi-meeting-of-the-border-and-integration-committee-chile-bolivia\/\" class=\"dt-btn-s dt-btn post-details details-type-btn\" aria-label=\"Read more about XVI Meeting of the Border and Integration Committee Chile &#8211; Bolivia\">Read news<i class=\"dt-icon-the7-arrow-03\" aria-hidden=\"true\"><\/i><\/a>\n\n<\/div><\/article><article class=\"post project-odd hidden post-5479 type-post status-publish format-standard has-post-thumbnail hentry category-sin-categorizar category-1 description-off\" data-name=\"Chile and Peru held the Second Extraordinary Meeting of the Permanent Joint Boundary Commission in compliance with the objectives of mutual interest.\" data-date=\"2024-11-20T10:04:00-03:00\">\n\n<div class=\"post-thumbnail-wrap\">\n\t<div class=\"post-thumbnail\">\n\n\t\t\n\t\t\n\t\t<a href=\"https:\/\/www.difrol.cl\/en\/chile-and-peru-held-the-second-extraordinary-meeting-of-the-permanent-joint-boundary-commission-in-compliance-with-the-objectives-of-mutual-interest\/\" class=\"post-thumbnail-rollover layzr-bg layzr-bg\" ><img decoding=\"async\" class=\"blog-thumb-lazy-load preload-me lazy-load aspect\" src=\"data:image\/svg+xml,%3Csvg%20xmlns%3D&#39;http%3A%2F%2Fwww.w3.org%2F2000%2Fsvg&#39;%20viewBox%3D&#39;0%200%20768%20768&#39;%2F%3E\" data-src=\"https:\/\/www.difrol.cl\/wp-content\/uploads\/2024\/11\/5-768x768.jpeg\" data-srcset=\"https:\/\/www.difrol.cl\/wp-content\/uploads\/2024\/11\/5-768x768.jpeg 768w, https:\/\/www.difrol.cl\/wp-content\/uploads\/2024\/11\/5-900x900.jpeg 900w\" loading=\"eager\" style=\"--ratio: 768 \/ 768\" sizes=\"(max-width: 768px) 100vw, 768px\" alt=\"\" title=\"5\" width=\"768\" height=\"768\"  \/><\/a>\n\t<\/div>\n<\/div>\n\n\n<div class=\"post-entry-content\">\n\n\t<h3 class=\"entry-title\">\n\t\t<a href=\"https:\/\/www.difrol.cl\/en\/chile-and-peru-held-the-second-extraordinary-meeting-of-the-permanent-joint-boundary-commission-in-compliance-with-the-objectives-of-mutual-interest\/\" title=\"Chile and Peru held the Second Extraordinary Meeting of the Permanent Joint Boundary Commission in compliance with the objectives of mutual interest.\" rel=\"bookmark\">Chile and Peru held the Second Extraordinary Meeting of the Permanent Joint Boundary Commission in compliance with the objectives of mutual interest.<\/a>\n\t<\/h3>\n\n\t\n\t<div class=\"entry-excerpt\"><p>[vc_row][vc_column][vc_empty_space][vc_column_text] On November 18, 2024, the Second Extraordinary Meeting of the Permanent Mixed Boundary Commission between Chile and Peru was held, reaffirming the commitment of both countries to advance the demarcation of their international boundary. The beginning of the day was attended by the Ambassador of Peru in Chile, Mrs. Silvia Alfaro Espinosa, who stressed&hellip;<\/p>\n<\/div>\n\t\n<a href=\"https:\/\/www.difrol.cl\/en\/chile-and-peru-held-the-second-extraordinary-meeting-of-the-permanent-joint-boundary-commission-in-compliance-with-the-objectives-of-mutual-interest\/\" class=\"dt-btn-s dt-btn post-details details-type-btn\" aria-label=\"Read more about Chile and Peru held the Second Extraordinary Meeting of the Permanent Joint Boundary Commission in compliance with the objectives of mutual interest.\">Read news<i class=\"dt-icon-the7-arrow-03\" aria-hidden=\"true\"><\/i><\/a>\n\n<\/div><\/article><article class=\"post project-odd hidden post-5461 type-post status-publish format-standard has-post-thumbnail hentry category-uncategorized category-30 description-off\" data-name=\"The National Directorate of Frontiers and boundaries (DIFROL) donates educational material to the &#8220;Border School Eduardo Becerra Bascu\u00f1\u00e1n \u2013 Putaendo&#8221;.\" data-date=\"2024-11-07T11:42:55-03:00\">\n\n<div class=\"post-thumbnail-wrap\">\n\t<div class=\"post-thumbnail\">\n\n\t\t\n\t\t\n\t\t<a href=\"https:\/\/www.difrol.cl\/en\/the-national-directorate-of-frontiers-and-boundaries-difrol-donates-educational-material-to-the-border-school-eduardo-becerra-bascunan-putaendo\/\" class=\"post-thumbnail-rollover layzr-bg layzr-bg\" ><img decoding=\"async\" class=\"blog-thumb-lazy-load preload-me lazy-load aspect\" src=\"data:image\/svg+xml,%3Csvg%20xmlns%3D&#39;http%3A%2F%2Fwww.w3.org%2F2000%2Fsvg&#39;%20viewBox%3D&#39;0%200%20433%20433&#39;%2F%3E\" data-src=\"https:\/\/www.difrol.cl\/wp-content\/uploads\/2024\/11\/01-433x433.jpeg\" data-srcset=\"https:\/\/www.difrol.cl\/wp-content\/uploads\/2024\/11\/01-433x433.jpeg 433w\" loading=\"eager\" style=\"--ratio: 433 \/ 433\" sizes=\"(max-width: 433px) 100vw, 433px\" alt=\"\" title=\"01\" width=\"433\" height=\"433\"  \/><\/a>\n\t<\/div>\n<\/div>\n\n\n<div class=\"post-entry-content\">\n\n\t<h3 class=\"entry-title\">\n\t\t<a href=\"https:\/\/www.difrol.cl\/en\/the-national-directorate-of-frontiers-and-boundaries-difrol-donates-educational-material-to-the-border-school-eduardo-becerra-bascunan-putaendo\/\" title=\"The National Directorate of Frontiers and boundaries (DIFROL) donates educational material to the &#8220;Border School Eduardo Becerra Bascu\u00f1\u00e1n \u2013 Putaendo&#8221;.\" rel=\"bookmark\">The National Directorate of Frontiers and boundaries (DIFROL) donates educational material to the &#8220;Border School Eduardo Becerra Bascu\u00f1\u00e1n \u2013 Putaendo&#8221;.<\/a>\n\t<\/h3>\n\n\t\n\t<div class=\"entry-excerpt\"><p>[vc_row][vc_column][vc_empty_space][vc_column_text] On October 29, 2024, our Service, represented by Ms. Carmen Gloria Garc\u00eda and Ms. Marta Mateluna, both from the Boundaries Directorate, donated school support material to the Eduardo Becerra School in the commune of Putaendo; The above confirms DIFROL&#8217;s commitment to the community, since it allows us to disseminate our work and also links&hellip;<\/p>\n<\/div>\n\t\n<a href=\"https:\/\/www.difrol.cl\/en\/the-national-directorate-of-frontiers-and-boundaries-difrol-donates-educational-material-to-the-border-school-eduardo-becerra-bascunan-putaendo\/\" class=\"dt-btn-s dt-btn post-details details-type-btn\" aria-label=\"Read more about The National Directorate of Frontiers and boundaries (DIFROL) donates educational material to the &#8220;Border School Eduardo Becerra Bascu\u00f1\u00e1n \u2013 Putaendo&#8221;.\">Read news<i class=\"dt-icon-the7-arrow-03\" aria-hidden=\"true\"><\/i><\/a>\n\n<\/div><\/article><article class=\"post project-odd hidden post-5422 type-post status-publish format-standard has-post-thumbnail hentry category-uncategorized category-30 description-off\" data-name=\"Mid-Term Meeting Chile-Per\u00fa 2024\" data-date=\"2024-08-22T12:10:18-03:00\">\n\n<div class=\"post-thumbnail-wrap\">\n\t<div class=\"post-thumbnail\">\n\n\t\t\n\t\t\n\t\t<a href=\"https:\/\/www.difrol.cl\/en\/mid-term-meeting-chile-peru-2024\/\" class=\"post-thumbnail-rollover layzr-bg layzr-bg\" ><img decoding=\"async\" class=\"blog-thumb-lazy-load preload-me lazy-load aspect\" src=\"data:image\/svg+xml,%3Csvg%20xmlns%3D&#39;http%3A%2F%2Fwww.w3.org%2F2000%2Fsvg&#39;%20viewBox%3D&#39;0%200%20768%20768&#39;%2F%3E\" data-src=\"https:\/\/www.difrol.cl\/wp-content\/uploads\/2024\/08\/RMT-2024-2-768x768.jpg\" data-srcset=\"https:\/\/www.difrol.cl\/wp-content\/uploads\/2024\/08\/RMT-2024-2-768x768.jpg 768w, https:\/\/www.difrol.cl\/wp-content\/uploads\/2024\/08\/RMT-2024-2-1306x1306.jpg 1306w\" loading=\"eager\" style=\"--ratio: 768 \/ 768\" sizes=\"(max-width: 768px) 100vw, 768px\" alt=\"\" title=\"RMT 2024 (2)\" width=\"768\" height=\"768\"  \/><\/a>\n\t<\/div>\n<\/div>\n\n\n<div class=\"post-entry-content\">\n\n\t<h3 class=\"entry-title\">\n\t\t<a href=\"https:\/\/www.difrol.cl\/en\/mid-term-meeting-chile-peru-2024\/\" title=\"Mid-Term Meeting Chile-Per\u00fa 2024\" rel=\"bookmark\">Mid-Term Meeting Chile-Per\u00fa 2024<\/a>\n\t<\/h3>\n\n\t\n\t<div class=\"entry-excerpt\"><p>[vc_row][vc_column][vc_column_text] In Arica, on August 20, 2024, in compliance with Article 8 of the Regulations of the Chile-Peru Border Integration and Development Committee (CIDF), the delegations of both countries met, chaired by the Director of Borders, Mr. Pedro Pablo Silva S\u00e1nchez, and by Minister Ra\u00fal Hidalgo Gallegos, Director of Border Development and Integration of the&hellip;<\/p>\n<\/div>\n\t\n<a href=\"https:\/\/www.difrol.cl\/en\/mid-term-meeting-chile-peru-2024\/\" class=\"dt-btn-s dt-btn post-details details-type-btn\" aria-label=\"Read more about Mid-Term Meeting Chile-Per\u00fa 2024\">Read news<i class=\"dt-icon-the7-arrow-03\" aria-hidden=\"true\"><\/i><\/a>\n\n<\/div><\/article><article class=\"post project-odd hidden post-5407 type-post status-publish format-standard has-post-thumbnail hentry category-uncategorized category-30 description-off\" data-name=\"DIFROL Officials Participate as Speakers in International Seminar on Management of Boundary Issues\" data-date=\"2024-07-30T16:53:53-03:00\">\n\n<div class=\"post-thumbnail-wrap\">\n\t<div class=\"post-thumbnail\">\n\n\t\t\n\t\t\n\t\t<a href=\"https:\/\/www.difrol.cl\/en\/difrol-officials-participate-as-speakers-in-international-seminar-on-management-of-boundary-issues\/\" class=\"post-thumbnail-rollover layzr-bg layzr-bg\" ><img decoding=\"async\" class=\"blog-thumb-lazy-load preload-me lazy-load aspect\" src=\"data:image\/svg+xml,%3Csvg%20xmlns%3D&#39;http%3A%2F%2Fwww.w3.org%2F2000%2Fsvg&#39;%20viewBox%3D&#39;0%200%20768%20768&#39;%2F%3E\" data-src=\"https:\/\/www.difrol.cl\/wp-content\/uploads\/2024\/07\/1-768x768.jpg\" data-srcset=\"https:\/\/www.difrol.cl\/wp-content\/uploads\/2024\/07\/1-768x768.jpg 768w, https:\/\/www.difrol.cl\/wp-content\/uploads\/2024\/07\/1-1306x1306.jpg 1306w\" loading=\"eager\" style=\"--ratio: 768 \/ 768\" sizes=\"(max-width: 768px) 100vw, 768px\" alt=\"\" title=\"1\" width=\"768\" height=\"768\"  \/><\/a>\n\t<\/div>\n<\/div>\n\n\n<div class=\"post-entry-content\">\n\n\t<h3 class=\"entry-title\">\n\t\t<a href=\"https:\/\/www.difrol.cl\/en\/difrol-officials-participate-as-speakers-in-international-seminar-on-management-of-boundary-issues\/\" title=\"DIFROL Officials Participate as Speakers in International Seminar on Management of Boundary Issues\" rel=\"bookmark\">DIFROL Officials Participate as Speakers in International Seminar on Management of Boundary Issues<\/a>\n\t<\/h3>\n\n\t\n\t<div class=\"entry-excerpt\"><p>[vc_row][vc_column][vc_column_text] The event, which took place from July 22 to 24, was attended by two experienced officials from DIFROL&#8217;s Boundary Directorate, who shared their knowledge and experience in the management of boundary issues. Mr. Juan Pablo Benavides Monsalve, Head of the Department of Boundary Studies, and Ms. Susan Silva Donoso, Cartographer and Commercial Engineer of&hellip;<\/p>\n<\/div>\n\t\n<a href=\"https:\/\/www.difrol.cl\/en\/difrol-officials-participate-as-speakers-in-international-seminar-on-management-of-boundary-issues\/\" class=\"dt-btn-s dt-btn post-details details-type-btn\" aria-label=\"Read more about DIFROL Officials Participate as Speakers in International Seminar on Management of Boundary Issues\">Read news<i class=\"dt-icon-the7-arrow-03\" aria-hidden=\"true\"><\/i><\/a>\n\n<\/div><\/article><article class=\"post project-odd hidden post-5384 type-post status-publish format-standard has-post-thumbnail hentry category-uncategorized category-30 description-off\" data-name=\"Bilateral Technical Meetings with the Argentine Republic\" data-date=\"2024-07-09T17:54:59-03:00\">\n\n<div class=\"post-thumbnail-wrap\">\n\t<div class=\"post-thumbnail\">\n\n\t\t\n\t\t\n\t\t<a href=\"https:\/\/www.difrol.cl\/en\/bilateral-technical-meetings-with-the-argentine-republic\/\" class=\"post-thumbnail-rollover layzr-bg layzr-bg\" ><img decoding=\"async\" class=\"blog-thumb-lazy-load preload-me lazy-load aspect\" src=\"data:image\/svg+xml,%3Csvg%20xmlns%3D&#39;http%3A%2F%2Fwww.w3.org%2F2000%2Fsvg&#39;%20viewBox%3D&#39;0%200%20675%20675&#39;%2F%3E\" data-src=\"https:\/\/www.difrol.cl\/wp-content\/uploads\/2024\/07\/RTB_Embajada-de-Chile-en-Argentina-675x675.jpg\" data-srcset=\"https:\/\/www.difrol.cl\/wp-content\/uploads\/2024\/07\/RTB_Embajada-de-Chile-en-Argentina-675x675.jpg 675w\" loading=\"eager\" style=\"--ratio: 675 \/ 675\" sizes=\"(max-width: 675px) 100vw, 675px\" alt=\"\" title=\"RTB_Embajada de Chile en Argentina\" width=\"675\" height=\"675\"  \/><\/a>\n\t<\/div>\n<\/div>\n\n\n<div class=\"post-entry-content\">\n\n\t<h3 class=\"entry-title\">\n\t\t<a href=\"https:\/\/www.difrol.cl\/en\/bilateral-technical-meetings-with-the-argentine-republic\/\" title=\"Bilateral Technical Meetings with the Argentine Republic\" rel=\"bookmark\">Bilateral Technical Meetings with the Argentine Republic<\/a>\n\t<\/h3>\n\n\t\n\t<div class=\"entry-excerpt\"><p>[vc_row][vc_column][vc_empty_space][vc_column_text] The LI Meeting of the Chilean-Argentine Mixed Technical Group (GTM), the XIX Meeting of the Binational Commission for the Optimization of the Sistema Cristo Redentor Pass, and the XII Meeting of the Chile-Argentina Integrated Controls Technical Committee were held in Buenos Aires on July 2 and 3, 2024, in the presence of the Ambassador&hellip;<\/p>\n<\/div>\n\t\n<a href=\"https:\/\/www.difrol.cl\/en\/bilateral-technical-meetings-with-the-argentine-republic\/\" class=\"dt-btn-s dt-btn post-details details-type-btn\" aria-label=\"Read more about Bilateral Technical Meetings with the Argentine Republic\">Read news<i class=\"dt-icon-the7-arrow-03\" aria-hidden=\"true\"><\/i><\/a>\n\n<\/div><\/article><article class=\"post project-odd hidden post-5321 type-post status-publish format-standard has-post-thumbnail hentry category-uncategorized category-30 description-off\" data-name=\"XXIX Meeting of the \u201cIntegraci\u00f3n Austral\u201d Committee\" data-date=\"2024-05-30T19:37:44-03:00\">\n\n<div class=\"post-thumbnail-wrap\">\n\t<div class=\"post-thumbnail\">\n\n\t\t\n\t\t\n\t\t<a href=\"https:\/\/www.difrol.cl\/en\/xxix-meeting-of-the-integracion-austral-committee\/\" class=\"post-thumbnail-rollover layzr-bg layzr-bg\" ><img decoding=\"async\" class=\"blog-thumb-lazy-load preload-me lazy-load aspect\" src=\"data:image\/svg+xml,%3Csvg%20xmlns%3D&#39;http%3A%2F%2Fwww.w3.org%2F2000%2Fsvg&#39;%20viewBox%3D&#39;0%200%20768%20768&#39;%2F%3E\" data-src=\"https:\/\/www.difrol.cl\/wp-content\/uploads\/2024\/05\/noticia1-768x768.jpg\" data-srcset=\"https:\/\/www.difrol.cl\/wp-content\/uploads\/2024\/05\/noticia1-768x768.jpg 768w, https:\/\/www.difrol.cl\/wp-content\/uploads\/2024\/05\/noticia1-993x993.jpg 993w\" loading=\"eager\" style=\"--ratio: 768 \/ 768\" sizes=\"(max-width: 768px) 100vw, 768px\" alt=\"\" title=\"noticia1\" width=\"768\" height=\"768\"  \/><\/a>\n\t<\/div>\n<\/div>\n\n\n<div class=\"post-entry-content\">\n\n\t<h3 class=\"entry-title\">\n\t\t<a href=\"https:\/\/www.difrol.cl\/en\/xxix-meeting-of-the-integracion-austral-committee\/\" title=\"XXIX Meeting of the \u201cIntegraci\u00f3n Austral\u201d Committee\" rel=\"bookmark\">XXIX Meeting of the \u201cIntegraci\u00f3n Austral\u201d Committee<\/a>\n\t<\/h3>\n\n\t\n\t<div class=\"entry-excerpt\"><p>[vc_row][vc_column][vc_empty_space][vc_column_text] The XXIX Meeting of the \u201cIntegraci\u00f3n Austral\u201d Committee took place in the city of Punta Arenas, on May 28 and 29, 2024, and was chaired by the National Director of State Borders and Boundaries, Mr. Carlos Dettleff Beros, and co-chaired by Minister Santiago Villalba D\u00edaz, Director of Limits and Borders (DILYF) of the Argentine&hellip;<\/p>\n<\/div>\n\t\n<a href=\"https:\/\/www.difrol.cl\/en\/xxix-meeting-of-the-integracion-austral-committee\/\" class=\"dt-btn-s dt-btn post-details details-type-btn\" aria-label=\"Read more about XXIX Meeting of the \u201cIntegraci\u00f3n Austral\u201d Committee\">Read news<i class=\"dt-icon-the7-arrow-03\" aria-hidden=\"true\"><\/i><\/a>\n\n<\/div><\/article><article class=\"post project-odd hidden post-5307 type-post status-publish format-standard has-post-thumbnail hentry category-uncategorized category-30 description-off\" data-name=\"Mars, the next frontier\" data-date=\"2024-05-30T18:17:12-03:00\">\n\n<div class=\"post-thumbnail-wrap\">\n\t<div class=\"post-thumbnail\">\n\n\t\t\n\t\t\n\t\t<a href=\"https:\/\/www.difrol.cl\/en\/mars-the-next-frontier\/\" class=\"post-thumbnail-rollover layzr-bg layzr-bg\" ><img decoding=\"async\" class=\"blog-thumb-lazy-load preload-me lazy-load aspect\" src=\"data:image\/svg+xml,%3Csvg%20xmlns%3D&#39;http%3A%2F%2Fwww.w3.org%2F2000%2Fsvg&#39;%20viewBox%3D&#39;0%200%20768%20768&#39;%2F%3E\" data-src=\"https:\/\/www.difrol.cl\/wp-content\/uploads\/2024\/05\/01-768x768.jpeg\" data-srcset=\"https:\/\/www.difrol.cl\/wp-content\/uploads\/2024\/05\/01-768x768.jpeg 768w, https:\/\/www.difrol.cl\/wp-content\/uploads\/2024\/05\/01-900x900.jpeg 900w\" loading=\"eager\" style=\"--ratio: 768 \/ 768\" sizes=\"(max-width: 768px) 100vw, 768px\" alt=\"\" title=\"01\" width=\"768\" height=\"768\"  \/><\/a>\n\t<\/div>\n<\/div>\n\n\n<div class=\"post-entry-content\">\n\n\t<h3 class=\"entry-title\">\n\t\t<a href=\"https:\/\/www.difrol.cl\/en\/mars-the-next-frontier\/\" title=\"Mars, the next frontier\" rel=\"bookmark\">Mars, the next frontier<\/a>\n\t<\/h3>\n\n\t\n\t<div class=\"entry-excerpt\"><p>[vc_row][vc_column][vc_empty_space][vc_column_text] On May 29, 2024, at the offices of the National Directorate of State Borders and Limits (DIFROL), Professor Jos\u00e9 Maza Sancho&#8217;s exhibition titled &#8220;Mars, the Next Frontier&#8221; was held. This talk, held in the Bertrand room, was part of the Cycle of Academic Talks organized by the Boundaries Directorate. A large attendance from DIFROL&hellip;<\/p>\n<\/div>\n\t\n<a href=\"https:\/\/www.difrol.cl\/en\/mars-the-next-frontier\/\" class=\"dt-btn-s dt-btn post-details details-type-btn\" aria-label=\"Read more about Mars, the next frontier\">Read news<i class=\"dt-icon-the7-arrow-03\" aria-hidden=\"true\"><\/i><\/a>\n\n<\/div><\/article><article class=\"post project-odd hidden post-5277 type-post status-publish format-standard has-post-thumbnail hentry category-uncategorized category-30 description-off\" data-name=\"Closing and Plenary Meetings of the Chile-Argentina Mixed Boundary Commission.\" data-date=\"2024-04-16T12:52:47-03:00\">\n\n<div class=\"post-thumbnail-wrap\">\n\t<div class=\"post-thumbnail\">\n\n\t\t\n\t\t\n\t\t<a href=\"https:\/\/www.difrol.cl\/en\/closing-and-plenary-meetings-of-the-chile-argentina-mixed-boundary-commission-2\/\" class=\"post-thumbnail-rollover layzr-bg layzr-bg\" ><img decoding=\"async\" class=\"blog-thumb-lazy-load preload-me lazy-load aspect\" src=\"data:image\/svg+xml,%3Csvg%20xmlns%3D&#39;http%3A%2F%2Fwww.w3.org%2F2000%2Fsvg&#39;%20viewBox%3D&#39;0%200%20768%20768&#39;%2F%3E\" data-src=\"https:\/\/www.difrol.cl\/wp-content\/uploads\/2024\/04\/1-768x768.jpeg\" data-srcset=\"https:\/\/www.difrol.cl\/wp-content\/uploads\/2024\/04\/1-768x768.jpeg 768w, https:\/\/www.difrol.cl\/wp-content\/uploads\/2024\/04\/1-1066x1066.jpeg 1066w\" loading=\"eager\" style=\"--ratio: 768 \/ 768\" sizes=\"(max-width: 768px) 100vw, 768px\" alt=\"\" title=\"1\" width=\"768\" height=\"768\"  \/><\/a>\n\t<\/div>\n<\/div>\n\n\n<div class=\"post-entry-content\">\n\n\t<h3 class=\"entry-title\">\n\t\t<a href=\"https:\/\/www.difrol.cl\/en\/closing-and-plenary-meetings-of-the-chile-argentina-mixed-boundary-commission-2\/\" title=\"Closing and Plenary Meetings of the Chile-Argentina Mixed Boundary Commission.\" rel=\"bookmark\">Closing and Plenary Meetings of the Chile-Argentina Mixed Boundary Commission.<\/a>\n\t<\/h3>\n\n\t\n\t<div class=\"entry-excerpt\"><p>[vc_row][vc_column][vc_empty_space][vc_column_text] Between April 8 and 11, 2024, in the city of Santiago, the Closing and Plenary meetings of the Chile-Argentina Mixed Boundary Commission were held. The Delegations had the participation, on behalf of Chile, of the President of the Chilean Boundary Commission, Mr. Samy Hawa Arellano, of the delegates Mr. Efra\u00edn Olivares Godoy, Mr. Rodrigo&hellip;<\/p>\n<\/div>\n\t\n<a href=\"https:\/\/www.difrol.cl\/en\/closing-and-plenary-meetings-of-the-chile-argentina-mixed-boundary-commission-2\/\" class=\"dt-btn-s dt-btn post-details details-type-btn\" aria-label=\"Read more about Closing and Plenary Meetings of the Chile-Argentina Mixed Boundary Commission.\">Read news<i class=\"dt-icon-the7-arrow-03\" aria-hidden=\"true\"><\/i><\/a>\n\n<\/div><\/article><article class=\"post project-odd hidden post-5245 type-post status-publish format-standard has-post-thumbnail hentry category-uncategorized category-30 description-off\" data-name=\"XXIII Meeting of the ATACALAR Integration Committee\" data-date=\"2024-04-15T17:34:42-03:00\">\n\n<div class=\"post-thumbnail-wrap\">\n\t<div class=\"post-thumbnail\">\n\n\t\t\n\t\t\n\t\t<a href=\"https:\/\/www.difrol.cl\/en\/xxiii-meeting-of-the-atacalar-integration-committee\/\" class=\"post-thumbnail-rollover layzr-bg layzr-bg\" ><img decoding=\"async\" class=\"blog-thumb-lazy-load preload-me lazy-load aspect\" src=\"data:image\/svg+xml,%3Csvg%20xmlns%3D&#39;http%3A%2F%2Fwww.w3.org%2F2000%2Fsvg&#39;%20viewBox%3D&#39;0%200%20768%20768&#39;%2F%3E\" data-src=\"https:\/\/www.difrol.cl\/wp-content\/uploads\/2024\/04\/XXIII-Reunion-del-Comite-de-Integracion-ATACALAR-3-768x768.jpg\" data-srcset=\"https:\/\/www.difrol.cl\/wp-content\/uploads\/2024\/04\/XXIII-Reunion-del-Comite-de-Integracion-ATACALAR-3-768x768.jpg 768w, https:\/\/www.difrol.cl\/wp-content\/uploads\/2024\/04\/XXIII-Reunion-del-Comite-de-Integracion-ATACALAR-3-1200x1200.jpg 1200w\" loading=\"eager\" style=\"--ratio: 768 \/ 768\" sizes=\"(max-width: 768px) 100vw, 768px\" alt=\"\" title=\"XXIII Reunio\u0301n del Comite\u0301 de Integracio\u0301n ATACALAR 3\" width=\"768\" height=\"768\"  \/><\/a>\n\t<\/div>\n<\/div>\n\n\n<div class=\"post-entry-content\">\n\n\t<h3 class=\"entry-title\">\n\t\t<a href=\"https:\/\/www.difrol.cl\/en\/xxiii-meeting-of-the-atacalar-integration-committee\/\" title=\"XXIII Meeting of the ATACALAR Integration Committee\" rel=\"bookmark\">XXIII Meeting of the ATACALAR Integration Committee<\/a>\n\t<\/h3>\n\n\t\n\t<div class=\"entry-excerpt\"><p>[vc_row][vc_column][vc_empty_space][vc_column_text]The XXIII Meeting of the ATACALAR Integration Committee took place in the cities of Copiap\u00f3 and Caldera, on April 10 and 11, 2024, and was chaired by the Director of Borders, Mr. Pedro Pablo Silva S\u00e1nchez, and co-chaired by Minister Mrs. Reina Sotillo, Director of Limits and Borders &#8211; DILYF &#8211; of the Argentinean Ministry&hellip;<\/p>\n<\/div>\n\t\n<a href=\"https:\/\/www.difrol.cl\/en\/xxiii-meeting-of-the-atacalar-integration-committee\/\" class=\"dt-btn-s dt-btn post-details details-type-btn\" aria-label=\"Read more about XXIII Meeting of the ATACALAR Integration Committee\">Read news<i class=\"dt-icon-the7-arrow-03\" aria-hidden=\"true\"><\/i><\/a>\n\n<\/div><\/article><article class=\"post project-odd hidden post-5211 type-post status-publish format-standard has-post-thumbnail hentry category-uncategorized category-30 description-off\" data-name=\"II Meeting of the Binational Border Facilitation Follow-up Commission with Argentina\" data-date=\"2024-03-25T18:51:56-03:00\">\n\n<div class=\"post-thumbnail-wrap\">\n\t<div class=\"post-thumbnail\">\n\n\t\t\n\t\t\n\t\t<a href=\"https:\/\/www.difrol.cl\/en\/ii-meeting-of-the-binational-border-facilitation-follow-up-commission-with-argentina\/\" class=\"post-thumbnail-rollover layzr-bg layzr-bg\" ><img decoding=\"async\" class=\"blog-thumb-lazy-load preload-me lazy-load aspect\" src=\"data:image\/svg+xml,%3Csvg%20xmlns%3D&#39;http%3A%2F%2Fwww.w3.org%2F2000%2Fsvg&#39;%20viewBox%3D&#39;0%200%20768%20768&#39;%2F%3E\" data-src=\"https:\/\/www.difrol.cl\/wp-content\/uploads\/2024\/03\/Imagen2-768x768.jpg\" data-srcset=\"https:\/\/www.difrol.cl\/wp-content\/uploads\/2024\/03\/Imagen2-768x768.jpg 768w, https:\/\/www.difrol.cl\/wp-content\/uploads\/2024\/03\/Imagen2-911x911.jpg 911w\" loading=\"eager\" style=\"--ratio: 768 \/ 768\" sizes=\"(max-width: 768px) 100vw, 768px\" alt=\"\" title=\"Imagen2\" width=\"768\" height=\"768\"  \/><\/a>\n\t<\/div>\n<\/div>\n\n\n<div class=\"post-entry-content\">\n\n\t<h3 class=\"entry-title\">\n\t\t<a href=\"https:\/\/www.difrol.cl\/en\/ii-meeting-of-the-binational-border-facilitation-follow-up-commission-with-argentina\/\" title=\"II Meeting of the Binational Border Facilitation Follow-up Commission with Argentina\" rel=\"bookmark\">II Meeting of the Binational Border Facilitation Follow-up Commission with Argentina<\/a>\n\t<\/h3>\n\n\t\n\t<div class=\"entry-excerpt\"><p>[vc_row][vc_column][vc_empty_space][vc_column_text] On March 19, 2024, in the city of Buenos Aires, the II Meeting of the Binational Commission for the Follow-up of the Commitments assumed in the area of Border Facilitation and Passage Infrastructure between Chile and Argentina was held. The meeting was co-chaired by the Secretary General for Foreign Policy of Chile, Ambassador Rodrigo&hellip;<\/p>\n<\/div>\n\t\n<a href=\"https:\/\/www.difrol.cl\/en\/ii-meeting-of-the-binational-border-facilitation-follow-up-commission-with-argentina\/\" class=\"dt-btn-s dt-btn post-details details-type-btn\" aria-label=\"Read more about II Meeting of the Binational Border Facilitation Follow-up Commission with Argentina\">Read news<i class=\"dt-icon-the7-arrow-03\" aria-hidden=\"true\"><\/i><\/a>\n\n<\/div><\/article><article class=\"post project-odd hidden post-5195 type-post status-publish format-standard has-post-thumbnail hentry category-uncategorized category-30 description-off\" data-name=\"Chile and Argentina sign Protocol for the preparation of Electronic Nautical Charts of the Beagle Channel\" data-date=\"2024-03-25T09:50:52-03:00\">\n\n<div class=\"post-thumbnail-wrap\">\n\t<div class=\"post-thumbnail\">\n\n\t\t\n\t\t\n\t\t<a href=\"https:\/\/www.difrol.cl\/en\/chile-and-argentina-sign-protocol-for-the-preparation-of-electronic-nautical-charts-of-the-beagle-channel\/\" class=\"post-thumbnail-rollover layzr-bg layzr-bg\" ><img decoding=\"async\" class=\"blog-thumb-lazy-load preload-me lazy-load aspect\" src=\"data:image\/svg+xml,%3Csvg%20xmlns%3D&#39;http%3A%2F%2Fwww.w3.org%2F2000%2Fsvg&#39;%20viewBox%3D&#39;0%200%20533%20533&#39;%2F%3E\" data-src=\"https:\/\/www.difrol.cl\/wp-content\/uploads\/2024\/03\/foto_0000001520240321181744-533x533.jpg\" data-srcset=\"https:\/\/www.difrol.cl\/wp-content\/uploads\/2024\/03\/foto_0000001520240321181744-533x533.jpg 533w\" loading=\"eager\" style=\"--ratio: 533 \/ 533\" sizes=\"(max-width: 533px) 100vw, 533px\" alt=\"\" title=\"foto_0000001520240321181744\" width=\"533\" height=\"533\"  \/><\/a>\n\t<\/div>\n<\/div>\n\n\n<div class=\"post-entry-content\">\n\n\t<h3 class=\"entry-title\">\n\t\t<a href=\"https:\/\/www.difrol.cl\/en\/chile-and-argentina-sign-protocol-for-the-preparation-of-electronic-nautical-charts-of-the-beagle-channel\/\" title=\"Chile and Argentina sign Protocol for the preparation of Electronic Nautical Charts of the Beagle Channel\" rel=\"bookmark\">Chile and Argentina sign Protocol for the preparation of Electronic Nautical Charts of the Beagle Channel<\/a>\n\t<\/h3>\n\n\t\n\t<div class=\"entry-excerpt\"><p>[vc_row][vc_column][vc_empty_space][vc_column_text] On March 20 and 21, according to the coordination that began in 2023 in Argentina, bilateral technical meetings took place, with the participation of the Ambassador of Argentina in Chile, Jorge Faurie; the Director of the Argentine Naval Hydrography Service (SHN), Navy Commodore Hern\u00e1n Montero, the Director of Limits of the Directorate of State&hellip;<\/p>\n<\/div>\n\t\n<a href=\"https:\/\/www.difrol.cl\/en\/chile-and-argentina-sign-protocol-for-the-preparation-of-electronic-nautical-charts-of-the-beagle-channel\/\" class=\"dt-btn-s dt-btn post-details details-type-btn\" aria-label=\"Read more about Chile and Argentina sign Protocol for the preparation of Electronic Nautical Charts of the Beagle Channel\">Read news<i class=\"dt-icon-the7-arrow-03\" aria-hidden=\"true\"><\/i><\/a>\n\n<\/div><\/article><article class=\"post project-odd hidden post-5151 type-post status-publish format-standard has-post-thumbnail hentry category-uncategorized category-30 description-off\" data-name=\"Our colleague, Gaspar Gonz\u00e1lez, participates in scientific research on board the research vessel R\/V Falkor (too) of the Schmidt Ocean Institute (USA). The study will be carried out between February 24th and April 4th.\" data-date=\"2024-02-27T17:18:10-03:00\">\n\n<div class=\"post-thumbnail-wrap\">\n\t<div class=\"post-thumbnail\">\n\n\t\t\n\t\t\n\t\t<a href=\"https:\/\/www.difrol.cl\/en\/our-colleague-gaspar-gonzalez-participates-in-scientific-research-on-board-the-research-vessel-r-v-falkor-too-of-the-schmidt-ocean-institute-usa-the-study-will-be-carried-out-between-february-2\/\" class=\"post-thumbnail-rollover layzr-bg layzr-bg\" ><img decoding=\"async\" class=\"blog-thumb-lazy-load preload-me lazy-load aspect\" src=\"data:image\/svg+xml,%3Csvg%20xmlns%3D&#39;http%3A%2F%2Fwww.w3.org%2F2000%2Fsvg&#39;%20viewBox%3D&#39;0%200%20768%20768&#39;%2F%3E\" data-src=\"https:\/\/www.difrol.cl\/wp-content\/uploads\/2024\/02\/UPC_NOTICIA5-768x768.jpeg\" data-srcset=\"https:\/\/www.difrol.cl\/wp-content\/uploads\/2024\/02\/UPC_NOTICIA5-768x768.jpeg 768w, https:\/\/www.difrol.cl\/wp-content\/uploads\/2024\/02\/UPC_NOTICIA5-1066x1066.jpeg 1066w\" loading=\"eager\" style=\"--ratio: 768 \/ 768\" sizes=\"(max-width: 768px) 100vw, 768px\" alt=\"\" title=\"UPC_NOTICIA5\" width=\"768\" height=\"768\"  \/><\/a>\n\t<\/div>\n<\/div>\n\n\n<div class=\"post-entry-content\">\n\n\t<h3 class=\"entry-title\">\n\t\t<a href=\"https:\/\/www.difrol.cl\/en\/our-colleague-gaspar-gonzalez-participates-in-scientific-research-on-board-the-research-vessel-r-v-falkor-too-of-the-schmidt-ocean-institute-usa-the-study-will-be-carried-out-between-february-2\/\" title=\"Our colleague, Gaspar Gonz\u00e1lez, participates in scientific research on board the research vessel R\/V Falkor (too) of the Schmidt Ocean Institute (USA). The study will be carried out between February 24th and April 4th.\" rel=\"bookmark\">Our colleague, Gaspar Gonz\u00e1lez, participates in scientific research on board the research vessel R\/V Falkor (too) of the Schmidt Ocean Institute (USA). The study will be carried out between February 24th and April 4th.<\/a>\n\t<\/h3>\n\n\t\n\t<div class=\"entry-excerpt\"><p>[vc_row][vc_column][vc_column_text] The Salas y G\u00f3mez submarine ridge and its associated seamounts are well-known worldwide as a region with a high degree of endemism, meaning that many of the inhabiting species are not found anywhere else. However, its remote location in the middle of the Pacific Ocean prevents a comprehensive understanding of the ecosystems that are&hellip;<\/p>\n<\/div>\n\t\n<a href=\"https:\/\/www.difrol.cl\/en\/our-colleague-gaspar-gonzalez-participates-in-scientific-research-on-board-the-research-vessel-r-v-falkor-too-of-the-schmidt-ocean-institute-usa-the-study-will-be-carried-out-between-february-2\/\" class=\"dt-btn-s dt-btn post-details details-type-btn\" aria-label=\"Read more about Our colleague, Gaspar Gonz\u00e1lez, participates in scientific research on board the research vessel R\/V Falkor (too) of the Schmidt Ocean Institute (USA). The study will be carried out between February 24th and April 4th.\">Read news<i class=\"dt-icon-the7-arrow-03\" aria-hidden=\"true\"><\/i><\/a>\n\n<\/div><\/article><article class=\"post project-odd hidden post-5113 type-post status-publish format-standard has-post-thumbnail hentry category-uncategorized category-30 description-off\" data-name=\"DIFROL attended the 9th Meeting of the Parties to the Espoo Convention held in Geneva, Switzerland\" data-date=\"2024-01-17T17:13:48-03:00\">\n\n<div class=\"post-thumbnail-wrap\">\n\t<div class=\"post-thumbnail\">\n\n\t\t\n\t\t\n\t\t<a href=\"https:\/\/www.difrol.cl\/en\/difrol-attended-the-9th-meeting-of-the-parties-to-the-espoo-convention-held-in-geneva-switzerland\/\" class=\"post-thumbnail-rollover layzr-bg layzr-bg\" ><img decoding=\"async\" class=\"blog-thumb-lazy-load preload-me lazy-load aspect\" src=\"data:image\/svg+xml,%3Csvg%20xmlns%3D&#39;http%3A%2F%2Fwww.w3.org%2F2000%2Fsvg&#39;%20viewBox%3D&#39;0%200%20768%20768&#39;%2F%3E\" data-src=\"https:\/\/www.difrol.cl\/wp-content\/uploads\/2024\/01\/foto3-768x768.jpeg\" data-srcset=\"https:\/\/www.difrol.cl\/wp-content\/uploads\/2024\/01\/foto3-768x768.jpeg 768w\" loading=\"eager\" style=\"--ratio: 768 \/ 768\" sizes=\"(max-width: 768px) 100vw, 768px\" alt=\"\" title=\"foto3\" width=\"768\" height=\"768\"  \/><\/a>\n\t<\/div>\n<\/div>\n\n\n<div class=\"post-entry-content\">\n\n\t<h3 class=\"entry-title\">\n\t\t<a href=\"https:\/\/www.difrol.cl\/en\/difrol-attended-the-9th-meeting-of-the-parties-to-the-espoo-convention-held-in-geneva-switzerland\/\" title=\"DIFROL attended the 9th Meeting of the Parties to the Espoo Convention held in Geneva, Switzerland\" rel=\"bookmark\">DIFROL attended the 9th Meeting of the Parties to the Espoo Convention held in Geneva, Switzerland<\/a>\n\t<\/h3>\n\n\t\n\t<div class=\"entry-excerpt\"><p>[vc_row][vc_column][vc_column_text] The Convention on Environmental Impact Assessment in a Transboundary Context (also known as the Espoo Convention) is an agreement of the United Nations Economic Commission for Europe (UNECE), the aim of which is to ensure that, when appropriate, a transboundary environmental impact assessment is carried out, guaranteeing the participation of countries likely to be&hellip;<\/p>\n<\/div>\n\t\n<a href=\"https:\/\/www.difrol.cl\/en\/difrol-attended-the-9th-meeting-of-the-parties-to-the-espoo-convention-held-in-geneva-switzerland\/\" class=\"dt-btn-s dt-btn post-details details-type-btn\" aria-label=\"Read more about DIFROL attended the 9th Meeting of the Parties to the Espoo Convention held in Geneva, Switzerland\">Read news<i class=\"dt-icon-the7-arrow-03\" aria-hidden=\"true\"><\/i><\/a>\n\n<\/div><\/article><article class=\"post project-odd hidden post-4929 type-post status-publish format-standard has-post-thumbnail hentry category-uncategorized category-30 description-off\" data-name=\"XII Meeting of the Peru-Chile Border Integration and Development Committee\" data-date=\"2023-11-13T11:01:43-03:00\">\n\n<div class=\"post-thumbnail-wrap\">\n\t<div class=\"post-thumbnail\">\n\n\t\t\n\t\t\n\t\t<a href=\"https:\/\/www.difrol.cl\/en\/xii-meeting-of-the-peru-chile-border-integration-and-development-committee\/\" class=\"post-thumbnail-rollover layzr-bg layzr-bg\" ><img decoding=\"async\" class=\"blog-thumb-lazy-load preload-me lazy-load aspect\" src=\"data:image\/svg+xml,%3Csvg%20xmlns%3D&#39;http%3A%2F%2Fwww.w3.org%2F2000%2Fsvg&#39;%20viewBox%3D&#39;0%200%20768%20768&#39;%2F%3E\" data-src=\"https:\/\/www.difrol.cl\/wp-content\/uploads\/2023\/11\/XII_Comite_2-768x768.jpg\" data-srcset=\"https:\/\/www.difrol.cl\/wp-content\/uploads\/2023\/11\/XII_Comite_2-768x768.jpg 768w\" loading=\"eager\" style=\"--ratio: 768 \/ 768\" sizes=\"(max-width: 768px) 100vw, 768px\" alt=\"\" title=\"XII_Comite_2\" width=\"768\" height=\"768\"  \/><\/a>\n\t<\/div>\n<\/div>\n\n\n<div class=\"post-entry-content\">\n\n\t<h3 class=\"entry-title\">\n\t\t<a href=\"https:\/\/www.difrol.cl\/en\/xii-meeting-of-the-peru-chile-border-integration-and-development-committee\/\" title=\"XII Meeting of the Peru-Chile Border Integration and Development Committee\" rel=\"bookmark\">XII Meeting of the Peru-Chile Border Integration and Development Committee<\/a>\n\t<\/h3>\n\n\t\n\t<div class=\"entry-excerpt\"><p>[vc_row][vc_column][vc_empty_space][vc_column_text] In the city of Tacna, on November 8 and 9, 2023, the XII Meeting of the Peru-Chile Border Integration and Development Committee was held. The delegations of Peru and Chile were chaired by Minister Ra\u00fal Hidalgo, Director of Development and Border Integration of the Ministry of Foreign Affairs of Peru, and Ambassador Carlos Dettleff,&hellip;<\/p>\n<\/div>\n\t\n<a href=\"https:\/\/www.difrol.cl\/en\/xii-meeting-of-the-peru-chile-border-integration-and-development-committee\/\" class=\"dt-btn-s dt-btn post-details details-type-btn\" aria-label=\"Read more about XII Meeting of the Peru-Chile Border Integration and Development Committee\">Read news<i class=\"dt-icon-the7-arrow-03\" aria-hidden=\"true\"><\/i><\/a>\n\n<\/div><\/article><article class=\"post project-odd hidden post-4888 type-post status-publish format-standard has-post-thumbnail hentry category-uncategorized category-30 description-off\" data-name=\"Joint Work Between Chile and Argentina, In Preparation of the Electronic Nautical Cartography for the Beagle Channel.\" data-date=\"2023-10-10T12:16:44-03:00\">\n\n<div class=\"post-thumbnail-wrap\">\n\t<div class=\"post-thumbnail\">\n\n\t\t\n\t\t\n\t\t<a href=\"https:\/\/www.difrol.cl\/en\/joint-work-between-chile-and-argentina-in-preparation-of-the-electronic-nautical-cartography-for-the-beagle-channel\/\" class=\"post-thumbnail-rollover layzr-bg layzr-bg\" ><img decoding=\"async\" class=\"blog-thumb-lazy-load preload-me lazy-load aspect\" src=\"data:image\/svg+xml,%3Csvg%20xmlns%3D&#39;http%3A%2F%2Fwww.w3.org%2F2000%2Fsvg&#39;%20viewBox%3D&#39;0%200%20768%20768&#39;%2F%3E\" data-src=\"https:\/\/www.difrol.cl\/wp-content\/uploads\/2023\/10\/01.-Delegacion-Chilena-1-768x768.jpg\" data-srcset=\"https:\/\/www.difrol.cl\/wp-content\/uploads\/2023\/10\/01.-Delegacion-Chilena-1-768x768.jpg 768w, https:\/\/www.difrol.cl\/wp-content\/uploads\/2023\/10\/01.-Delegacion-Chilena-1-900x900.jpg 900w\" loading=\"eager\" style=\"--ratio: 768 \/ 768\" sizes=\"(max-width: 768px) 100vw, 768px\" alt=\"\" title=\"01.- Delegaci\u00f3n Chilena (1)\" width=\"768\" height=\"768\"  \/><\/a>\n\t<\/div>\n<\/div>\n\n\n<div class=\"post-entry-content\">\n\n\t<h3 class=\"entry-title\">\n\t\t<a href=\"https:\/\/www.difrol.cl\/en\/joint-work-between-chile-and-argentina-in-preparation-of-the-electronic-nautical-cartography-for-the-beagle-channel\/\" title=\"Joint Work Between Chile and Argentina, In Preparation of the Electronic Nautical Cartography for the Beagle Channel.\" rel=\"bookmark\">Joint Work Between Chile and Argentina, In Preparation of the Electronic Nautical Cartography for the Beagle Channel.<\/a>\n\t<\/h3>\n\n\t\n\t<div class=\"entry-excerpt\"><p>[vc_row][vc_column][vc_empty_space][vc_column_text] Nautical charts are maps or graphic representations designed to meet the needs of navigators plying the seas in any type of vessel\u2014from a small boat to a huge ocean liner\u2014and provide crucial information for safe and reliable maritime navigation. This information includes details on depths, the seabed, elevations, shoreline configurations, hazards and aids for&hellip;<\/p>\n<\/div>\n\t\n<a href=\"https:\/\/www.difrol.cl\/en\/joint-work-between-chile-and-argentina-in-preparation-of-the-electronic-nautical-cartography-for-the-beagle-channel\/\" class=\"dt-btn-s dt-btn post-details details-type-btn\" aria-label=\"Read more about Joint Work Between Chile and Argentina, In Preparation of the Electronic Nautical Cartography for the Beagle Channel.\">Read news<i class=\"dt-icon-the7-arrow-03\" aria-hidden=\"true\"><\/i><\/a>\n\n<\/div><\/article><article class=\"post project-odd hidden post-4864 type-post status-publish format-standard has-post-thumbnail hentry category-uncategorized category-30 description-off\" data-name=\"The Continental Shelf Project launches a dissemination site on DIFROL\u2019s website\" data-date=\"2023-09-28T07:00:24-03:00\">\n\n<div class=\"post-thumbnail-wrap\">\n\t<div class=\"post-thumbnail\">\n\n\t\t\n\t\t\n\t\t<a href=\"https:\/\/www.difrol.cl\/en\/the-continental-shelf-project-launches-a-dissemination-site-on-difrols-website\/\" class=\"post-thumbnail-rollover layzr-bg layzr-bg\" ><img decoding=\"async\" class=\"blog-thumb-lazy-load preload-me lazy-load aspect\" src=\"data:image\/svg+xml,%3Csvg%20xmlns%3D&#39;http%3A%2F%2Fwww.w3.org%2F2000%2Fsvg&#39;%20viewBox%3D&#39;0%200%20768%20768&#39;%2F%3E\" data-src=\"https:\/\/www.difrol.cl\/wp-content\/uploads\/2023\/09\/1_IMG_1567-768x768.jpg\" data-srcset=\"https:\/\/www.difrol.cl\/wp-content\/uploads\/2023\/09\/1_IMG_1567-768x768.jpg 768w, https:\/\/www.difrol.cl\/wp-content\/uploads\/2023\/09\/1_IMG_1567-1306x1306.jpg 1306w\" loading=\"eager\" style=\"--ratio: 768 \/ 768\" sizes=\"(max-width: 768px) 100vw, 768px\" alt=\"\" title=\"1_IMG_1567\" width=\"768\" height=\"768\"  \/><\/a>\n\t<\/div>\n<\/div>\n\n\n<div class=\"post-entry-content\">\n\n\t<h3 class=\"entry-title\">\n\t\t<a href=\"https:\/\/www.difrol.cl\/en\/the-continental-shelf-project-launches-a-dissemination-site-on-difrols-website\/\" title=\"The Continental Shelf Project launches a dissemination site on DIFROL\u2019s website\" rel=\"bookmark\">The Continental Shelf Project launches a dissemination site on DIFROL\u2019s website<\/a>\n\t<\/h3>\n\n\t\n\t<div class=\"entry-excerpt\"><p>[vc_row][vc_column][vc_empty_space][vc_column_text] On the occasion of the World Maritime Day, the National Department of State Borders and Boundaries has published on its website an interactive platform that innovatively showcases the scope and major milestones achieved in the over fifteen years of constant work of the Continental Shelf Project. The purpose of this project is to establish&hellip;<\/p>\n<\/div>\n\t\n<a href=\"https:\/\/www.difrol.cl\/en\/the-continental-shelf-project-launches-a-dissemination-site-on-difrols-website\/\" class=\"dt-btn-s dt-btn post-details details-type-btn\" aria-label=\"Read more about The Continental Shelf Project launches a dissemination site on DIFROL\u2019s website\">Read news<i class=\"dt-icon-the7-arrow-03\" aria-hidden=\"true\"><\/i><\/a>\n\n<\/div><\/article><article class=\"post project-odd hidden post-4833 type-post status-publish format-standard has-post-thumbnail hentry category-uncategorized category-30 description-off\" data-name=\"XV Meeting of the Chile-Bolivia border and integration committee\" data-date=\"2023-09-20T12:21:56-03:00\">\n\n<div class=\"post-thumbnail-wrap\">\n\t<div class=\"post-thumbnail\">\n\n\t\t\n\t\t\n\t\t<a href=\"https:\/\/www.difrol.cl\/en\/xv-meeting-of-the-chile-bolivia-border-and-integration-committee\/\" class=\"post-thumbnail-rollover layzr-bg layzr-bg\" ><img decoding=\"async\" class=\"blog-thumb-lazy-load preload-me lazy-load aspect\" src=\"data:image\/svg+xml,%3Csvg%20xmlns%3D&#39;http%3A%2F%2Fwww.w3.org%2F2000%2Fsvg&#39;%20viewBox%3D&#39;0%200%20768%20768&#39;%2F%3E\" data-src=\"https:\/\/www.difrol.cl\/wp-content\/uploads\/2023\/09\/imagen-1-768x768.jpeg\" data-srcset=\"https:\/\/www.difrol.cl\/wp-content\/uploads\/2023\/09\/imagen-1-768x768.jpeg 768w\" loading=\"eager\" style=\"--ratio: 768 \/ 768\" sizes=\"(max-width: 768px) 100vw, 768px\" alt=\"\" title=\"imagen 1\" width=\"768\" height=\"768\"  \/><\/a>\n\t<\/div>\n<\/div>\n\n\n<div class=\"post-entry-content\">\n\n\t<h3 class=\"entry-title\">\n\t\t<a href=\"https:\/\/www.difrol.cl\/en\/xv-meeting-of-the-chile-bolivia-border-and-integration-committee\/\" title=\"XV Meeting of the Chile-Bolivia border and integration committee\" rel=\"bookmark\">XV Meeting of the Chile-Bolivia border and integration committee<\/a>\n\t<\/h3>\n\n\t\n\t<div class=\"entry-excerpt\"><p>[vc_row][vc_column][vc_empty_space][vc_column_text] On September 13 and 14, 2023, the XV Meeting of the Chile \u2013 Bolivia Border and Integration Committee was held in the city of Arica, chaired by the Undersecretary of Foreign Affairs of Chile, Mrs. Gloria de la Fuente, and the Vice Minister of Foreign Trade and Integration of the Plurinational State of Bolivia,&hellip;<\/p>\n<\/div>\n\t\n<a href=\"https:\/\/www.difrol.cl\/en\/xv-meeting-of-the-chile-bolivia-border-and-integration-committee\/\" class=\"dt-btn-s dt-btn post-details details-type-btn\" aria-label=\"Read more about XV Meeting of the Chile-Bolivia border and integration committee\">Read news<i class=\"dt-icon-the7-arrow-03\" aria-hidden=\"true\"><\/i><\/a>\n\n<\/div><\/article><article class=\"post project-odd hidden post-4813 type-post status-publish format-standard has-post-thumbnail hentry category-uncategorized category-30 description-off\" data-name=\"The National Department of State Borders and Boundaries of Chile (DIFROL) has donated some educational supplies, to the \u201cConcentraci\u00f3n Fronteriza N\u00b0629 \u2013 San Gabriel\u201d primary school.\" data-date=\"2023-09-12T16:02:57-03:00\">\n\n<div class=\"post-thumbnail-wrap\">\n\t<div class=\"post-thumbnail\">\n\n\t\t\n\t\t\n\t\t<a href=\"https:\/\/www.difrol.cl\/en\/the-national-department-of-state-borders-and-boundaries-of-chile-difrol-has-donated-some-educational-supplies-to-the-concentracion-fronteriza-n629-san-gabriel-prim\/\" class=\"post-thumbnail-rollover layzr-bg layzr-bg\" ><img decoding=\"async\" class=\"blog-thumb-lazy-load preload-me lazy-load aspect\" src=\"data:image\/svg+xml,%3Csvg%20xmlns%3D&#39;http%3A%2F%2Fwww.w3.org%2F2000%2Fsvg&#39;%20viewBox%3D&#39;0%200%20768%20768&#39;%2F%3E\" data-src=\"https:\/\/www.difrol.cl\/wp-content\/uploads\/2023\/09\/1_Foto-oficial-768x768.jpeg\" data-srcset=\"https:\/\/www.difrol.cl\/wp-content\/uploads\/2023\/09\/1_Foto-oficial-768x768.jpeg 768w, https:\/\/www.difrol.cl\/wp-content\/uploads\/2023\/09\/1_Foto-oficial-809x809.jpeg 809w\" loading=\"eager\" style=\"--ratio: 768 \/ 768\" sizes=\"(max-width: 768px) 100vw, 768px\" alt=\"\" title=\"1_Foto oficial\" width=\"768\" height=\"768\"  \/><\/a>\n\t<\/div>\n<\/div>\n\n\n<div class=\"post-entry-content\">\n\n\t<h3 class=\"entry-title\">\n\t\t<a href=\"https:\/\/www.difrol.cl\/en\/the-national-department-of-state-borders-and-boundaries-of-chile-difrol-has-donated-some-educational-supplies-to-the-concentracion-fronteriza-n629-san-gabriel-prim\/\" title=\"The National Department of State Borders and Boundaries of Chile (DIFROL) has donated some educational supplies, to the \u201cConcentraci\u00f3n Fronteriza N\u00b0629 \u2013 San Gabriel\u201d primary school.\" rel=\"bookmark\">The National Department of State Borders and Boundaries of Chile (DIFROL) has donated some educational supplies, to the \u201cConcentraci\u00f3n Fronteriza N\u00b0629 \u2013 San Gabriel\u201d primary school.<\/a>\n\t<\/h3>\n\n\t\n\t<div class=\"entry-excerpt\"><p>[vc_row][vc_column][vc_empty_space][vc_column_text] During this visit, the Officials from DIFROL were received by the Mayor of the Municipality of San Jos\u00e9 de Maipo, Mr. Roberto P\u00e9rez Catal\u00e1n; the Secretary General of the Corporation of said Commune, Mr. Cristi\u00e1n L\u00f3pez; the Director of the primary school, Mrs. J\u00e9ssica Mallea; and the coordinators of the first and second cycle,&hellip;<\/p>\n<\/div>\n\t\n<a href=\"https:\/\/www.difrol.cl\/en\/the-national-department-of-state-borders-and-boundaries-of-chile-difrol-has-donated-some-educational-supplies-to-the-concentracion-fronteriza-n629-san-gabriel-prim\/\" class=\"dt-btn-s dt-btn post-details details-type-btn\" aria-label=\"Read more about The National Department of State Borders and Boundaries of Chile (DIFROL) has donated some educational supplies, to the \u201cConcentraci\u00f3n Fronteriza N\u00b0629 \u2013 San Gabriel\u201d primary school.\">Read news<i class=\"dt-icon-the7-arrow-03\" aria-hidden=\"true\"><\/i><\/a>\n\n<\/div><\/article><article class=\"post project-odd hidden post-4788 type-post status-publish format-standard has-post-thumbnail hentry category-uncategorized category-30 description-off\" data-name=\"DIFROL officials participated in the Workshop on &#8220;Mountain Risks: Snow Avalanches&#8221;\" data-date=\"2023-08-24T19:43:31-03:00\">\n\n<div class=\"post-thumbnail-wrap\">\n\t<div class=\"post-thumbnail\">\n\n\t\t\n\t\t\n\t\t<a href=\"https:\/\/www.difrol.cl\/en\/difrol-officials-participated-in-the-workshop-on-mountain-risks-snow-avalanches\/\" class=\"post-thumbnail-rollover layzr-bg layzr-bg\" ><img decoding=\"async\" class=\"blog-thumb-lazy-load preload-me lazy-load aspect\" src=\"data:image\/svg+xml,%3Csvg%20xmlns%3D&#39;http%3A%2F%2Fwww.w3.org%2F2000%2Fsvg&#39;%20viewBox%3D&#39;0%200%20768%20768&#39;%2F%3E\" data-src=\"https:\/\/www.difrol.cl\/wp-content\/uploads\/2023\/08\/1_FOTO-OFICIAL-768x768.jpeg\" data-srcset=\"https:\/\/www.difrol.cl\/wp-content\/uploads\/2023\/08\/1_FOTO-OFICIAL-768x768.jpeg 768w, https:\/\/www.difrol.cl\/wp-content\/uploads\/2023\/08\/1_FOTO-OFICIAL-1200x1200.jpeg 1200w\" loading=\"eager\" style=\"--ratio: 768 \/ 768\" sizes=\"(max-width: 768px) 100vw, 768px\" alt=\"\" title=\"1_FOTO OFICIAL\" width=\"768\" height=\"768\"  \/><\/a>\n\t<\/div>\n<\/div>\n\n\n<div class=\"post-entry-content\">\n\n\t<h3 class=\"entry-title\">\n\t\t<a href=\"https:\/\/www.difrol.cl\/en\/difrol-officials-participated-in-the-workshop-on-mountain-risks-snow-avalanches\/\" title=\"DIFROL officials participated in the Workshop on &#8220;Mountain Risks: Snow Avalanches&#8221;\" rel=\"bookmark\">DIFROL officials participated in the Workshop on &#8220;Mountain Risks: Snow Avalanches&#8221;<\/a>\n\t<\/h3>\n\n\t\n\t<div class=\"entry-excerpt\"><p>[vc_row][vc_column][vc_empty_space][vc_column_text] The workshop organized by the National Service for Prevention and Response to Disasters (SENAPRED), in conjunction with the Mountain School of the Chilean Army, provided basic tools related to the risks of accidents in Mountains, especially avalanches, and taught them the basic tools used in rescues. Likewise, this workshop was the beginning of the&hellip;<\/p>\n<\/div>\n\t\n<a href=\"https:\/\/www.difrol.cl\/en\/difrol-officials-participated-in-the-workshop-on-mountain-risks-snow-avalanches\/\" class=\"dt-btn-s dt-btn post-details details-type-btn\" aria-label=\"Read more about DIFROL officials participated in the Workshop on &#8220;Mountain Risks: Snow Avalanches&#8221;\">Read news<i class=\"dt-icon-the7-arrow-03\" aria-hidden=\"true\"><\/i><\/a>\n\n<\/div><\/article><article class=\"post project-odd hidden post-4758 type-post status-publish format-standard has-post-thumbnail hentry category-uncategorized category-30 description-off\" data-name=\"Mid-Term Meeting of the Foreign Ministries for the Follow-up of the Peru-Chile Border Integration and Development Committee.\" data-date=\"2023-08-21T16:47:26-03:00\">\n\n<div class=\"post-thumbnail-wrap\">\n\t<div class=\"post-thumbnail\">\n\n\t\t\n\t\t\n\t\t<a href=\"https:\/\/www.difrol.cl\/en\/mid-term-meeting-of-the-foreign-ministries-for-the-follow-up-of-the-peru-chile-border-integration-and-development-committee\/\" class=\"post-thumbnail-rollover layzr-bg layzr-bg\" ><img decoding=\"async\" class=\"blog-thumb-lazy-load preload-me lazy-load aspect\" src=\"data:image\/svg+xml,%3Csvg%20xmlns%3D&#39;http%3A%2F%2Fwww.w3.org%2F2000%2Fsvg&#39;%20viewBox%3D&#39;0%200%20768%20768&#39;%2F%3E\" data-src=\"https:\/\/www.difrol.cl\/wp-content\/uploads\/2023\/08\/Reunion-de-Medio-Termino-de-las-Cancillerias-para-el-Seguimiento-del-Comite-de-Integracion-y-Desarrollo-Fronterizo-Peru-Chile-768x768.jpeg\" data-srcset=\"https:\/\/www.difrol.cl\/wp-content\/uploads\/2023\/08\/Reunion-de-Medio-Termino-de-las-Cancillerias-para-el-Seguimiento-del-Comite-de-Integracion-y-Desarrollo-Fronterizo-Peru-Chile-768x768.jpeg 768w, https:\/\/www.difrol.cl\/wp-content\/uploads\/2023\/08\/Reunion-de-Medio-Termino-de-las-Cancillerias-para-el-Seguimiento-del-Comite-de-Integracion-y-Desarrollo-Fronterizo-Peru-Chile-1200x1200.jpeg 1200w\" loading=\"eager\" style=\"--ratio: 768 \/ 768\" sizes=\"(max-width: 768px) 100vw, 768px\" alt=\"\" title=\"Reuni\u00f3n de Medio T\u00e9rmino de las Canciller\u00edas para el Seguimiento del Comit\u00e9 de Integraci\u00f3n y Desarrollo Fronterizo Per\u00fa &#8211; Chile.\" width=\"768\" height=\"768\"  \/><\/a>\n\t<\/div>\n<\/div>\n\n\n<div class=\"post-entry-content\">\n\n\t<h3 class=\"entry-title\">\n\t\t<a href=\"https:\/\/www.difrol.cl\/en\/mid-term-meeting-of-the-foreign-ministries-for-the-follow-up-of-the-peru-chile-border-integration-and-development-committee\/\" title=\"Mid-Term Meeting of the Foreign Ministries for the Follow-up of the Peru-Chile Border Integration and Development Committee.\" rel=\"bookmark\">Mid-Term Meeting of the Foreign Ministries for the Follow-up of the Peru-Chile Border Integration and Development Committee.<\/a>\n\t<\/h3>\n\n\t\n\t<div class=\"entry-excerpt\"><p>[vc_row][vc_column][vc_empty_space][vc_column_text] In the city of Tacna, on August 17, 2023, in compliance with Article 8 of the Regulations of the Peru-Chile Border Integration and Development Committee (CIDF), the delegations of Peru and Chile met, chaired by the Ministry Jos\u00e9 Luis Gonz\u00e1les, Director of Border Development and Integration of the General Directorate of America of the&hellip;<\/p>\n<\/div>\n\t\n<a href=\"https:\/\/www.difrol.cl\/en\/mid-term-meeting-of-the-foreign-ministries-for-the-follow-up-of-the-peru-chile-border-integration-and-development-committee\/\" class=\"dt-btn-s dt-btn post-details details-type-btn\" aria-label=\"Read more about Mid-Term Meeting of the Foreign Ministries for the Follow-up of the Peru-Chile Border Integration and Development Committee.\">Read news<i class=\"dt-icon-the7-arrow-03\" aria-hidden=\"true\"><\/i><\/a>\n\n<\/div><\/article><article class=\"post project-odd hidden post-4746 type-post status-publish format-standard has-post-thumbnail hentry category-uncategorized category-30 description-off\" data-name=\"Third Meeting of the National Committee on Antarctic Geographic Names (CNNGA)\" data-date=\"2023-08-21T12:53:49-03:00\">\n\n<div class=\"post-thumbnail-wrap\">\n\t<div class=\"post-thumbnail\">\n\n\t\t\n\t\t\n\t\t<a href=\"https:\/\/www.difrol.cl\/en\/third-meeting-of-the-national-committee-on-antarctic-geographic-names-cnnga\/\" class=\"post-thumbnail-rollover layzr-bg layzr-bg\" ><img decoding=\"async\" class=\"blog-thumb-lazy-load preload-me lazy-load aspect\" src=\"data:image\/svg+xml,%3Csvg%20xmlns%3D&#39;http%3A%2F%2Fwww.w3.org%2F2000%2Fsvg&#39;%20viewBox%3D&#39;0%200%20768%20768&#39;%2F%3E\" data-src=\"https:\/\/www.difrol.cl\/wp-content\/uploads\/2023\/08\/cnnga_2-768x768.jpeg\" data-srcset=\"https:\/\/www.difrol.cl\/wp-content\/uploads\/2023\/08\/cnnga_2-768x768.jpeg 768w, https:\/\/www.difrol.cl\/wp-content\/uploads\/2023\/08\/cnnga_2-1200x1200.jpeg 1200w\" loading=\"eager\" style=\"--ratio: 768 \/ 768\" sizes=\"(max-width: 768px) 100vw, 768px\" alt=\"\" title=\"cnnga_2\" width=\"768\" height=\"768\"  \/><\/a>\n\t<\/div>\n<\/div>\n\n\n<div class=\"post-entry-content\">\n\n\t<h3 class=\"entry-title\">\n\t\t<a href=\"https:\/\/www.difrol.cl\/en\/third-meeting-of-the-national-committee-on-antarctic-geographic-names-cnnga\/\" title=\"Third Meeting of the National Committee on Antarctic Geographic Names (CNNGA)\" rel=\"bookmark\">Third Meeting of the National Committee on Antarctic Geographic Names (CNNGA)<\/a>\n\t<\/h3>\n\n\t\n\t<div class=\"entry-excerpt\"><p>[vc_row][vc_column][vc_empty_space][vc_column_text] The third meeting of the National Committee on Antarctic Geographic Names (CNNGA) marked a significant step in the field of Antarctic cartography. The activity was held in the Bertrand Room of the National Directorate of Borders and Limits of the State (DIFROL) and brought together the rest of the representatives of the institutions that&hellip;<\/p>\n<\/div>\n\t\n<a href=\"https:\/\/www.difrol.cl\/en\/third-meeting-of-the-national-committee-on-antarctic-geographic-names-cnnga\/\" class=\"dt-btn-s dt-btn post-details details-type-btn\" aria-label=\"Read more about Third Meeting of the National Committee on Antarctic Geographic Names (CNNGA)\">Read news<i class=\"dt-icon-the7-arrow-03\" aria-hidden=\"true\"><\/i><\/a>\n\n<\/div><\/article><article class=\"post project-odd hidden post-4716 type-post status-publish format-standard has-post-thumbnail hentry category-uncategorized category-30 description-off\" data-name=\"DIFROL presents the updated version of the International Boundary in shapefile format.\" data-date=\"2023-08-18T18:01:32-03:00\">\n\n<div class=\"post-thumbnail-wrap\">\n\t<div class=\"post-thumbnail\">\n\n\t\t\n\t\t\n\t\t<a href=\"https:\/\/www.difrol.cl\/en\/difrol-presents-the-updated-version-of-the-international-boundary-in-shapefile-format\/\" class=\"post-thumbnail-rollover layzr-bg layzr-bg\" ><img decoding=\"async\" class=\"blog-thumb-lazy-load preload-me lazy-load aspect\" src=\"data:image\/svg+xml,%3Csvg%20xmlns%3D&#39;http%3A%2F%2Fwww.w3.org%2F2000%2Fsvg&#39;%20viewBox%3D&#39;0%200%20768%20768&#39;%2F%3E\" data-src=\"https:\/\/www.difrol.cl\/wp-content\/uploads\/2023\/08\/Limite-copia-768x768.jpg\" data-srcset=\"https:\/\/www.difrol.cl\/wp-content\/uploads\/2023\/08\/Limite-copia-768x768.jpg 768w, https:\/\/www.difrol.cl\/wp-content\/uploads\/2023\/08\/Limite-copia-943x944.jpg 943w\" loading=\"eager\" style=\"--ratio: 768 \/ 768\" sizes=\"(max-width: 768px) 100vw, 768px\" alt=\"\" title=\"Limite copia\" width=\"768\" height=\"768\"  \/><\/a>\n\t<\/div>\n<\/div>\n\n\n<div class=\"post-entry-content\">\n\n\t<h3 class=\"entry-title\">\n\t\t<a href=\"https:\/\/www.difrol.cl\/en\/difrol-presents-the-updated-version-of-the-international-boundary-in-shapefile-format\/\" title=\"DIFROL presents the updated version of the International Boundary in shapefile format.\" rel=\"bookmark\">DIFROL presents the updated version of the International Boundary in shapefile format.<\/a>\n\t<\/h3>\n\n\t\n\t<div class=\"entry-excerpt\"><p>[vc_row][vc_column][vc_empty_space][vc_column_text] The Direcci\u00f3n Nacional de Fronteras y L\u00edmites del Estado (DIFROL) is proud to present the latest version of the International Boundary of Chile, available in shapefile format and using SIRGAS Chile as reference system, at a scale of 1:50,000. This new version represents a significant step towards a more accurate and detailed mapping of&hellip;<\/p>\n<\/div>\n\t\n<a href=\"https:\/\/www.difrol.cl\/en\/difrol-presents-the-updated-version-of-the-international-boundary-in-shapefile-format\/\" class=\"dt-btn-s dt-btn post-details details-type-btn\" aria-label=\"Read more about DIFROL presents the updated version of the International Boundary in shapefile format.\">Read news<i class=\"dt-icon-the7-arrow-03\" aria-hidden=\"true\"><\/i><\/a>\n\n<\/div><\/article><article class=\"post project-odd hidden post-4649 type-post status-publish format-standard has-post-thumbnail hentry category-uncategorized category-30 description-off\" data-name=\"Grandchildren of the Demarcator Mr. V\u00edctor Caro Tagle donate historical documentation to DIFROL\" data-date=\"2023-07-24T17:19:54-03:00\">\n\n<div class=\"post-thumbnail-wrap\">\n\t<div class=\"post-thumbnail\">\n\n\t\t\n\t\t\n\t\t<a href=\"https:\/\/www.difrol.cl\/en\/grandchildren-of-the-demarcator-mr-victor-caro-tagle-donate-historical-documentation-to-difrol\/\" class=\"post-thumbnail-rollover layzr-bg layzr-bg\" ><img decoding=\"async\" class=\"blog-thumb-lazy-load preload-me lazy-load aspect\" src=\"data:image\/svg+xml,%3Csvg%20xmlns%3D&#39;http%3A%2F%2Fwww.w3.org%2F2000%2Fsvg&#39;%20viewBox%3D&#39;0%200%20768%20768&#39;%2F%3E\" data-src=\"https:\/\/www.difrol.cl\/wp-content\/uploads\/2023\/07\/notici_libros3-768x768.jpeg\" data-srcset=\"https:\/\/www.difrol.cl\/wp-content\/uploads\/2023\/07\/notici_libros3-768x768.jpeg 768w, https:\/\/www.difrol.cl\/wp-content\/uploads\/2023\/07\/notici_libros3-1200x1200.jpeg 1200w\" loading=\"eager\" style=\"--ratio: 768 \/ 768\" sizes=\"(max-width: 768px) 100vw, 768px\" alt=\"\" title=\"notici_libros3\" width=\"768\" height=\"768\"  \/><\/a>\n\t<\/div>\n<\/div>\n\n\n<div class=\"post-entry-content\">\n\n\t<h3 class=\"entry-title\">\n\t\t<a href=\"https:\/\/www.difrol.cl\/en\/grandchildren-of-the-demarcator-mr-victor-caro-tagle-donate-historical-documentation-to-difrol\/\" title=\"Grandchildren of the Demarcator Mr. V\u00edctor Caro Tagle donate historical documentation to DIFROL\" rel=\"bookmark\">Grandchildren of the Demarcator Mr. V\u00edctor Caro Tagle donate historical documentation to DIFROL<\/a>\n\t<\/h3>\n\n\t\n\t<div class=\"entry-excerpt\"><p>[vc_row][vc_column][vc_empty_space][vc_column_text] Rodrigo and Jorge Caro Cordero, grandsons of the Demarcator and Secretary of the Chilean Boundary Commission, Victor and Guillermo Caro Tagle, between the years 1895 and 1901, deliver to DIFROL historical documentation, referring to the three volumes of the Argentine Exhibition, regarding the Arbitral Award of 1902, Judgment pronounced by His Majesty King Edward&hellip;<\/p>\n<\/div>\n\t\n<a href=\"https:\/\/www.difrol.cl\/en\/grandchildren-of-the-demarcator-mr-victor-caro-tagle-donate-historical-documentation-to-difrol\/\" class=\"dt-btn-s dt-btn post-details details-type-btn\" aria-label=\"Read more about Grandchildren of the Demarcator Mr. V\u00edctor Caro Tagle donate historical documentation to DIFROL\">Read news<i class=\"dt-icon-the7-arrow-03\" aria-hidden=\"true\"><\/i><\/a>\n\n<\/div><\/article><article class=\"post project-odd hidden post-4628 type-post status-publish format-standard has-post-thumbnail hentry category-uncategorized category-30 description-off\" data-name=\"DIFROL officials participate in the Second Annual Meeting of the CNNGA in Punta Arenas\" data-date=\"2023-07-17T18:03:59-03:00\">\n\n<div class=\"post-thumbnail-wrap\">\n\t<div class=\"post-thumbnail\">\n\n\t\t\n\t\t\n\t\t<a href=\"https:\/\/www.difrol.cl\/en\/difrol-officials-participate-in-the-second-annual-meeting-of-the-cnnga-in-punta-arenas\/\" class=\"post-thumbnail-rollover layzr-bg layzr-bg\" ><img decoding=\"async\" class=\"blog-thumb-lazy-load preload-me lazy-load aspect\" src=\"data:image\/svg+xml,%3Csvg%20xmlns%3D&#39;http%3A%2F%2Fwww.w3.org%2F2000%2Fsvg&#39;%20viewBox%3D&#39;0%200%20680%20680&#39;%2F%3E\" data-src=\"https:\/\/www.difrol.cl\/wp-content\/uploads\/2023\/07\/Foto-Publicada-por-INACH.jpeg\" data-srcset=\"https:\/\/www.difrol.cl\/wp-content\/uploads\/2023\/07\/Foto-Publicada-por-INACH.jpeg 680w\" loading=\"eager\" style=\"--ratio: 680 \/ 680\" sizes=\"(max-width: 680px) 100vw, 680px\" alt=\"\" title=\"Foto Publicada por INACH\" width=\"680\" height=\"680\"  \/><\/a>\n\t<\/div>\n<\/div>\n\n\n<div class=\"post-entry-content\">\n\n\t<h3 class=\"entry-title\">\n\t\t<a href=\"https:\/\/www.difrol.cl\/en\/difrol-officials-participate-in-the-second-annual-meeting-of-the-cnnga-in-punta-arenas\/\" title=\"DIFROL officials participate in the Second Annual Meeting of the CNNGA in Punta Arenas\" rel=\"bookmark\">DIFROL officials participate in the Second Annual Meeting of the CNNGA in Punta Arenas<\/a>\n\t<\/h3>\n\n\t\n\t<div class=\"entry-excerpt\"><p>[vc_row][vc_column][vc_empty_space][vc_column_text] The National Directorate and its Director of Limits, in recognition of the work of Cecilia Zamorano and Caterine Encina, highlights their participation in the CNNGA important committee formed by various state entities, including DIFROL, INACH, Antarctic Affairs Division of this Ministry, Military Geographic Institute (IGM), Hydrographic and Oceanographic Service of the Navy (SHOA) and&hellip;<\/p>\n<\/div>\n\t\n<a href=\"https:\/\/www.difrol.cl\/en\/difrol-officials-participate-in-the-second-annual-meeting-of-the-cnnga-in-punta-arenas\/\" class=\"dt-btn-s dt-btn post-details details-type-btn\" aria-label=\"Read more about DIFROL officials participate in the Second Annual Meeting of the CNNGA in Punta Arenas\">Read news<i class=\"dt-icon-the7-arrow-03\" aria-hidden=\"true\"><\/i><\/a>\n\n<\/div><\/article><article class=\"post project-odd hidden post-4607 type-post status-publish format-standard has-post-thumbnail hentry category-uncategorized category-30 description-off\" data-name=\"Hydrographic activity in southern channels\" data-date=\"2023-07-17T12:41:42-03:00\">\n\n<div class=\"post-thumbnail-wrap\">\n\t<div class=\"post-thumbnail\">\n\n\t\t\n\t\t\n\t\t<a href=\"https:\/\/www.difrol.cl\/en\/hydrographic-activity-in-southern-channels\/\" class=\"post-thumbnail-rollover layzr-bg layzr-bg\" ><img decoding=\"async\" class=\"blog-thumb-lazy-load preload-me lazy-load aspect\" src=\"data:image\/svg+xml,%3Csvg%20xmlns%3D&#39;http%3A%2F%2Fwww.w3.org%2F2000%2Fsvg&#39;%20viewBox%3D&#39;0%200%20768%20768&#39;%2F%3E\" data-src=\"https:\/\/www.difrol.cl\/wp-content\/uploads\/2023\/07\/IMG-20230714-WA0019-768x768.jpg\" data-srcset=\"https:\/\/www.difrol.cl\/wp-content\/uploads\/2023\/07\/IMG-20230714-WA0019-768x768.jpg 768w\" loading=\"eager\" style=\"--ratio: 768 \/ 768\" sizes=\"(max-width: 768px) 100vw, 768px\" alt=\"\" title=\"IMG-20230714-WA0019\" width=\"768\" height=\"768\"  \/><\/a>\n\t<\/div>\n<\/div>\n\n\n<div class=\"post-entry-content\">\n\n\t<h3 class=\"entry-title\">\n\t\t<a href=\"https:\/\/www.difrol.cl\/en\/hydrographic-activity-in-southern-channels\/\" title=\"Hydrographic activity in southern channels\" rel=\"bookmark\">Hydrographic activity in southern channels<\/a>\n\t<\/h3>\n\n\t\n\t<div class=\"entry-excerpt\"><p>[vc_row][vc_column][vc_empty_space][vc_column_text] The Department of Boundary Studies, under the Boundary Directorate, is proud to announce that Susan Silva has become the first woman to participate in a hydrographic activity in the southern channels south of Puerto Montt, where she is collaborating with the Hydrographic and Oceanographic Service of the Navy (SHOA). Susan Silva, an exemplary employee,&hellip;<\/p>\n<\/div>\n\t\n<a href=\"https:\/\/www.difrol.cl\/en\/hydrographic-activity-in-southern-channels\/\" class=\"dt-btn-s dt-btn post-details details-type-btn\" aria-label=\"Read more about Hydrographic activity in southern channels\">Read news<i class=\"dt-icon-the7-arrow-03\" aria-hidden=\"true\"><\/i><\/a>\n\n<\/div><\/article><article class=\"post project-odd hidden post-4574 type-post status-publish format-standard has-post-thumbnail hentry category-uncategorized category-30 description-off\" data-name=\"DIFROL attends a course on national regulatory frameworks and cross-border agreements on water management\" data-date=\"2023-06-09T16:07:53-03:00\">\n\n<div class=\"post-thumbnail-wrap\">\n\t<div class=\"post-thumbnail\">\n\n\t\t\n\t\t\n\t\t<a href=\"https:\/\/www.difrol.cl\/en\/difrol-attends-a-course-on-national-regulatory-frameworks-and-cross-border-agreements-on-water-management\/\" class=\"post-thumbnail-rollover layzr-bg layzr-bg\" ><img decoding=\"async\" class=\"blog-thumb-lazy-load preload-me lazy-load aspect\" src=\"data:image\/svg+xml,%3Csvg%20xmlns%3D&#39;http%3A%2F%2Fwww.w3.org%2F2000%2Fsvg&#39;%20viewBox%3D&#39;0%200%20768%20768&#39;%2F%3E\" data-src=\"https:\/\/www.difrol.cl\/wp-content\/uploads\/2023\/06\/Portada-768x768.jpeg\" data-srcset=\"https:\/\/www.difrol.cl\/wp-content\/uploads\/2023\/06\/Portada-768x768.jpeg 768w, https:\/\/www.difrol.cl\/wp-content\/uploads\/2023\/06\/Portada-1142x1142.jpeg 1142w\" loading=\"eager\" style=\"--ratio: 768 \/ 768\" sizes=\"(max-width: 768px) 100vw, 768px\" alt=\"\" title=\"Portada\" width=\"768\" height=\"768\"  \/><\/a>\n\t<\/div>\n<\/div>\n\n\n<div class=\"post-entry-content\">\n\n\t<h3 class=\"entry-title\">\n\t\t<a href=\"https:\/\/www.difrol.cl\/en\/difrol-attends-a-course-on-national-regulatory-frameworks-and-cross-border-agreements-on-water-management\/\" title=\"DIFROL attends a course on national regulatory frameworks and cross-border agreements on water management\" rel=\"bookmark\">DIFROL attends a course on national regulatory frameworks and cross-border agreements on water management<\/a>\n\t<\/h3>\n\n\t\n\t<div class=\"entry-excerpt\"><p>[vc_row][vc_column][vc_empty_space][vc_column_text] Between May 15th and 19th, the Unit of Environment and Shared Water Resources (UMARH) from DIFROL participated in a course on National Regulatory Frameworks and Transboundary Agreements on Water Management held in the city of La Antigua, Guatemala. This course was aimed at officials from all Central American and South American countries, with the&hellip;<\/p>\n<\/div>\n\t\n<a href=\"https:\/\/www.difrol.cl\/en\/difrol-attends-a-course-on-national-regulatory-frameworks-and-cross-border-agreements-on-water-management\/\" class=\"dt-btn-s dt-btn post-details details-type-btn\" aria-label=\"Read more about DIFROL attends a course on national regulatory frameworks and cross-border agreements on water management\">Read news<i class=\"dt-icon-the7-arrow-03\" aria-hidden=\"true\"><\/i><\/a>\n\n<\/div><\/article><article class=\"post project-odd hidden post-4572 type-post status-publish format-standard has-post-thumbnail hentry category-uncategorized category-30 description-off\" data-name=\"DIFROL attends the meeting of the Valdivia River Pilot Basin Council\" data-date=\"2023-06-09T13:10:25-03:00\">\n\n<div class=\"post-thumbnail-wrap\">\n\t<div class=\"post-thumbnail\">\n\n\t\t\n\t\t\n\t\t<a href=\"https:\/\/www.difrol.cl\/en\/difrol-attends-the-meeting-of-the-valdivia-river-pilot-basin-council\/\" class=\"post-thumbnail-rollover layzr-bg layzr-bg\" ><img decoding=\"async\" class=\"blog-thumb-lazy-load preload-me lazy-load aspect\" src=\"data:image\/svg+xml,%3Csvg%20xmlns%3D&#39;http%3A%2F%2Fwww.w3.org%2F2000%2Fsvg&#39;%20viewBox%3D&#39;0%200%20768%20768&#39;%2F%3E\" data-src=\"https:\/\/www.difrol.cl\/wp-content\/uploads\/2023\/06\/Foto-portada-768x768.jpg\" data-srcset=\"https:\/\/www.difrol.cl\/wp-content\/uploads\/2023\/06\/Foto-portada-768x768.jpg 768w, https:\/\/www.difrol.cl\/wp-content\/uploads\/2023\/06\/Foto-portada-1200x1200.jpg 1200w\" loading=\"eager\" style=\"--ratio: 768 \/ 768\" sizes=\"(max-width: 768px) 100vw, 768px\" alt=\"\" title=\"Foto portada\" width=\"768\" height=\"768\"  \/><\/a>\n\t<\/div>\n<\/div>\n\n\n<div class=\"post-entry-content\">\n\n\t<h3 class=\"entry-title\">\n\t\t<a href=\"https:\/\/www.difrol.cl\/en\/difrol-attends-the-meeting-of-the-valdivia-river-pilot-basin-council\/\" title=\"DIFROL attends the meeting of the Valdivia River Pilot Basin Council\" rel=\"bookmark\">DIFROL attends the meeting of the Valdivia River Pilot Basin Council<\/a>\n\t<\/h3>\n\n\t\n\t<div class=\"entry-excerpt\"><p>[vc_row][vc_column][vc_empty_space][vc_column_text] On April 27, 2023, the first working meeting of the Promotion Group for the creation of the Valdivia River Basin Council in Los R\u00edos Region was held. This meeting was attended by the Undersecretary of the Ministry of the Environment, Maximiliano Proa\u00f1o, the Deputy Director of the General Water Directorate, Cristian N\u00fa\u00f1ez, the Governor&hellip;<\/p>\n<\/div>\n\t\n<a href=\"https:\/\/www.difrol.cl\/en\/difrol-attends-the-meeting-of-the-valdivia-river-pilot-basin-council\/\" class=\"dt-btn-s dt-btn post-details details-type-btn\" aria-label=\"Read more about DIFROL attends the meeting of the Valdivia River Pilot Basin Council\">Read news<i class=\"dt-icon-the7-arrow-03\" aria-hidden=\"true\"><\/i><\/a>\n\n<\/div><\/article><article class=\"post project-odd hidden post-4516 type-post status-publish format-standard has-post-thumbnail hentry category-uncategorized category-30 description-off\" data-name=\"XXXIII Meeting of the NOA Integration Committee &#8211; Norte Grande\" data-date=\"2023-05-29T13:15:13-03:00\">\n\n<div class=\"post-thumbnail-wrap\">\n\t<div class=\"post-thumbnail\">\n\n\t\t\n\t\t\n\t\t<a href=\"https:\/\/www.difrol.cl\/en\/xxxiii-meeting-of-the-noa-integration-committee-norte-grande\/\" class=\"post-thumbnail-rollover layzr-bg layzr-bg\" ><img decoding=\"async\" class=\"blog-thumb-lazy-load preload-me lazy-load aspect\" src=\"data:image\/svg+xml,%3Csvg%20xmlns%3D&#39;http%3A%2F%2Fwww.w3.org%2F2000%2Fsvg&#39;%20viewBox%3D&#39;0%200%20768%20768&#39;%2F%3E\" data-src=\"https:\/\/www.difrol.cl\/wp-content\/uploads\/2023\/05\/NOA5-768x768.jpg\" data-srcset=\"https:\/\/www.difrol.cl\/wp-content\/uploads\/2023\/05\/NOA5-768x768.jpg 768w, https:\/\/www.difrol.cl\/wp-content\/uploads\/2023\/05\/NOA5-1066x1066.jpg 1066w\" loading=\"eager\" style=\"--ratio: 768 \/ 768\" sizes=\"(max-width: 768px) 100vw, 768px\" alt=\"\" title=\"NOA5\" width=\"768\" height=\"768\"  \/><\/a>\n\t<\/div>\n<\/div>\n\n\n<div class=\"post-entry-content\">\n\n\t<h3 class=\"entry-title\">\n\t\t<a href=\"https:\/\/www.difrol.cl\/en\/xxxiii-meeting-of-the-noa-integration-committee-norte-grande\/\" title=\"XXXIII Meeting of the NOA Integration Committee &#8211; Norte Grande\" rel=\"bookmark\">XXXIII Meeting of the NOA Integration Committee &#8211; Norte Grande<\/a>\n\t<\/h3>\n\n\t\n\t<div class=\"entry-excerpt\"><p>[vc_row][vc_column][vc_empty_space][vc_column_text] On May 23 and 24, 2023, the &#8220;XXXIII Meeting of the NOA Integration Committee &#8211; Norte Grande&#8221; was held in the city of San Salvador de Jujuy-Argentina, which was chaired by the Director of Limits and Borders of the Ministry of Foreign Relations, International Trade and Worship of the Argentine Republic, Minister Gabriel Servetto,&hellip;<\/p>\n<\/div>\n\t\n<a href=\"https:\/\/www.difrol.cl\/en\/xxxiii-meeting-of-the-noa-integration-committee-norte-grande\/\" class=\"dt-btn-s dt-btn post-details details-type-btn\" aria-label=\"Read more about XXXIII Meeting of the NOA Integration Committee &#8211; Norte Grande\">Read news<i class=\"dt-icon-the7-arrow-03\" aria-hidden=\"true\"><\/i><\/a>\n\n<\/div><\/article><article class=\"post project-odd hidden post-4459 type-post status-publish format-standard has-post-thumbnail hentry category-sin-categorizar category-uncategorized category-1 category-30 description-off\" data-name=\"DIFROL asiste a Di\u00e1logos por el Agua, organizado por CEPALDIFROL attends the Regional Water Dialogs event, organized by ECLAC\" data-date=\"2023-02-17T11:47:10-03:00\">\n\n<div class=\"post-thumbnail-wrap\">\n\t<div class=\"post-thumbnail\">\n\n\t\t\n\t\t\n\t\t<a href=\"https:\/\/www.difrol.cl\/en\/difrol-asiste-a-dialogos-por-el-agua-organizado-por-cepaldifrol-attends-the-regional-water-dialogs-event-organized-by-eclac\/\" class=\"post-thumbnail-rollover layzr-bg layzr-bg\" ><img decoding=\"async\" class=\"blog-thumb-lazy-load preload-me lazy-load aspect\" src=\"data:image\/svg+xml,%3Csvg%20xmlns%3D&#39;http%3A%2F%2Fwww.w3.org%2F2000%2Fsvg&#39;%20viewBox%3D&#39;0%200%20768%20768&#39;%2F%3E\" data-src=\"https:\/\/www.difrol.cl\/wp-content\/uploads\/2023\/02\/CEPAL-768x768.jpeg\" data-srcset=\"https:\/\/www.difrol.cl\/wp-content\/uploads\/2023\/02\/CEPAL-768x768.jpeg 768w, https:\/\/www.difrol.cl\/wp-content\/uploads\/2023\/02\/CEPAL-1200x1200.jpeg 1200w\" loading=\"eager\" style=\"--ratio: 768 \/ 768\" sizes=\"(max-width: 768px) 100vw, 768px\" alt=\"\" title=\"CEPAL\" width=\"768\" height=\"768\"  \/><\/a>\n\t<\/div>\n<\/div>\n\n\n<div class=\"post-entry-content\">\n\n\t<h3 class=\"entry-title\">\n\t\t<a href=\"https:\/\/www.difrol.cl\/en\/difrol-asiste-a-dialogos-por-el-agua-organizado-por-cepaldifrol-attends-the-regional-water-dialogs-event-organized-by-eclac\/\" title=\"DIFROL asiste a Di\u00e1logos por el Agua, organizado por CEPALDIFROL attends the Regional Water Dialogs event, organized by ECLAC\" rel=\"bookmark\">DIFROL asiste a Di\u00e1logos por el Agua, organizado por CEPALDIFROL attends the Regional Water Dialogs event, organized by ECLAC<\/a>\n\t<\/h3>\n\n\t\n\t<div class=\"entry-excerpt\"><p>Between February 1st and 3rd, the third edition of the Regional Water Dialogs organized by ECLAC, took place in Santiago, Chile. The main subjects of this meeting were the accelerators for the fulfillment of the Sustainable Development Goal (SDG) 6, with the aim of consolidate the commitments acquires, as well as sharing experiences and lessons&hellip;<\/p>\n<\/div>\n\t\n<a href=\"https:\/\/www.difrol.cl\/en\/difrol-asiste-a-dialogos-por-el-agua-organizado-por-cepaldifrol-attends-the-regional-water-dialogs-event-organized-by-eclac\/\" class=\"dt-btn-s dt-btn post-details details-type-btn\" aria-label=\"Read more about DIFROL asiste a Di\u00e1logos por el Agua, organizado por CEPALDIFROL attends the Regional Water Dialogs event, organized by ECLAC\">Read news<i class=\"dt-icon-the7-arrow-03\" aria-hidden=\"true\"><\/i><\/a>\n\n<\/div><\/article><article class=\"post project-odd hidden post-4414 type-post status-publish format-standard has-post-thumbnail hentry category-sin-categorizar category-uncategorized category-1 category-30 description-off\" data-name=\"DIFROL asiste a Cumbre internacional sobre aguas subterr\u00e1neas en la sede de UNESCO en Par\u00edsDIFROL attended the groundwater Summit in UNESCO\" data-date=\"2022-12-26T18:43:40-03:00\">\n\n<div class=\"post-thumbnail-wrap\">\n\t<div class=\"post-thumbnail\">\n\n\t\t\n\t\t\n\t\t<a href=\"https:\/\/www.difrol.cl\/en\/difrol-asiste-a-cumbre-internacional-sobre-aguas-subterraneas-en-la-sede-de-unesco-en-parisdifrol-attended-the-groundwater-summit-in-unesco\/\" class=\"post-thumbnail-rollover layzr-bg layzr-bg\" ><img decoding=\"async\" class=\"blog-thumb-lazy-load preload-me lazy-load aspect\" src=\"data:image\/svg+xml,%3Csvg%20xmlns%3D&#39;http%3A%2F%2Fwww.w3.org%2F2000%2Fsvg&#39;%20viewBox%3D&#39;0%200%20687%20687&#39;%2F%3E\" data-src=\"https:\/\/www.difrol.cl\/wp-content\/uploads\/2022\/12\/Foto-UMARH-en-Paris-con-Embajador-dic-2022-687x687.png\" data-srcset=\"https:\/\/www.difrol.cl\/wp-content\/uploads\/2022\/12\/Foto-UMARH-en-Paris-con-Embajador-dic-2022-687x687.png 687w\" loading=\"eager\" style=\"--ratio: 687 \/ 687\" sizes=\"(max-width: 687px) 100vw, 687px\" alt=\"\" title=\"Foto UMARH en Par\u00eds con Embajador, dic 2022\" width=\"687\" height=\"687\"  \/><\/a>\n\t<\/div>\n<\/div>\n\n\n<div class=\"post-entry-content\">\n\n\t<h3 class=\"entry-title\">\n\t\t<a href=\"https:\/\/www.difrol.cl\/en\/difrol-asiste-a-cumbre-internacional-sobre-aguas-subterraneas-en-la-sede-de-unesco-en-parisdifrol-attended-the-groundwater-summit-in-unesco\/\" title=\"DIFROL asiste a Cumbre internacional sobre aguas subterr\u00e1neas en la sede de UNESCO en Par\u00edsDIFROL attended the groundwater Summit in UNESCO\" rel=\"bookmark\">DIFROL asiste a Cumbre internacional sobre aguas subterr\u00e1neas en la sede de UNESCO en Par\u00edsDIFROL attended the groundwater Summit in UNESCO<\/a>\n\t<\/h3>\n\n\t\n\t<div class=\"entry-excerpt\"><p>Between 6 and 8 December was held in Paris the United Nation &#8211; Groundwater Summit organized by UNESCO. The Chilean delegation was led by the Minister of Public Works Juan Carlos Garc\u00eda and DIFROL participated with representatives of the Office of Transboundary Water and Environment, Daniela Pe\u00f1a y Macarena Bahamondes. At the Summit, the challenges&hellip;<\/p>\n<\/div>\n\t\n<a href=\"https:\/\/www.difrol.cl\/en\/difrol-asiste-a-cumbre-internacional-sobre-aguas-subterraneas-en-la-sede-de-unesco-en-parisdifrol-attended-the-groundwater-summit-in-unesco\/\" class=\"dt-btn-s dt-btn post-details details-type-btn\" aria-label=\"Read more about DIFROL asiste a Cumbre internacional sobre aguas subterr\u00e1neas en la sede de UNESCO en Par\u00edsDIFROL attended the groundwater Summit in UNESCO\">Read news<i class=\"dt-icon-the7-arrow-03\" aria-hidden=\"true\"><\/i><\/a>\n\n<\/div><\/article><article class=\"post project-odd hidden post-4394 type-post status-publish format-standard has-post-thumbnail hentry category-uncategorized category-30 description-off\" data-name=\"Closing and plenary meetings of the Chile &#8211; Argentina mixed boundary commission\" data-date=\"2022-12-22T16:11:46-03:00\">\n\n<div class=\"post-thumbnail-wrap\">\n\t<div class=\"post-thumbnail\">\n\n\t\t\n\t\t\n\t\t<a href=\"https:\/\/www.difrol.cl\/en\/closing-and-plenary-meetings-of-the-chile-argentina-mixed-boundary-commission\/\" class=\"post-thumbnail-rollover layzr-bg layzr-bg\" ><img decoding=\"async\" class=\"blog-thumb-lazy-load preload-me lazy-load aspect\" src=\"data:image\/svg+xml,%3Csvg%20xmlns%3D&#39;http%3A%2F%2Fwww.w3.org%2F2000%2Fsvg&#39;%20viewBox%3D&#39;0%200%20720%20720&#39;%2F%3E\" data-src=\"https:\/\/www.difrol.cl\/wp-content\/uploads\/2022\/12\/WhatsApp-Image-2022-12-22-at-11.49.01-4-720x720.jpeg\" data-srcset=\"https:\/\/www.difrol.cl\/wp-content\/uploads\/2022\/12\/WhatsApp-Image-2022-12-22-at-11.49.01-4-720x720.jpeg 720w\" loading=\"eager\" style=\"--ratio: 720 \/ 720\" sizes=\"(max-width: 720px) 100vw, 720px\" alt=\"\" title=\"WhatsApp Image 2022-12-22 at 11.49.01 (4)\" width=\"720\" height=\"720\"  \/><\/a>\n\t<\/div>\n<\/div>\n\n\n<div class=\"post-entry-content\">\n\n\t<h3 class=\"entry-title\">\n\t\t<a href=\"https:\/\/www.difrol.cl\/en\/closing-and-plenary-meetings-of-the-chile-argentina-mixed-boundary-commission\/\" title=\"Closing and plenary meetings of the Chile &#8211; Argentina mixed boundary commission\" rel=\"bookmark\">Closing and plenary meetings of the Chile &#8211; Argentina mixed boundary commission<\/a>\n\t<\/h3>\n\n\t\n\t<div class=\"entry-excerpt\"><p>[vc_row][vc_column][vc_column_text] In the Autonomous city of Buenos Aires, Argentina, the Closing and Plenary meetings of the Mixed Commission of Chile &#8211; Argentina were held between December 11 and 14, to close the 2019\/2020 period The Delegations had the participation, on behalf of Chile, of the President of the Chilean Boundary Commission, the Director of Boundaries,&hellip;<\/p>\n<\/div>\n\t\n<a href=\"https:\/\/www.difrol.cl\/en\/closing-and-plenary-meetings-of-the-chile-argentina-mixed-boundary-commission\/\" class=\"dt-btn-s dt-btn post-details details-type-btn\" aria-label=\"Read more about Closing and plenary meetings of the Chile &#8211; Argentina mixed boundary commission\">Read news<i class=\"dt-icon-the7-arrow-03\" aria-hidden=\"true\"><\/i><\/a>\n\n<\/div><\/article><article class=\"post project-odd hidden post-4296 type-post status-publish format-standard has-post-thumbnail hentry category-uncategorized category-30 description-off\" data-name=\"XI Meeting of the Chile-Peru Border Integration and Development Committee (CIDF)\" data-date=\"2022-11-29T11:26:06-03:00\">\n\n<div class=\"post-thumbnail-wrap\">\n\t<div class=\"post-thumbnail\">\n\n\t\t\n\t\t\n\t\t<a href=\"https:\/\/www.difrol.cl\/en\/xi-reunion-del-comite-de-integracion-y-desarrollo-fronterizo-cidf-chile-peruxi-reunion-del-comite-de-integracion-y-desarrollo-fronterizo-cidf-chile-peru\/\" class=\"post-thumbnail-rollover layzr-bg layzr-bg\" ><img decoding=\"async\" class=\"blog-thumb-lazy-load preload-me lazy-load aspect\" src=\"data:image\/svg+xml,%3Csvg%20xmlns%3D&#39;http%3A%2F%2Fwww.w3.org%2F2000%2Fsvg&#39;%20viewBox%3D&#39;0%200%20768%20768&#39;%2F%3E\" data-src=\"https:\/\/www.difrol.cl\/wp-content\/uploads\/2022\/11\/XI-Reunion-del-Comite-de-Integracion-y-Desarrollo-Fronterizo-CIDF-Chile-Peru-768x768.jpg\" data-srcset=\"https:\/\/www.difrol.cl\/wp-content\/uploads\/2022\/11\/XI-Reunion-del-Comite-de-Integracion-y-Desarrollo-Fronterizo-CIDF-Chile-Peru-768x768.jpg 768w, https:\/\/www.difrol.cl\/wp-content\/uploads\/2022\/11\/XI-Reunion-del-Comite-de-Integracion-y-Desarrollo-Fronterizo-CIDF-Chile-Peru-1200x1200.jpg 1200w\" loading=\"eager\" style=\"--ratio: 768 \/ 768\" sizes=\"(max-width: 768px) 100vw, 768px\" alt=\"\" title=\"XI Reuni\u00f3n del Comit\u00e9 de Integraci\u00f3n y Desarrollo Fronterizo (CIDF) Chile-Per\u00fa\" width=\"768\" height=\"768\"  \/><\/a>\n\t<\/div>\n<\/div>\n\n\n<div class=\"post-entry-content\">\n\n\t<h3 class=\"entry-title\">\n\t\t<a href=\"https:\/\/www.difrol.cl\/en\/xi-reunion-del-comite-de-integracion-y-desarrollo-fronterizo-cidf-chile-peruxi-reunion-del-comite-de-integracion-y-desarrollo-fronterizo-cidf-chile-peru\/\" title=\"XI Meeting of the Chile-Peru Border Integration and Development Committee (CIDF)\" rel=\"bookmark\">XI Meeting of the Chile-Peru Border Integration and Development Committee (CIDF)<\/a>\n\t<\/h3>\n\n\t\n\t<div class=\"entry-excerpt\"><p>[vc_row][vc_column][vc_column_text] On November 15 and 16, the XI Meeting of the Border Integration and Development Committee between Chile and Per\u00fa was held on Arica. The meeting was headed by the National Director Carlos Dettleff and the Director of Border Development and Integration of the Peruvian Minister of Foreign Affairs, Jos\u00e9 Luis Gonz\u00e1lez. The Ambassador of&hellip;<\/p>\n<\/div>\n\t\n<a href=\"https:\/\/www.difrol.cl\/en\/xi-reunion-del-comite-de-integracion-y-desarrollo-fronterizo-cidf-chile-peruxi-reunion-del-comite-de-integracion-y-desarrollo-fronterizo-cidf-chile-peru\/\" class=\"dt-btn-s dt-btn post-details details-type-btn\" aria-label=\"Read more about XI Meeting of the Chile-Peru Border Integration and Development Committee (CIDF)\">Read news<i class=\"dt-icon-the7-arrow-03\" aria-hidden=\"true\"><\/i><\/a>\n\n<\/div><\/article><article class=\"post project-odd hidden post-4270 type-post status-publish format-standard has-post-thumbnail hentry category-uncategorized category-30 description-off\" data-name=\"XXVIII Reuni\u00f3n del Comit\u00e9 de Integraci\u00f3n Austral\" data-date=\"2022-11-07T12:22:24-03:00\">\n\n<div class=\"post-thumbnail-wrap\">\n\t<div class=\"post-thumbnail\">\n\n\t\t\n\t\t\n\t\t<a href=\"https:\/\/www.difrol.cl\/en\/xxviii-reunion-del-comite-de-integracion-austral\/\" class=\"post-thumbnail-rollover layzr-bg layzr-bg\" ><img decoding=\"async\" class=\"blog-thumb-lazy-load preload-me lazy-load aspect\" src=\"data:image\/svg+xml,%3Csvg%20xmlns%3D&#39;http%3A%2F%2Fwww.w3.org%2F2000%2Fsvg&#39;%20viewBox%3D&#39;0%200%20768%20768&#39;%2F%3E\" data-src=\"https:\/\/www.difrol.cl\/wp-content\/uploads\/2022\/11\/XXVIII-Reunion-del-Comite-de-Integracion-Austral-768x768.png\" data-srcset=\"https:\/\/www.difrol.cl\/wp-content\/uploads\/2022\/11\/XXVIII-Reunion-del-Comite-de-Integracion-Austral-768x768.png 768w, https:\/\/www.difrol.cl\/wp-content\/uploads\/2022\/11\/XXVIII-Reunion-del-Comite-de-Integracion-Austral-920x920.png 920w\" loading=\"eager\" style=\"--ratio: 768 \/ 768\" sizes=\"(max-width: 768px) 100vw, 768px\" alt=\"\" title=\"XXVIII Reuni\u00f3n del Comit\u00e9 de Integraci\u00f3n Austral\" width=\"768\" height=\"768\"  \/><\/a>\n\t<\/div>\n<\/div>\n\n\n<div class=\"post-entry-content\">\n\n\t<h3 class=\"entry-title\">\n\t\t<a href=\"https:\/\/www.difrol.cl\/en\/xxviii-reunion-del-comite-de-integracion-austral\/\" title=\"XXVIII Reuni\u00f3n del Comit\u00e9 de Integraci\u00f3n Austral\" rel=\"bookmark\">XXVIII Reuni\u00f3n del Comit\u00e9 de Integraci\u00f3n Austral<\/a>\n\t<\/h3>\n\n\t\n\t<div class=\"entry-excerpt\"><p>[vc_row][vc_column][vc_column_text] In the city of Ushuaia, between October 24 and 25, 2022, the XXVIII Meeting of the Southern Integration Committee took place, chaired by Minister Gabriel Servetto, Director of Limits and Borders of the Ministry of Foreign Affairs, International Trade and Worship. of the Argentine Republic, and co-chaired by Carlos Dettleff, National Director of Borders&hellip;<\/p>\n<\/div>\n\t\n<a href=\"https:\/\/www.difrol.cl\/en\/xxviii-reunion-del-comite-de-integracion-austral\/\" class=\"dt-btn-s dt-btn post-details details-type-btn\" aria-label=\"Read more about XXVIII Reuni\u00f3n del Comit\u00e9 de Integraci\u00f3n Austral\">Read news<i class=\"dt-icon-the7-arrow-03\" aria-hidden=\"true\"><\/i><\/a>\n\n<\/div><\/article><article class=\"post project-odd hidden post-4193 type-post status-publish format-standard has-post-thumbnail hentry category-sin-categorizar category-uncategorized category-1 category-30 description-off\" data-name=\"Chile makes its oral presentations on the Extended Continental Shelf of Easter Island and Antarctica to the UN Commission on the Limits of the Continental Shelf\" data-date=\"2022-08-22T17:28:27-03:00\">\n\n<div class=\"post-thumbnail-wrap\">\n\t<div class=\"post-thumbnail\">\n\n\t\t\n\t\t\n\t\t<a href=\"https:\/\/www.difrol.cl\/en\/chile-realiza-sus-presentaciones-orales-de-plataforma-continental-extendida-de-isla-de-pascua-y-antartica-a-la-comision-de-limites-de-la-plataforma-continental-en-naciones-unidaschile-makes-its-oral-p\/\" class=\"post-thumbnail-rollover layzr-bg layzr-bg\" ><img decoding=\"async\" class=\"blog-thumb-lazy-load preload-me lazy-load aspect\" src=\"data:image\/svg+xml,%3Csvg%20xmlns%3D&#39;http%3A%2F%2Fwww.w3.org%2F2000%2Fsvg&#39;%20viewBox%3D&#39;0%200%20624%20624&#39;%2F%3E\" data-src=\"https:\/\/www.difrol.cl\/wp-content\/uploads\/2022\/08\/UPC-624x624.jpg\" data-srcset=\"https:\/\/www.difrol.cl\/wp-content\/uploads\/2022\/08\/UPC-624x624.jpg 624w\" loading=\"eager\" style=\"--ratio: 624 \/ 624\" sizes=\"(max-width: 624px) 100vw, 624px\" alt=\"\" title=\"UPC\" width=\"624\" height=\"624\"  \/><\/a>\n\t<\/div>\n<\/div>\n\n\n<div class=\"post-entry-content\">\n\n\t<h3 class=\"entry-title\">\n\t\t<a href=\"https:\/\/www.difrol.cl\/en\/chile-realiza-sus-presentaciones-orales-de-plataforma-continental-extendida-de-isla-de-pascua-y-antartica-a-la-comision-de-limites-de-la-plataforma-continental-en-naciones-unidaschile-makes-its-oral-p\/\" title=\"Chile makes its oral presentations on the Extended Continental Shelf of Easter Island and Antarctica to the UN Commission on the Limits of the Continental Shelf\" rel=\"bookmark\">Chile makes its oral presentations on the Extended Continental Shelf of Easter Island and Antarctica to the UN Commission on the Limits of the Continental Shelf<\/a>\n\t<\/h3>\n\n\t\n\t<div class=\"entry-excerpt\"><p>On August 10 of this year, an oral presentation was made about the submitted reports of Chile regarding the extension of the Continental Shelf both in the eastern area of the Easter Island Province as well as in the western area of the Chilean Antarctic Territory. Both oral presentations were part of the agenda of&hellip;<\/p>\n<\/div>\n\t\n<a href=\"https:\/\/www.difrol.cl\/en\/chile-realiza-sus-presentaciones-orales-de-plataforma-continental-extendida-de-isla-de-pascua-y-antartica-a-la-comision-de-limites-de-la-plataforma-continental-en-naciones-unidaschile-makes-its-oral-p\/\" class=\"dt-btn-s dt-btn post-details details-type-btn\" aria-label=\"Read more about Chile makes its oral presentations on the Extended Continental Shelf of Easter Island and Antarctica to the UN Commission on the Limits of the Continental Shelf\">Read news<i class=\"dt-icon-the7-arrow-03\" aria-hidden=\"true\"><\/i><\/a>\n\n<\/div><\/article><article class=\"post project-odd hidden post-4185 type-post status-publish format-standard has-post-thumbnail hentry category-sin-categorizar category-uncategorized category-1 category-30 description-off\" data-name=\"Mid-Term Meeting Chile &#8211; Peru 2022\" data-date=\"2022-08-19T16:38:37-03:00\">\n\n<div class=\"post-thumbnail-wrap\">\n\t<div class=\"post-thumbnail\">\n\n\t\t\n\t\t\n\t\t<a href=\"https:\/\/www.difrol.cl\/en\/mid-term-meeting-chile-peru-2022\/\" class=\"post-thumbnail-rollover layzr-bg layzr-bg\" ><img decoding=\"async\" class=\"blog-thumb-lazy-load preload-me lazy-load aspect\" src=\"data:image\/svg+xml,%3Csvg%20xmlns%3D&#39;http%3A%2F%2Fwww.w3.org%2F2000%2Fsvg&#39;%20viewBox%3D&#39;0%200%20768%20768&#39;%2F%3E\" data-src=\"https:\/\/www.difrol.cl\/wp-content\/uploads\/2022\/08\/IMG_0670-1-768x768.jpg\" data-srcset=\"https:\/\/www.difrol.cl\/wp-content\/uploads\/2022\/08\/IMG_0670-1-768x768.jpg 768w, https:\/\/www.difrol.cl\/wp-content\/uploads\/2022\/08\/IMG_0670-1-1306x1306.jpg 1306w\" loading=\"eager\" style=\"--ratio: 768 \/ 768\" sizes=\"(max-width: 768px) 100vw, 768px\" alt=\"\" title=\"IMG_0670\" width=\"768\" height=\"768\"  \/><\/a>\n\t<\/div>\n<\/div>\n\n\n<div class=\"post-entry-content\">\n\n\t<h3 class=\"entry-title\">\n\t\t<a href=\"https:\/\/www.difrol.cl\/en\/mid-term-meeting-chile-peru-2022\/\" title=\"Mid-Term Meeting Chile &#8211; Peru 2022\" rel=\"bookmark\">Mid-Term Meeting Chile &#8211; Peru 2022<\/a>\n\t<\/h3>\n\n\t\n\t<div class=\"entry-excerpt\"><p>In Arica, on August 17, 2022, in compliance with article 8 of the Regulations of the Chile-Peru Integration and Border Development Committee (CIDF), the delegations of both countries met in person, chaired by Mr. Carlos Dettleff , Director of Borders of the National Directorate of Borders and Limits of the State-DIFROL , of the Ministry&hellip;<\/p>\n<\/div>\n\t\n<a href=\"https:\/\/www.difrol.cl\/en\/mid-term-meeting-chile-peru-2022\/\" class=\"dt-btn-s dt-btn post-details details-type-btn\" aria-label=\"Read more about Mid-Term Meeting Chile &#8211; Peru 2022\">Read news<i class=\"dt-icon-the7-arrow-03\" aria-hidden=\"true\"><\/i><\/a>\n\n<\/div><\/article><article class=\"post project-odd hidden post-4076 type-post status-publish format-standard has-post-thumbnail hentry category-uncategorized category-30 description-off\" data-name=\"Chilean academic is elected as a member of the Commission on the Limits of the Continental Shelf of the United Nations\" data-date=\"2022-06-16T17:46:20-03:00\">\n\n<div class=\"post-thumbnail-wrap\">\n\t<div class=\"post-thumbnail\">\n\n\t\t\n\t\t\n\t\t<a href=\"https:\/\/www.difrol.cl\/en\/chilean-academic-is-elected-as-a-member-of-the-commission-on-the-limits-of-the-continental-shelf-of-the-united-nations\/\" class=\"post-thumbnail-rollover layzr-bg layzr-bg\" ><img decoding=\"async\" class=\"blog-thumb-lazy-load preload-me lazy-load aspect\" src=\"data:image\/svg+xml,%3Csvg%20xmlns%3D&#39;http%3A%2F%2Fwww.w3.org%2F2000%2Fsvg&#39;%20viewBox%3D&#39;0%200%20313%20313&#39;%2F%3E\" data-src=\"https:\/\/www.difrol.cl\/wp-content\/uploads\/2022\/06\/Mesa-de-trabajo-1-copia-313x313.png\" data-srcset=\"https:\/\/www.difrol.cl\/wp-content\/uploads\/2022\/06\/Mesa-de-trabajo-1-copia-313x313.png 313w\" loading=\"eager\" style=\"--ratio: 313 \/ 313\" sizes=\"(max-width: 313px) 100vw, 313px\" alt=\"\" title=\"Mesa de trabajo 1 copia\" width=\"313\" height=\"313\"  \/><\/a>\n\t<\/div>\n<\/div>\n\n\n<div class=\"post-entry-content\">\n\n\t<h3 class=\"entry-title\">\n\t\t<a href=\"https:\/\/www.difrol.cl\/en\/chilean-academic-is-elected-as-a-member-of-the-commission-on-the-limits-of-the-continental-shelf-of-the-united-nations\/\" title=\"Chilean academic is elected as a member of the Commission on the Limits of the Continental Shelf of the United Nations\" rel=\"bookmark\">Chilean academic is elected as a member of the Commission on the Limits of the Continental Shelf of the United Nations<\/a>\n\t<\/h3>\n\n\t\n\t<div class=\"entry-excerpt\"><p>During the elections held on June 15th at the 32nd Meeting of the States Parties of the United Nations Convention on the Law of the Sea (UNCLOS) in New York, the Chilean academic Gonzalo Y\u00e1\u00f1ez was re-elected with 156 votes as a member of the Commission on the Limits of the Continental Shelf (CLCS) for&hellip;<\/p>\n<\/div>\n\t\n<a href=\"https:\/\/www.difrol.cl\/en\/chilean-academic-is-elected-as-a-member-of-the-commission-on-the-limits-of-the-continental-shelf-of-the-united-nations\/\" class=\"dt-btn-s dt-btn post-details details-type-btn\" aria-label=\"Read more about Chilean academic is elected as a member of the Commission on the Limits of the Continental Shelf of the United Nations\">Read news<i class=\"dt-icon-the7-arrow-03\" aria-hidden=\"true\"><\/i><\/a>\n\n<\/div><\/article><article class=\"post project-odd hidden post-3985 type-post status-publish format-standard has-post-thumbnail hentry category-uncategorized category-30 description-off\" data-name=\"XXII Reuni\u00f3n del Comit\u00e9 de Integraci\u00f3n ATACALARXXII Meeting of the ATACALAR Integration Committee\" data-date=\"2022-05-12T15:46:53-03:00\">\n\n<div class=\"post-thumbnail-wrap\">\n\t<div class=\"post-thumbnail\">\n\n\t\t\n\t\t\n\t\t<a href=\"https:\/\/www.difrol.cl\/en\/xxii-reunion-del-comite-de-integracion-atacalarxxii-meeting-of-the-atacalar-integration-committee\/\" class=\"post-thumbnail-rollover layzr-bg layzr-bg\" ><img decoding=\"async\" class=\"blog-thumb-lazy-load preload-me lazy-load aspect\" src=\"data:image\/svg+xml,%3Csvg%20xmlns%3D&#39;http%3A%2F%2Fwww.w3.org%2F2000%2Fsvg&#39;%20viewBox%3D&#39;0%200%20737%20737&#39;%2F%3E\" data-src=\"https:\/\/www.difrol.cl\/wp-content\/uploads\/2022\/05\/ATACALAR-2022-737x737.jpg\" data-srcset=\"https:\/\/www.difrol.cl\/wp-content\/uploads\/2022\/05\/ATACALAR-2022-737x737.jpg 737w\" loading=\"eager\" style=\"--ratio: 737 \/ 737\" sizes=\"(max-width: 737px) 100vw, 737px\" alt=\"\" title=\"ATACALAR 2022\" width=\"737\" height=\"737\"  \/><\/a>\n\t<\/div>\n<\/div>\n\n\n<div class=\"post-entry-content\">\n\n\t<h3 class=\"entry-title\">\n\t\t<a href=\"https:\/\/www.difrol.cl\/en\/xxii-reunion-del-comite-de-integracion-atacalarxxii-meeting-of-the-atacalar-integration-committee\/\" title=\"XXII Reuni\u00f3n del Comit\u00e9 de Integraci\u00f3n ATACALARXXII Meeting of the ATACALAR Integration Committee\" rel=\"bookmark\">XXII Reuni\u00f3n del Comit\u00e9 de Integraci\u00f3n ATACALARXXII Meeting of the ATACALAR Integration Committee<\/a>\n\t<\/h3>\n\n\t\n\t<div class=\"entry-excerpt\"><p>After the attacks of the Pandemic and with important delegations, the Agenda between Chile and Argentina has been resumed in person and from Argentina and deep Chile, from its Regions and Provinces, the engine of the greatest achievements in relations between both countries, specifically from the Argentine city of La Rioja, where the XXII Meeting&hellip;<\/p>\n<\/div>\n\t\n<a href=\"https:\/\/www.difrol.cl\/en\/xxii-reunion-del-comite-de-integracion-atacalarxxii-meeting-of-the-atacalar-integration-committee\/\" class=\"dt-btn-s dt-btn post-details details-type-btn\" aria-label=\"Read more about XXII Reuni\u00f3n del Comit\u00e9 de Integraci\u00f3n ATACALARXXII Meeting of the ATACALAR Integration Committee\">Read news<i class=\"dt-icon-the7-arrow-03\" aria-hidden=\"true\"><\/i><\/a>\n\n<\/div><\/article><article class=\"post project-odd hidden post-3980 type-post status-publish format-standard has-post-thumbnail hentry category-uncategorized category-30 description-off\" data-name=\"Meeting of the Permanent Mixed Commission of Limits Chile &#8211; Peru\" data-date=\"2022-05-12T15:30:48-03:00\">\n\n<div class=\"post-thumbnail-wrap\">\n\t<div class=\"post-thumbnail\">\n\n\t\t\n\t\t\n\t\t<a href=\"https:\/\/www.difrol.cl\/en\/meeting-of-the-permanent-mixed-commission-of-limits-chile-peru\/\" class=\"post-thumbnail-rollover layzr-bg layzr-bg\" ><img decoding=\"async\" class=\"blog-thumb-lazy-load preload-me lazy-load aspect\" src=\"data:image\/svg+xml,%3Csvg%20xmlns%3D&#39;http%3A%2F%2Fwww.w3.org%2F2000%2Fsvg&#39;%20viewBox%3D&#39;0%200%20363%20363&#39;%2F%3E\" data-src=\"https:\/\/www.difrol.cl\/wp-content\/uploads\/2022\/05\/standard_Peru\u0301Chile1-363x363.png\" data-srcset=\"https:\/\/www.difrol.cl\/wp-content\/uploads\/2022\/05\/standard_Peru\u0301Chile1-363x363.png 363w\" loading=\"eager\" style=\"--ratio: 363 \/ 363\" sizes=\"(max-width: 363px) 100vw, 363px\" alt=\"\" title=\"standard_Peru\u0301Chile1.png\" width=\"363\" height=\"363\"  \/><\/a>\n\t<\/div>\n<\/div>\n\n\n<div class=\"post-entry-content\">\n\n\t<h3 class=\"entry-title\">\n\t\t<a href=\"https:\/\/www.difrol.cl\/en\/meeting-of-the-permanent-mixed-commission-of-limits-chile-peru\/\" title=\"Meeting of the Permanent Mixed Commission of Limits Chile &#8211; Peru\" rel=\"bookmark\">Meeting of the Permanent Mixed Commission of Limits Chile &#8211; Peru<\/a>\n\t<\/h3>\n\n\t\n\t<div class=\"entry-excerpt\"><p>On April 29 and 30, 2022, in Lima, Per\u00fa, the Seventh Ordinary Meeting of the Permanent Mixed Boundary Commission Chile \u2013 Per\u00fa took place. A Chilean delegation, led by Mr. Samy Hawa Arellano, President of the Chilean Boundary Commission of the National Department of State Boundaries and Border Zones (DIFROL), and composed by Efra\u00edn Olivares&hellip;<\/p>\n<\/div>\n\t\n<a href=\"https:\/\/www.difrol.cl\/en\/meeting-of-the-permanent-mixed-commission-of-limits-chile-peru\/\" class=\"dt-btn-s dt-btn post-details details-type-btn\" aria-label=\"Read more about Meeting of the Permanent Mixed Commission of Limits Chile &#8211; Peru\">Read news<i class=\"dt-icon-the7-arrow-03\" aria-hidden=\"true\"><\/i><\/a>\n\n<\/div><\/article><article class=\"post project-odd hidden post-3921 type-post status-publish format-standard has-post-thumbnail hentry category-uncategorized category-30 description-off\" data-name=\"Chile presents its submission on the Extended Continental Shelf of the Chilean Antarctic Territory to the United Nations\" data-date=\"2022-03-25T11:38:36-03:00\">\n\n<div class=\"post-thumbnail-wrap\">\n\t<div class=\"post-thumbnail\">\n\n\t\t\n\t\t\n\t\t<a href=\"https:\/\/www.difrol.cl\/en\/chile-presents-its-submission-on-the-extended-continental-shelf-of-the-chilean-antarctic-territory-to-the-united-nations\/\" class=\"post-thumbnail-rollover layzr-bg layzr-bg\" ><img decoding=\"async\" class=\"blog-thumb-lazy-load preload-me lazy-load aspect\" src=\"data:image\/svg+xml,%3Csvg%20xmlns%3D&#39;http%3A%2F%2Fwww.w3.org%2F2000%2Fsvg&#39;%20viewBox%3D&#39;0%200%20768%20768&#39;%2F%3E\" data-src=\"https:\/\/www.difrol.cl\/wp-content\/uploads\/2022\/03\/upc-768x768.jpg\" data-srcset=\"https:\/\/www.difrol.cl\/wp-content\/uploads\/2022\/03\/upc-768x768.jpg 768w, https:\/\/www.difrol.cl\/wp-content\/uploads\/2022\/03\/upc-867x867.jpg 867w\" loading=\"eager\" style=\"--ratio: 768 \/ 768\" sizes=\"(max-width: 768px) 100vw, 768px\" alt=\"\" title=\"upc\" width=\"768\" height=\"768\"  \/><\/a>\n\t<\/div>\n<\/div>\n\n\n<div class=\"post-entry-content\">\n\n\t<h3 class=\"entry-title\">\n\t\t<a href=\"https:\/\/www.difrol.cl\/en\/chile-presents-its-submission-on-the-extended-continental-shelf-of-the-chilean-antarctic-territory-to-the-united-nations\/\" title=\"Chile presents its submission on the Extended Continental Shelf of the Chilean Antarctic Territory to the United Nations\" rel=\"bookmark\">Chile presents its submission on the Extended Continental Shelf of the Chilean Antarctic Territory to the United Nations<\/a>\n\t<\/h3>\n\n\t\n\t<div class=\"entry-excerpt\"><p>On February 28, Chile presented to the Commission on the Limits of the Continental Shelf (CLCS) of the United Nations the submission on the Extended Continental Shelf to the West of the Chilean Antarctic Territory. This submission is the result of a joint effort between the Continental Shelf Unit of the National Department of State&hellip;<\/p>\n<\/div>\n\t\n<a href=\"https:\/\/www.difrol.cl\/en\/chile-presents-its-submission-on-the-extended-continental-shelf-of-the-chilean-antarctic-territory-to-the-united-nations\/\" class=\"dt-btn-s dt-btn post-details details-type-btn\" aria-label=\"Read more about Chile presents its submission on the Extended Continental Shelf of the Chilean Antarctic Territory to the United Nations\">Read news<i class=\"dt-icon-the7-arrow-03\" aria-hidden=\"true\"><\/i><\/a>\n\n<\/div><\/article><article class=\"post project-odd hidden post-3461 type-post status-publish format-standard has-post-thumbnail hentry category-sin-categorizar category-1 description-off\" data-name=\"XXIX Meeting of Jurists of Public International Law\" data-date=\"2021-12-17T13:25:18-03:00\">\n\n<div class=\"post-thumbnail-wrap\">\n\t<div class=\"post-thumbnail\">\n\n\t\t\n\t\t\n\t\t<a href=\"https:\/\/www.difrol.cl\/en\/xxix-meeting-of-jurists-of-public-international-law\/\" class=\"post-thumbnail-rollover layzr-bg layzr-bg\" ><img decoding=\"async\" class=\"blog-thumb-lazy-load preload-me lazy-load aspect\" src=\"data:image\/svg+xml,%3Csvg%20xmlns%3D&#39;http%3A%2F%2Fwww.w3.org%2F2000%2Fsvg&#39;%20viewBox%3D&#39;0%200%20768%20768&#39;%2F%3E\" data-src=\"https:\/\/www.difrol.cl\/wp-content\/uploads\/2021\/12\/Captura-de-pantalla-2021-12-17-132129-768x768.png\" data-srcset=\"https:\/\/www.difrol.cl\/wp-content\/uploads\/2021\/12\/Captura-de-pantalla-2021-12-17-132129-768x768.png 768w, https:\/\/www.difrol.cl\/wp-content\/uploads\/2021\/12\/Captura-de-pantalla-2021-12-17-132129-930x930.png 930w\" loading=\"eager\" style=\"--ratio: 768 \/ 768\" sizes=\"(max-width: 768px) 100vw, 768px\" alt=\"\" title=\"Captura de pantalla 2021-12-17 132129\" width=\"768\" height=\"768\"  \/><\/a>\n\t<\/div>\n<\/div>\n\n\n<div class=\"post-entry-content\">\n\n\t<h3 class=\"entry-title\">\n\t\t<a href=\"https:\/\/www.difrol.cl\/en\/xxix-meeting-of-jurists-of-public-international-law\/\" title=\"XXIX Meeting of Jurists of Public International Law\" rel=\"bookmark\">XXIX Meeting of Jurists of Public International Law<\/a>\n\t<\/h3>\n\n\t\n\t<div class=\"entry-excerpt\"><p>On 2 December 2021, the National Director of Border Zones and International Boundaries, Ambassador Ximena Fuentes Torrijo, participated as a speaker at the online seminar \u201cXXIX Encuentro Juristas del Derecho Internacional P\u00fablico\u201d organized by the Economic Administrative Law Program of the Law Faculty of the Pontificia Universidad Cat\u00f3lica de Chile. During the session, which focused&hellip;<\/p>\n<\/div>\n\t\n<a href=\"https:\/\/www.difrol.cl\/en\/xxix-meeting-of-jurists-of-public-international-law\/\" class=\"dt-btn-s dt-btn post-details details-type-btn\" aria-label=\"Read more about XXIX Meeting of Jurists of Public International Law\">Read news<i class=\"dt-icon-the7-arrow-03\" aria-hidden=\"true\"><\/i><\/a>\n\n<\/div><\/article><article class=\"post project-odd hidden post-3421 type-post status-publish format-standard has-post-thumbnail hentry category-uncategorized category-30 description-off\" data-name=\"Donation Of Books And Documents By Historian Felix Gajardo Maldonado\" data-date=\"2021-10-20T10:25:15-03:00\">\n\n<div class=\"post-thumbnail-wrap\">\n\t<div class=\"post-thumbnail\">\n\n\t\t\n\t\t\n\t\t<a href=\"https:\/\/www.difrol.cl\/en\/donation-of-books-and-documents-by-historian-felix-gajardo-maldonado\/\" class=\"post-thumbnail-rollover layzr-bg layzr-bg\" ><img decoding=\"async\" class=\"blog-thumb-lazy-load preload-me lazy-load aspect\" src=\"data:image\/svg+xml,%3Csvg%20xmlns%3D&#39;http%3A%2F%2Fwww.w3.org%2F2000%2Fsvg&#39;%20viewBox%3D&#39;0%200%20397%20397&#39;%2F%3E\" data-src=\"https:\/\/www.difrol.cl\/wp-content\/uploads\/2021\/10\/Mesa-de-trabajo-1-8-397x397.png\" data-srcset=\"https:\/\/www.difrol.cl\/wp-content\/uploads\/2021\/10\/Mesa-de-trabajo-1-8-397x397.png 397w\" loading=\"eager\" style=\"--ratio: 397 \/ 397\" sizes=\"(max-width: 397px) 100vw, 397px\" alt=\"\" title=\"Mesa de trabajo 1-8\" width=\"397\" height=\"397\"  \/><\/a>\n\t<\/div>\n<\/div>\n\n\n<div class=\"post-entry-content\">\n\n\t<h3 class=\"entry-title\">\n\t\t<a href=\"https:\/\/www.difrol.cl\/en\/donation-of-books-and-documents-by-historian-felix-gajardo-maldonado\/\" title=\"Donation Of Books And Documents By Historian Felix Gajardo Maldonado\" rel=\"bookmark\">Donation Of Books And Documents By Historian Felix Gajardo Maldonado<\/a>\n\t<\/h3>\n\n\t\n\t<div class=\"entry-excerpt\"><p>The outstanding historian and honorary director of the Chilean Society of History and Geography has donated many books and documents related to border and historical matters, among others, all of which were part of his life, and documents about the border and historical issues, among many others, all of which were part of his extraordinary&hellip;<\/p>\n<\/div>\n\t\n<a href=\"https:\/\/www.difrol.cl\/en\/donation-of-books-and-documents-by-historian-felix-gajardo-maldonado\/\" class=\"dt-btn-s dt-btn post-details details-type-btn\" aria-label=\"Read more about Donation Of Books And Documents By Historian Felix Gajardo Maldonado\">Read news<i class=\"dt-icon-the7-arrow-03\" aria-hidden=\"true\"><\/i><\/a>\n\n<\/div><\/article><article class=\"post project-odd hidden post-3403 type-post status-publish format-standard has-post-thumbnail hentry category-uncategorized category-30 description-off\" data-name=\"online seminar &#8220;Transboundary Freshwater Security Governance Train&#8221;\" data-date=\"2021-09-22T17:46:38-03:00\">\n\n<div class=\"post-thumbnail-wrap\">\n\t<div class=\"post-thumbnail\">\n\n\t\t\n\t\t\n\t\t<a href=\"https:\/\/www.difrol.cl\/en\/online-seminar-transboundary-freshwater-security-governance-train\/\" class=\"post-thumbnail-rollover layzr-bg layzr-bg\" ><img decoding=\"async\" class=\"blog-thumb-lazy-load preload-me lazy-load aspect\" src=\"data:image\/svg+xml,%3Csvg%20xmlns%3D&#39;http%3A%2F%2Fwww.w3.org%2F2000%2Fsvg&#39;%20viewBox%3D&#39;0%200%20768%20768&#39;%2F%3E\" data-src=\"https:\/\/www.difrol.cl\/wp-content\/uploads\/2021\/09\/Transboundary-Freshwater-Security-Governance-Train-768x768.jpg\" data-srcset=\"https:\/\/www.difrol.cl\/wp-content\/uploads\/2021\/09\/Transboundary-Freshwater-Security-Governance-Train-768x768.jpg 768w, https:\/\/www.difrol.cl\/wp-content\/uploads\/2021\/09\/Transboundary-Freshwater-Security-Governance-Train-1080x1080.jpg 1080w\" loading=\"eager\" style=\"--ratio: 768 \/ 768\" sizes=\"(max-width: 768px) 100vw, 768px\" alt=\"\" title=\"Transboundary Freshwater Security Governance Train\" width=\"768\" height=\"768\"  \/><\/a>\n\t<\/div>\n<\/div>\n\n\n<div class=\"post-entry-content\">\n\n\t<h3 class=\"entry-title\">\n\t\t<a href=\"https:\/\/www.difrol.cl\/en\/online-seminar-transboundary-freshwater-security-governance-train\/\" title=\"online seminar &#8220;Transboundary Freshwater Security Governance Train&#8221;\" rel=\"bookmark\">online seminar &#8220;Transboundary Freshwater Security Governance Train&#8221;<\/a>\n\t<\/h3>\n\n\t\n\t<div class=\"entry-excerpt\"><p>On 21 September 2021, the National Director of Border Zones and International Boundaries, Ambassador Ximena Fuentes Torrijo, participated as a speaker at the online seminar \u201cTransboundary Freshwater Security Governance Train\u201d organized by Global Water Partnership (GWP) and Wuhan International Water Law Academy (IWLA). During the session, focused on International Water Law and Dispute Resolution, the&hellip;<\/p>\n<\/div>\n\t\n<a href=\"https:\/\/www.difrol.cl\/en\/online-seminar-transboundary-freshwater-security-governance-train\/\" class=\"dt-btn-s dt-btn post-details details-type-btn\" aria-label=\"Read more about online seminar &#8220;Transboundary Freshwater Security Governance Train&#8221;\">Read news<i class=\"dt-icon-the7-arrow-03\" aria-hidden=\"true\"><\/i><\/a>\n\n<\/div><\/article><article class=\"post project-odd hidden post-3334 type-post status-publish format-standard has-post-thumbnail hentry category-uncategorized category-30 description-off\" data-name=\"Comisi\u00f3n mixta Chile \u2013 Per\u00fa efect\u00faa mejoramiento de hitos en l\u00edmite fronterizoMIXED BOUNDARY COMMISSION CHILE-PERU\" data-date=\"2021-07-23T18:23:10-03:00\">\n\n<div class=\"post-thumbnail-wrap\">\n\t<div class=\"post-thumbnail\">\n\n\t\t\n\t\t\n\t\t<a href=\"https:\/\/www.difrol.cl\/en\/comision-mixta-chile-peru-efectua-mejoramiento-de-hitos-en-limite-fronterizomixed-boundary-commission-chile-peru\/\" class=\"post-thumbnail-rollover layzr-bg layzr-bg\" ><img decoding=\"async\" class=\"blog-thumb-lazy-load preload-me lazy-load aspect\" src=\"data:image\/svg+xml,%3Csvg%20xmlns%3D&#39;http%3A%2F%2Fwww.w3.org%2F2000%2Fsvg&#39;%20viewBox%3D&#39;0%200%20768%20768&#39;%2F%3E\" data-src=\"https:\/\/www.difrol.cl\/wp-content\/uploads\/2021\/07\/foto_noticia_hito-768x768.png\" data-srcset=\"https:\/\/www.difrol.cl\/wp-content\/uploads\/2021\/07\/foto_noticia_hito-768x768.png 768w, https:\/\/www.difrol.cl\/wp-content\/uploads\/2021\/07\/foto_noticia_hito-849x849.png 849w\" loading=\"eager\" style=\"--ratio: 768 \/ 768\" sizes=\"(max-width: 768px) 100vw, 768px\" alt=\"\" title=\"foto_noticia_hito\" width=\"768\" height=\"768\"  \/><\/a>\n\t<\/div>\n<\/div>\n\n\n<div class=\"post-entry-content\">\n\n\t<h3 class=\"entry-title\">\n\t\t<a href=\"https:\/\/www.difrol.cl\/en\/comision-mixta-chile-peru-efectua-mejoramiento-de-hitos-en-limite-fronterizomixed-boundary-commission-chile-peru\/\" title=\"Comisi\u00f3n mixta Chile \u2013 Per\u00fa efect\u00faa mejoramiento de hitos en l\u00edmite fronterizoMIXED BOUNDARY COMMISSION CHILE-PERU\" rel=\"bookmark\">Comisi\u00f3n mixta Chile \u2013 Per\u00fa efect\u00faa mejoramiento de hitos en l\u00edmite fronterizoMIXED BOUNDARY COMMISSION CHILE-PERU<\/a>\n\t<\/h3>\n\n\t\n\t<div class=\"entry-excerpt\"><p>[vc_row][vc_column][vc_column_text]Between the 12 and 16 of July 2021, the Mixed Boundary Commission replaced and improved boundary posts 10, 11, 12, and 13 of the coastal sector of the International Boundary with Per\u00fa (Chacalluta). The boundary posts that were in bad conditions were replaced, and those that were in a better state, were repaired. The pictures&hellip;<\/p>\n<\/div>\n\t\n<a href=\"https:\/\/www.difrol.cl\/en\/comision-mixta-chile-peru-efectua-mejoramiento-de-hitos-en-limite-fronterizomixed-boundary-commission-chile-peru\/\" class=\"dt-btn-s dt-btn post-details details-type-btn\" aria-label=\"Read more about Comisi\u00f3n mixta Chile \u2013 Per\u00fa efect\u00faa mejoramiento de hitos en l\u00edmite fronterizoMIXED BOUNDARY COMMISSION CHILE-PERU\">Read news<i class=\"dt-icon-the7-arrow-03\" aria-hidden=\"true\"><\/i><\/a>\n\n<\/div><\/article><article class=\"post project-odd hidden post-2993 type-post status-publish format-standard has-post-thumbnail hentry category-uncategorized category-30 description-off\" data-name=\"Visit of the Governor of the Province of Cha\u00f1aral\" data-date=\"2021-03-11T14:11:43-03:00\">\n\n<div class=\"post-thumbnail-wrap\">\n\t<div class=\"post-thumbnail\">\n\n\t\t\n\t\t\n\t\t<a href=\"https:\/\/www.difrol.cl\/en\/visit-of-the-governor-of-the-province-of-chanaral\/\" class=\"post-thumbnail-rollover layzr-bg layzr-bg\" ><img decoding=\"async\" class=\"blog-thumb-lazy-load preload-me lazy-load aspect\" src=\"data:image\/svg+xml,%3Csvg%20xmlns%3D&#39;http%3A%2F%2Fwww.w3.org%2F2000%2Fsvg&#39;%20viewBox%3D&#39;0%200%20344%20344&#39;%2F%3E\" data-src=\"https:\/\/www.difrol.cl\/wp-content\/uploads\/2021\/03\/Visita-del-Gobernador-de-la-Provincia-de-Chanaral-e1616606302610-344x344.jpg\" data-srcset=\"https:\/\/www.difrol.cl\/wp-content\/uploads\/2021\/03\/Visita-del-Gobernador-de-la-Provincia-de-Chanaral-e1616606302610-344x344.jpg 344w\" loading=\"eager\" style=\"--ratio: 344 \/ 344\" sizes=\"(max-width: 344px) 100vw, 344px\" alt=\"\" title=\"Visita del Gobernador de la Provincia de Cha\u00f1aral\" width=\"344\" height=\"344\"  \/><\/a>\n\t<\/div>\n<\/div>\n\n\n<div class=\"post-entry-content\">\n\n\t<h3 class=\"entry-title\">\n\t\t<a href=\"https:\/\/www.difrol.cl\/en\/visit-of-the-governor-of-the-province-of-chanaral\/\" title=\"Visit of the Governor of the Province of Cha\u00f1aral\" rel=\"bookmark\">Visit of the Governor of the Province of Cha\u00f1aral<\/a>\n\t<\/h3>\n\n\t\n\t<div class=\"entry-excerpt\"><p>On 11 March 2021, the Governor of the Province of Cha\u00f1aral, Ignacio Urcull\u00fa, and the Director of the Department of Regional Coordination, MC Juan Pablo Cris\u00f3stomo, held a meeting with the Director of Borders, Mr. Carlos Dettleff, with the purpose of coordinating the details of the bilateral activities organized by our local authorities and the&hellip;<\/p>\n<\/div>\n\t\n<a href=\"https:\/\/www.difrol.cl\/en\/visit-of-the-governor-of-the-province-of-chanaral\/\" class=\"dt-btn-s dt-btn post-details details-type-btn\" aria-label=\"Read more about Visit of the Governor of the Province of Cha\u00f1aral\">Read news<i class=\"dt-icon-the7-arrow-03\" aria-hidden=\"true\"><\/i><\/a>\n\n<\/div><\/article><article class=\"post project-odd hidden post-2987 type-post status-publish format-standard has-post-thumbnail hentry category-uncategorized category-30 description-off\" data-name=\"Reuni\u00f3n del Grupo de Trabajo Invernal Chileno-ArgentinoMeeting of the Chile-Argentina Winter Season Working Group\" data-date=\"2021-03-11T13:46:00-03:00\">\n\n<div class=\"post-thumbnail-wrap\">\n\t<div class=\"post-thumbnail\">\n\n\t\t\n\t\t\n\t\t<a href=\"https:\/\/www.difrol.cl\/en\/reunion-del-grupo-de-trabajo-invernal-chileno-argentinomeeting-of-the-chile-argentina-winter-season-working-group\/\" class=\"post-thumbnail-rollover layzr-bg layzr-bg\" ><img decoding=\"async\" class=\"blog-thumb-lazy-load preload-me lazy-load aspect\" src=\"data:image\/svg+xml,%3Csvg%20xmlns%3D&#39;http%3A%2F%2Fwww.w3.org%2F2000%2Fsvg&#39;%20viewBox%3D&#39;0%200%20488%20488&#39;%2F%3E\" data-src=\"https:\/\/www.difrol.cl\/wp-content\/uploads\/2021\/03\/GTI2-488x488.jpeg\" data-srcset=\"https:\/\/www.difrol.cl\/wp-content\/uploads\/2021\/03\/GTI2-488x488.jpeg 488w\" loading=\"eager\" style=\"--ratio: 488 \/ 488\" sizes=\"(max-width: 488px) 100vw, 488px\" alt=\"\" title=\"GTI2\" width=\"488\" height=\"488\"  \/><\/a>\n\t<\/div>\n<\/div>\n\n\n<div class=\"post-entry-content\">\n\n\t<h3 class=\"entry-title\">\n\t\t<a href=\"https:\/\/www.difrol.cl\/en\/reunion-del-grupo-de-trabajo-invernal-chileno-argentinomeeting-of-the-chile-argentina-winter-season-working-group\/\" title=\"Reuni\u00f3n del Grupo de Trabajo Invernal Chileno-ArgentinoMeeting of the Chile-Argentina Winter Season Working Group\" rel=\"bookmark\">Reuni\u00f3n del Grupo de Trabajo Invernal Chileno-ArgentinoMeeting of the Chile-Argentina Winter Season Working Group<\/a>\n\t<\/h3>\n\n\t\n\t<div class=\"entry-excerpt\"><p>On 11 March 2021, the Chile-Argentina Winter Season Working Group (GTI) held a videoconference meeting in which the delegations of both countries reviewed the result of the 2020 winter operations of the four working works: North, Center, South, and Austral.The Chilean delegation was presided by the Director of Borders, Mr. Carlos Dettleff, and the Argentinean&hellip;<\/p>\n<\/div>\n\t\n<a href=\"https:\/\/www.difrol.cl\/en\/reunion-del-grupo-de-trabajo-invernal-chileno-argentinomeeting-of-the-chile-argentina-winter-season-working-group\/\" class=\"dt-btn-s dt-btn post-details details-type-btn\" aria-label=\"Read more about Reuni\u00f3n del Grupo de Trabajo Invernal Chileno-ArgentinoMeeting of the Chile-Argentina Winter Season Working Group\">Read news<i class=\"dt-icon-the7-arrow-03\" aria-hidden=\"true\"><\/i><\/a>\n\n<\/div><\/article><article class=\"post project-odd hidden post-2976 type-post status-publish format-standard has-post-thumbnail hentry category-sin-categorizar category-1 description-off\" data-name=\"Visit of Ambassador Bielsa to the premises of the Chilean Border Post, Los Libertadores.\" data-date=\"2021-03-09T13:11:45-03:00\">\n\n<div class=\"post-thumbnail-wrap\">\n\t<div class=\"post-thumbnail\">\n\n\t\t\n\t\t\n\t\t<a href=\"https:\/\/www.difrol.cl\/en\/visita-del-emvisit-of-ambassador-bielsa-to-the-premises-of-the-chilean-border-post-los-libertadores-bajador-bielsa-al-complejo-los-libertadores-del-paso-sistema-cristo-redentor\/\" class=\"post-thumbnail-rollover layzr-bg layzr-bg\" ><img decoding=\"async\" class=\"blog-thumb-lazy-load preload-me lazy-load aspect\" src=\"data:image\/svg+xml,%3Csvg%20xmlns%3D&#39;http%3A%2F%2Fwww.w3.org%2F2000%2Fsvg&#39;%20viewBox%3D&#39;0%200%20645%20645&#39;%2F%3E\" data-src=\"https:\/\/www.difrol.cl\/wp-content\/uploads\/2021\/03\/LL1-645x645.jpeg\" data-srcset=\"https:\/\/www.difrol.cl\/wp-content\/uploads\/2021\/03\/LL1-645x645.jpeg 645w\" loading=\"eager\" style=\"--ratio: 645 \/ 645\" sizes=\"(max-width: 645px) 100vw, 645px\" alt=\"\" title=\"LL1\" width=\"645\" height=\"645\"  \/><\/a>\n\t<\/div>\n<\/div>\n\n\n<div class=\"post-entry-content\">\n\n\t<h3 class=\"entry-title\">\n\t\t<a href=\"https:\/\/www.difrol.cl\/en\/visita-del-emvisit-of-ambassador-bielsa-to-the-premises-of-the-chilean-border-post-los-libertadores-bajador-bielsa-al-complejo-los-libertadores-del-paso-sistema-cristo-redentor\/\" title=\"Visit of Ambassador Bielsa to the premises of the Chilean Border Post, Los Libertadores.\" rel=\"bookmark\">Visit of Ambassador Bielsa to the premises of the Chilean Border Post, Los Libertadores.<\/a>\n\t<\/h3>\n\n\t\n\t<div class=\"entry-excerpt\"><p>On 9 March 2021, a team from the Department of Borders (DIRFRON) headed by its director, Carlos Dettleff, accompanied the Argentinean Ambassador in Chile, His Excellency Rafael Bielsa, in his official visit to the premises of the Chilean border post, Los Libertadores, which forms part of the system of border posts between Chile and Argentina&hellip;<\/p>\n<\/div>\n\t\n<a href=\"https:\/\/www.difrol.cl\/en\/visita-del-emvisit-of-ambassador-bielsa-to-the-premises-of-the-chilean-border-post-los-libertadores-bajador-bielsa-al-complejo-los-libertadores-del-paso-sistema-cristo-redentor\/\" class=\"dt-btn-s dt-btn post-details details-type-btn\" aria-label=\"Read more about Visit of Ambassador Bielsa to the premises of the Chilean Border Post, Los Libertadores.\">Read news<i class=\"dt-icon-the7-arrow-03\" aria-hidden=\"true\"><\/i><\/a>\n\n<\/div><\/article><article class=\"post project-odd hidden post-2939 type-post status-publish format-standard has-post-thumbnail hentry category-uncategorized category-30 description-off\" data-name=\"Chile submits its Report on the Eastern Continental Shelf of Easter Island Province to the Commission on the Limits of the Continental Shelf of the United Nations\" data-date=\"2020-12-23T11:16:49-03:00\">\n\n<div class=\"post-thumbnail-wrap\">\n\t<div class=\"post-thumbnail\">\n\n\t\t\n\t\t\n\t\t<a href=\"https:\/\/www.difrol.cl\/en\/chile-presenta-informe-sobre-plataforma-continental-extendida-de-isla-de-pascua-ante-naciones-unidaschile-submits-its-report-on-the-eastern-continental-shelf-of-easter-island-province-to-the-commissio\/\" class=\"post-thumbnail-rollover layzr-bg layzr-bg\" ><img decoding=\"async\" class=\"blog-thumb-lazy-load preload-me lazy-load aspect\" src=\"data:image\/svg+xml,%3Csvg%20xmlns%3D&#39;http%3A%2F%2Fwww.w3.org%2F2000%2Fsvg&#39;%20viewBox%3D&#39;0%200%20768%20768&#39;%2F%3E\" data-src=\"https:\/\/www.difrol.cl\/wp-content\/uploads\/2020\/12\/Entrega-informe-1--768x768.jpg\" data-srcset=\"https:\/\/www.difrol.cl\/wp-content\/uploads\/2020\/12\/Entrega-informe-1--768x768.jpg 768w, https:\/\/www.difrol.cl\/wp-content\/uploads\/2020\/12\/Entrega-informe-1--1198x1198.jpg 1198w\" loading=\"eager\" style=\"--ratio: 768 \/ 768\" sizes=\"(max-width: 768px) 100vw, 768px\" alt=\"\" title=\"hdr\" width=\"768\" height=\"768\"  \/><\/a>\n\t<\/div>\n<\/div>\n\n\n<div class=\"post-entry-content\">\n\n\t<h3 class=\"entry-title\">\n\t\t<a href=\"https:\/\/www.difrol.cl\/en\/chile-presenta-informe-sobre-plataforma-continental-extendida-de-isla-de-pascua-ante-naciones-unidaschile-submits-its-report-on-the-eastern-continental-shelf-of-easter-island-province-to-the-commissio\/\" title=\"Chile submits its Report on the Eastern Continental Shelf of Easter Island Province to the Commission on the Limits of the Continental Shelf of the United Nations\" rel=\"bookmark\">Chile submits its Report on the Eastern Continental Shelf of Easter Island Province to the Commission on the Limits of the Continental Shelf of the United Nations<\/a>\n\t<\/h3>\n\n\t\n\t<div class=\"entry-excerpt\"><p>[vc_row][vc_column][vc_column_text] On December 21, the Ambassador of Chile to the United Nations, Milenko Skoknic, has submitted the Report of the Republic of Chile on the Eastern Continental Shelf of the Province of Easter Island to the Commission on the Limits of the Continental Shelf. The continental shelf is the natural prolongation of the land territory&hellip;<\/p>\n<\/div>\n\t\n<a href=\"https:\/\/www.difrol.cl\/en\/chile-presenta-informe-sobre-plataforma-continental-extendida-de-isla-de-pascua-ante-naciones-unidaschile-submits-its-report-on-the-eastern-continental-shelf-of-easter-island-province-to-the-commissio\/\" class=\"dt-btn-s dt-btn post-details details-type-btn\" aria-label=\"Read more about Chile submits its Report on the Eastern Continental Shelf of Easter Island Province to the Commission on the Limits of the Continental Shelf of the United Nations\">Read news<i class=\"dt-icon-the7-arrow-03\" aria-hidden=\"true\"><\/i><\/a>\n\n<\/div><\/article><article class=\"post project-odd hidden post-2800 type-post status-publish format-standard has-post-thumbnail hentry category-uncategorized category-30 description-off\" data-name=\"Director Fuentes participates commemorated the second anniversary of the Hague&#8217;s ruling in the Obligation to Negotiate case Bolivia v. Chile\" data-date=\"2020-10-02T12:55:23-03:00\">\n\n<div class=\"post-thumbnail-wrap\">\n\t<div class=\"post-thumbnail\">\n\n\t\t\n\t\t\n\t\t<a href=\"https:\/\/www.difrol.cl\/en\/director-fuentes-participates-commemorated-the-second-anniversary-of-the-hagues-ruling-in-the-obligation-to-negotiate-case-bolivia-v-chile\/\" class=\"post-thumbnail-rollover layzr-bg layzr-bg\" ><img decoding=\"async\" class=\"blog-thumb-lazy-load preload-me lazy-load aspect\" src=\"data:image\/svg+xml,%3Csvg%20xmlns%3D&#39;http%3A%2F%2Fwww.w3.org%2F2000%2Fsvg&#39;%20viewBox%3D&#39;0%200%20768%20768&#39;%2F%3E\" data-src=\"https:\/\/www.difrol.cl\/wp-content\/uploads\/2020\/10\/Foto-La-Moneda--768x768.jpg\" data-srcset=\"https:\/\/www.difrol.cl\/wp-content\/uploads\/2020\/10\/Foto-La-Moneda--768x768.jpg 768w, https:\/\/www.difrol.cl\/wp-content\/uploads\/2020\/10\/Foto-La-Moneda--1306x1306.jpg 1306w\" loading=\"eager\" style=\"--ratio: 768 \/ 768\" sizes=\"(max-width: 768px) 100vw, 768px\" alt=\"\" title=\"Foto La Moneda\" width=\"768\" height=\"768\"  \/><\/a>\n\t<\/div>\n<\/div>\n\n\n<div class=\"post-entry-content\">\n\n\t<h3 class=\"entry-title\">\n\t\t<a href=\"https:\/\/www.difrol.cl\/en\/director-fuentes-participates-commemorated-the-second-anniversary-of-the-hagues-ruling-in-the-obligation-to-negotiate-case-bolivia-v-chile\/\" title=\"Director Fuentes participates commemorated the second anniversary of the Hague&#8217;s ruling in the Obligation to Negotiate case Bolivia v. Chile\" rel=\"bookmark\">Director Fuentes participates commemorated the second anniversary of the Hague&#8217;s ruling in the Obligation to Negotiate case Bolivia v. Chile<\/a>\n\t<\/h3>\n\n\t\n\t<div class=\"entry-excerpt\"><p>Yesterday, Director of Borders and Limits, Ambassador Ximena Fuentes Torrijo, participate in the commemoration of the International Court of Justice&#8217;s second anniversary at The Hague&#8217;s decision in the case of the Obligation to Negotiate a Sovereign Access to the Pacific Ocean between Bolivia and Chile. The meeting was held at La Moneda Palace and was&hellip;<\/p>\n<\/div>\n\t\n<a href=\"https:\/\/www.difrol.cl\/en\/director-fuentes-participates-commemorated-the-second-anniversary-of-the-hagues-ruling-in-the-obligation-to-negotiate-case-bolivia-v-chile\/\" class=\"dt-btn-s dt-btn post-details details-type-btn\" aria-label=\"Read more about Director Fuentes participates commemorated the second anniversary of the Hague&#8217;s ruling in the Obligation to Negotiate case Bolivia v. Chile\">Read news<i class=\"dt-icon-the7-arrow-03\" aria-hidden=\"true\"><\/i><\/a>\n\n<\/div><\/article><article class=\"post project-odd hidden post-2762 type-post status-publish format-standard has-post-thumbnail hentry category-uncategorized category-30 description-off\" data-name=\"National Director lectures in Conference &#8220;Blue Diplomacy:  A look at the main regional and global political processes regarding ocean-related issues\" data-date=\"2020-09-17T13:13:42-03:00\">\n\n<div class=\"post-thumbnail-wrap\">\n\t<div class=\"post-thumbnail\">\n\n\t\t\n\t\t\n\t\t<a href=\"https:\/\/www.difrol.cl\/en\/national-director-lectures-in-conference-blue-diplomacy-a-look-at-the-main-regional-and-global-political-processes-regarding-ocean-related-issues\/\" class=\"post-thumbnail-rollover layzr-bg layzr-bg\" ><img decoding=\"async\" class=\"blog-thumb-lazy-load preload-me lazy-load aspect\" src=\"data:image\/svg+xml,%3Csvg%20xmlns%3D&#39;http%3A%2F%2Fwww.w3.org%2F2000%2Fsvg&#39;%20viewBox%3D&#39;0%200%20596%20596&#39;%2F%3E\" data-src=\"https:\/\/www.difrol.cl\/wp-content\/uploads\/2020\/09\/PHOTO-2020-09-10-13-16-49-596x596.jpg\" data-srcset=\"https:\/\/www.difrol.cl\/wp-content\/uploads\/2020\/09\/PHOTO-2020-09-10-13-16-49-596x596.jpg 596w\" loading=\"eager\" style=\"--ratio: 596 \/ 596\" sizes=\"(max-width: 596px) 100vw, 596px\" alt=\"\" title=\"PHOTO-2020-09-10-13-16-49\" width=\"596\" height=\"596\"  \/><\/a>\n\t<\/div>\n<\/div>\n\n\n<div class=\"post-entry-content\">\n\n\t<h3 class=\"entry-title\">\n\t\t<a href=\"https:\/\/www.difrol.cl\/en\/national-director-lectures-in-conference-blue-diplomacy-a-look-at-the-main-regional-and-global-political-processes-regarding-ocean-related-issues\/\" title=\"National Director lectures in Conference &#8220;Blue Diplomacy:  A look at the main regional and global political processes regarding ocean-related issues\" rel=\"bookmark\">National Director lectures in Conference &#8220;Blue Diplomacy:  A look at the main regional and global political processes regarding ocean-related issues<\/a>\n\t<\/h3>\n\n\t\n\t<div class=\"entry-excerpt\"><p>On Wednesday, September 9, the National Director of Boundaries and Frontiones, Ambassador Ximena Fuentes Torrijo, participated in an event organized jointly by the Diplomatic Academy of Chile &#8220;Andr\u00e9s Bello&#8221; and the Diplomatic Academy of Ecuador. &#8220;Blue Diplomacy: A look at the main regional and global political processes regarding ocean-related issues,&#8221; in which Director Fuentes presented,&hellip;<\/p>\n<\/div>\n\t\n<a href=\"https:\/\/www.difrol.cl\/en\/national-director-lectures-in-conference-blue-diplomacy-a-look-at-the-main-regional-and-global-political-processes-regarding-ocean-related-issues\/\" class=\"dt-btn-s dt-btn post-details details-type-btn\" aria-label=\"Read more about National Director lectures in Conference &#8220;Blue Diplomacy:  A look at the main regional and global political processes regarding ocean-related issues\">Read news<i class=\"dt-icon-the7-arrow-03\" aria-hidden=\"true\"><\/i><\/a>\n\n<\/div><\/article><article class=\"post project-odd hidden post-2682 type-post status-publish format-standard has-post-thumbnail hentry category-uncategorized category-30 description-off\" data-name=\"Ministry of Foreign Affairs\u2019 Directors hold a working videoconference with regional authorities of Arica and Parinacota\" data-date=\"2020-08-06T00:55:52-03:00\">\n\n<div class=\"post-thumbnail-wrap\">\n\t<div class=\"post-thumbnail\">\n\n\t\t\n\t\t\n\t\t<a href=\"https:\/\/www.difrol.cl\/en\/ministry-of-foreign-affairs-directors-hold-a-working-videoconference-with-regional-authorities-of-arica-and-parinacota\/\" class=\"post-thumbnail-rollover layzr-bg layzr-bg\" ><img decoding=\"async\" class=\"blog-thumb-lazy-load preload-me lazy-load aspect\" src=\"data:image\/svg+xml,%3Csvg%20xmlns%3D&#39;http%3A%2F%2Fwww.w3.org%2F2000%2Fsvg&#39;%20viewBox%3D&#39;0%200%20768%20768&#39;%2F%3E\" data-src=\"https:\/\/www.difrol.cl\/wp-content\/uploads\/2020\/05\/cuenta_publica-768x768.png\" data-srcset=\"https:\/\/www.difrol.cl\/wp-content\/uploads\/2020\/05\/cuenta_publica-768x768.png 768w, https:\/\/www.difrol.cl\/wp-content\/uploads\/2020\/05\/cuenta_publica-1206x1206.png 1206w\" loading=\"eager\" style=\"--ratio: 768 \/ 768\" sizes=\"(max-width: 768px) 100vw, 768px\" alt=\"\" title=\"cuenta_publica\" width=\"768\" height=\"768\"  \/><\/a>\n\t<\/div>\n<\/div>\n\n\n<div class=\"post-entry-content\">\n\n\t<h3 class=\"entry-title\">\n\t\t<a href=\"https:\/\/www.difrol.cl\/en\/ministry-of-foreign-affairs-directors-hold-a-working-videoconference-with-regional-authorities-of-arica-and-parinacota\/\" title=\"Ministry of Foreign Affairs\u2019 Directors hold a working videoconference with regional authorities of Arica and Parinacota\" rel=\"bookmark\">Ministry of Foreign Affairs\u2019 Directors hold a working videoconference with regional authorities of Arica and Parinacota<\/a>\n\t<\/h3>\n\n\t\n\t<div class=\"entry-excerpt\"><p>The Regional Coordination Department of the Ministry of Foreign Affairs (DICORE) organized a videoconference on Friday 29 May between various departments of the Ministry of Foreign Affairs and regional authorities of \u00a0Arica and Parinacota Region. &nbsp; The following authorities attended the meeting: the head of DICORE, Jorge Beals, the General Director of Consular Affairs, Ra\u00fal&hellip;<\/p>\n<\/div>\n\t\n<a href=\"https:\/\/www.difrol.cl\/en\/ministry-of-foreign-affairs-directors-hold-a-working-videoconference-with-regional-authorities-of-arica-and-parinacota\/\" class=\"dt-btn-s dt-btn post-details details-type-btn\" aria-label=\"Read more about Ministry of Foreign Affairs\u2019 Directors hold a working videoconference with regional authorities of Arica and Parinacota\">Read news<i class=\"dt-icon-the7-arrow-03\" aria-hidden=\"true\"><\/i><\/a>\n\n<\/div><\/article><article class=\"post project-odd hidden post-2678 type-post status-publish format-standard has-post-thumbnail hentry category-uncategorized category-30 description-off\" data-name=\"Difrol convenes a bilateral working group to improve border integration between Chile and Argentina\" data-date=\"2020-08-05T22:43:05-03:00\">\n\n<div class=\"post-thumbnail-wrap\">\n\t<div class=\"post-thumbnail\">\n\n\t\t\n\t\t\n\t\t<a href=\"https:\/\/www.difrol.cl\/en\/difrol-convenes-a-bilateral-working-group-to-improve-border-integration-between-chile-and-argentina\/\" class=\"post-thumbnail-rollover layzr-bg layzr-bg\" ><img decoding=\"async\" class=\"blog-thumb-lazy-load preload-me lazy-load aspect\" src=\"data:image\/svg+xml,%3Csvg%20xmlns%3D&#39;http%3A%2F%2Fwww.w3.org%2F2000%2Fsvg&#39;%20viewBox%3D&#39;0%200%20450%20450&#39;%2F%3E\" data-src=\"https:\/\/www.difrol.cl\/wp-content\/uploads\/2020\/07\/Los_Libertadores-450x450.jpg\" data-srcset=\"https:\/\/www.difrol.cl\/wp-content\/uploads\/2020\/07\/Los_Libertadores-450x450.jpg 450w\" loading=\"eager\" style=\"--ratio: 450 \/ 450\" sizes=\"(max-width: 450px) 100vw, 450px\" alt=\"\" title=\"Los_Libertadores\" width=\"450\" height=\"450\"  \/><\/a>\n\t<\/div>\n<\/div>\n\n\n<div class=\"post-entry-content\">\n\n\t<h3 class=\"entry-title\">\n\t\t<a href=\"https:\/\/www.difrol.cl\/en\/difrol-convenes-a-bilateral-working-group-to-improve-border-integration-between-chile-and-argentina\/\" title=\"Difrol convenes a bilateral working group to improve border integration between Chile and Argentina\" rel=\"bookmark\">Difrol convenes a bilateral working group to improve border integration between Chile and Argentina<\/a>\n\t<\/h3>\n\n\t\n\t<div class=\"entry-excerpt\"><p>On 27 July 2020, The National Direction of Boundaries and Frontier Zones convened a bilateral working group (Chile-Argentina) to help in the implementation of the Simplified Customs System (SAS) at \u201cCristo Redentor\u201d Border Control Posts. &nbsp; The meeting was attended by Chilean Ambassador Nicol\u00e1s Monckeberg, Argentine Ambassador Rafael Bielsa, the Director of Frontier Zones of&hellip;<\/p>\n<\/div>\n\t\n<a href=\"https:\/\/www.difrol.cl\/en\/difrol-convenes-a-bilateral-working-group-to-improve-border-integration-between-chile-and-argentina\/\" class=\"dt-btn-s dt-btn post-details details-type-btn\" aria-label=\"Read more about Difrol convenes a bilateral working group to improve border integration between Chile and Argentina\">Read news<i class=\"dt-icon-the7-arrow-03\" aria-hidden=\"true\"><\/i><\/a>\n\n<\/div><\/article><article class=\"post project-odd hidden post-2670 type-post status-publish format-standard has-post-thumbnail hentry category-sin-categorizar category-1 description-off\" data-name=\"Ambassador Fuentes participates at the Schiefelbein Global Dispute Resolution Conference organized by Arizona State University\" data-date=\"2020-08-05T20:54:39-03:00\">\n\n<div class=\"post-thumbnail-wrap\">\n\t<div class=\"post-thumbnail\">\n\n\t\t\n\t\t\n\t\t<a href=\"https:\/\/www.difrol.cl\/en\/ambassador-fuentes-participates-at-the-schiefelbein-global-dispute-resolution-conference-organized-by-arizona-state-university\/\" class=\"post-thumbnail-rollover layzr-bg layzr-bg\" ><img decoding=\"async\" class=\"blog-thumb-lazy-load preload-me lazy-load aspect\" src=\"data:image\/svg+xml,%3Csvg%20xmlns%3D&#39;http%3A%2F%2Fwww.w3.org%2F2000%2Fsvg&#39;%20viewBox%3D&#39;0%200%20768%20768&#39;%2F%3E\" data-src=\"https:\/\/www.difrol.cl\/wp-content\/uploads\/2020\/01\/SchiefelbeinConf_Water_01172020_23-768x768.jpg\" data-srcset=\"https:\/\/www.difrol.cl\/wp-content\/uploads\/2020\/01\/SchiefelbeinConf_Water_01172020_23-768x768.jpg 768w, https:\/\/www.difrol.cl\/wp-content\/uploads\/2020\/01\/SchiefelbeinConf_Water_01172020_23-1306x1306.jpg 1306w\" loading=\"eager\" style=\"--ratio: 768 \/ 768\" sizes=\"(max-width: 768px) 100vw, 768px\" alt=\"\" title=\"SchiefelbeinConf_Water_01172020_23\" width=\"768\" height=\"768\"  \/><\/a>\n\t<\/div>\n<\/div>\n\n\n<div class=\"post-entry-content\">\n\n\t<h3 class=\"entry-title\">\n\t\t<a href=\"https:\/\/www.difrol.cl\/en\/ambassador-fuentes-participates-at-the-schiefelbein-global-dispute-resolution-conference-organized-by-arizona-state-university\/\" title=\"Ambassador Fuentes participates at the Schiefelbein Global Dispute Resolution Conference organized by Arizona State University\" rel=\"bookmark\">Ambassador Fuentes participates at the Schiefelbein Global Dispute Resolution Conference organized by Arizona State University<\/a>\n\t<\/h3>\n\n\t\n\t<div class=\"entry-excerpt\"><p>In January 2020, the National Director of Boundaries and Frontiones, Ambassador Ximena Fuentes Torrijo, was invited by Arizona State University to participate at the Schiefelbein Global Dispute Resolution Conference. &nbsp; Ambassador Fuentes participated in the panel Calming the Waters: International Water Dispute Resolution. In her presentation, she lectured about the main aspects of the case&hellip;<\/p>\n<\/div>\n\t\n<a href=\"https:\/\/www.difrol.cl\/en\/ambassador-fuentes-participates-at-the-schiefelbein-global-dispute-resolution-conference-organized-by-arizona-state-university\/\" class=\"dt-btn-s dt-btn post-details details-type-btn\" aria-label=\"Read more about Ambassador Fuentes participates at the Schiefelbein Global Dispute Resolution Conference organized by Arizona State University\">Read news<i class=\"dt-icon-the7-arrow-03\" aria-hidden=\"true\"><\/i><\/a>\n\n<\/div><\/article><article class=\"post project-odd hidden no-img post-2666 type-post status-publish format-standard hentry category-uncategorized category-30 description-off\" data-name=\"The National Director of DIFROL,  Ambassador Ximena Fuentes, gives its Annual Report 2019\" data-date=\"2020-08-05T19:34:40-03:00\">\n\n<div class=\"post-entry-content\">\n\n\t<h3 class=\"entry-title\">\n\t\t<a href=\"https:\/\/www.difrol.cl\/en\/the-national-director-of-difrol-ambassador-ximena-fuentes-gives-its-annual-report-2019\/\" title=\"The National Director of DIFROL,  Ambassador Ximena Fuentes, gives its Annual Report 2019\" rel=\"bookmark\">The National Director of DIFROL,  Ambassador Ximena Fuentes, gives its Annual Report 2019<\/a>\n\t<\/h3>\n\n\t\n\t<div class=\"entry-excerpt\"><p>On 29 May 2020, the National Director of Boundaries and Frontier Zones, Ambassador Ximena Fuentes Torrijo, gave its Annual Report for the year 2019. Given the restrictions imposed by the COVID-19 pandemic, the Annual Report was read online. The video has been made available on our website. &nbsp; During her presentation, Ambassador Fuentes made a&hellip;<\/p>\n<\/div>\n\t\n<a href=\"https:\/\/www.difrol.cl\/en\/the-national-director-of-difrol-ambassador-ximena-fuentes-gives-its-annual-report-2019\/\" class=\"dt-btn-s dt-btn post-details details-type-btn\" aria-label=\"Read more about The National Director of DIFROL,  Ambassador Ximena Fuentes, gives its Annual Report 2019\">Read news<i class=\"dt-icon-the7-arrow-03\" aria-hidden=\"true\"><\/i><\/a>\n\n<\/div><\/article><article class=\"post project-odd hidden post-2311 type-post status-publish format-standard has-post-thumbnail hentry category-uncategorized category-30 description-off\" data-name=\"Chile y Per\u00fa realizaron VIII Reuni\u00f3n del Comit\u00e9 de Integraci\u00f3n y Desarrollo fronterizo\" data-date=\"2019-08-09T13:09:52-03:00\">\n\n<div class=\"post-thumbnail-wrap\">\n\t<div class=\"post-thumbnail\">\n\n\t\t\n\t\t\n\t\t<a href=\"https:\/\/www.difrol.cl\/en\/chile-y-peru-realizaron-viii-reunion-del-comite-de-integracion-y-desarrollo-fronterizo\/\" class=\"post-thumbnail-rollover layzr-bg layzr-bg\" ><img decoding=\"async\" class=\"blog-thumb-lazy-load preload-me lazy-load aspect\" src=\"data:image\/svg+xml,%3Csvg%20xmlns%3D&#39;http%3A%2F%2Fwww.w3.org%2F2000%2Fsvg&#39;%20viewBox%3D&#39;0%200%20768%20768&#39;%2F%3E\" data-src=\"https:\/\/www.difrol.cl\/wp-content\/uploads\/2019\/08\/Noticia-Comite\u0301-Chile-Peru\u0301-1-768x768.jpg\" data-srcset=\"https:\/\/www.difrol.cl\/wp-content\/uploads\/2019\/08\/Noticia-Comite\u0301-Chile-Peru\u0301-1-768x768.jpg 768w, https:\/\/www.difrol.cl\/wp-content\/uploads\/2019\/08\/Noticia-Comite\u0301-Chile-Peru\u0301-1-1306x1306.jpg 1306w\" loading=\"eager\" style=\"--ratio: 768 \/ 768\" sizes=\"(max-width: 768px) 100vw, 768px\" alt=\"\" title=\"Noticia Comite\u0301 Chile Peru\u0301\" width=\"768\" height=\"768\"  \/><\/a>\n\t<\/div>\n<\/div>\n\n\n<div class=\"post-entry-content\">\n\n\t<h3 class=\"entry-title\">\n\t\t<a href=\"https:\/\/www.difrol.cl\/en\/chile-y-peru-realizaron-viii-reunion-del-comite-de-integracion-y-desarrollo-fronterizo\/\" title=\"Chile y Per\u00fa realizaron VIII Reuni\u00f3n del Comit\u00e9 de Integraci\u00f3n y Desarrollo fronterizo\" rel=\"bookmark\">Chile y Per\u00fa realizaron VIII Reuni\u00f3n del Comit\u00e9 de Integraci\u00f3n y Desarrollo fronterizo<\/a>\n\t<\/h3>\n\n\t\n\t<div class=\"entry-excerpt\"><p>[vc_row][vc_column][vc_column_text] Entre el 7 y 8 de agosto se desarroll\u00f3 en la ciudad de Tacna la VIII Reuni\u00f3n del Comit\u00e9 de Integraci\u00f3n y Desarrollo Fronterizo (CIDF) entre Chile y Per\u00fa El evento fue inaugurado por el Gerente General de la Regi\u00f3n de Tacna, Eddy Huarachi; el Jefe de la Unidad de Pasos Fronterizos del Ministerio&hellip;<\/p>\n<\/div>\n\t\n<a href=\"https:\/\/www.difrol.cl\/en\/chile-y-peru-realizaron-viii-reunion-del-comite-de-integracion-y-desarrollo-fronterizo\/\" class=\"dt-btn-s dt-btn post-details details-type-btn\" aria-label=\"Read more about Chile y Per\u00fa realizaron VIII Reuni\u00f3n del Comit\u00e9 de Integraci\u00f3n y Desarrollo fronterizo\">Read news<i class=\"dt-icon-the7-arrow-03\" aria-hidden=\"true\"><\/i><\/a>\n\n<\/div><\/article><article class=\"post project-odd hidden post-2171 type-post status-publish format-standard has-post-thumbnail hentry category-uncategorized category-30 description-off\" data-name=\"National Director of Boundaries and Frontiers visits the Silala River  with the Minister of Foreign Affairs, Roberto Ampuero\" data-date=\"2019-02-01T10:17:01-03:00\">\n\n<div class=\"post-thumbnail-wrap\">\n\t<div class=\"post-thumbnail\">\n\n\t\t\n\t\t\n\t\t<a href=\"https:\/\/www.difrol.cl\/en\/national-director-of-boundaries-and-frontiers-visits-the-silala-river-with-the-minister-of-foreign-affairs-roberto-ampuero\/\" class=\"post-thumbnail-rollover layzr-bg layzr-bg\" ><img decoding=\"async\" class=\"blog-thumb-lazy-load preload-me lazy-load aspect\" src=\"data:image\/svg+xml,%3Csvg%20xmlns%3D&#39;http%3A%2F%2Fwww.w3.org%2F2000%2Fsvg&#39;%20viewBox%3D&#39;0%200%20768%20768&#39;%2F%3E\" data-src=\"https:\/\/www.difrol.cl\/wp-content\/uploads\/2019\/02\/El-Ministro-de-Relaciones-Exteriores-768x768.jpg\" data-srcset=\"https:\/\/www.difrol.cl\/wp-content\/uploads\/2019\/02\/El-Ministro-de-Relaciones-Exteriores-768x768.jpg 768w, https:\/\/www.difrol.cl\/wp-content\/uploads\/2019\/02\/El-Ministro-de-Relaciones-Exteriores-1306x1306.jpg 1306w\" loading=\"eager\" style=\"--ratio: 768 \/ 768\" sizes=\"(max-width: 768px) 100vw, 768px\" alt=\"\" title=\"El Ministro de Relaciones Exteriores\" width=\"768\" height=\"768\"  \/><\/a>\n\t<\/div>\n<\/div>\n\n\n<div class=\"post-entry-content\">\n\n\t<h3 class=\"entry-title\">\n\t\t<a href=\"https:\/\/www.difrol.cl\/en\/national-director-of-boundaries-and-frontiers-visits-the-silala-river-with-the-minister-of-foreign-affairs-roberto-ampuero\/\" title=\"National Director of Boundaries and Frontiers visits the Silala River  with the Minister of Foreign Affairs, Roberto Ampuero\" rel=\"bookmark\">National Director of Boundaries and Frontiers visits the Silala River  with the Minister of Foreign Affairs, Roberto Ampuero<\/a>\n\t<\/h3>\n\n\t\n\t<div class=\"entry-excerpt\"><p>On Monday 28 January, \u00a0the National Director of Boundaries and Frontiers \u00a0and Agent of Chile before the International Court of Justice in the Silala Case,Ximena Fuentes, \u00a0arrived to Region of \u00a0Antofagasta to join the Minister of Foreign Relations,Roberto Ampuero, in his visit to the Silala River area in the vicinities of the Chile-Bolivia border.\u00a0The delegation&hellip;<\/p>\n<\/div>\n\t\n<a href=\"https:\/\/www.difrol.cl\/en\/national-director-of-boundaries-and-frontiers-visits-the-silala-river-with-the-minister-of-foreign-affairs-roberto-ampuero\/\" class=\"dt-btn-s dt-btn post-details details-type-btn\" aria-label=\"Read more about National Director of Boundaries and Frontiers visits the Silala River  with the Minister of Foreign Affairs, Roberto Ampuero\">Read news<i class=\"dt-icon-the7-arrow-03\" aria-hidden=\"true\"><\/i><\/a>\n\n<\/div><\/article><article class=\"post project-odd hidden post-2145 type-post status-publish format-standard has-post-thumbnail hentry category-uncategorized category-30 description-off\" data-name=\"International Seminar\" data-date=\"2018-12-13T11:01:22-03:00\">\n\n<div class=\"post-thumbnail-wrap\">\n\t<div class=\"post-thumbnail\">\n\n\t\t\n\t\t\n\t\t<a href=\"https:\/\/www.difrol.cl\/en\/international-seminar\/\" class=\"post-thumbnail-rollover layzr-bg layzr-bg\" ><img decoding=\"async\" class=\"blog-thumb-lazy-load preload-me lazy-load aspect\" src=\"data:image\/svg+xml,%3Csvg%20xmlns%3D&#39;http%3A%2F%2Fwww.w3.org%2F2000%2Fsvg&#39;%20viewBox%3D&#39;0%200%20768%20768&#39;%2F%3E\" data-src=\"https:\/\/www.difrol.cl\/wp-content\/uploads\/2018\/12\/Participacion_DIFROL-768x768.jpeg\" data-srcset=\"https:\/\/www.difrol.cl\/wp-content\/uploads\/2018\/12\/Participacion_DIFROL-768x768.jpeg 768w, https:\/\/www.difrol.cl\/wp-content\/uploads\/2018\/12\/Participacion_DIFROL-960x960.jpeg 960w\" loading=\"eager\" style=\"--ratio: 768 \/ 768\" sizes=\"(max-width: 768px) 100vw, 768px\" alt=\"\" title=\"Participacion_DIFROL\" width=\"768\" height=\"768\"  \/><\/a>\n\t<\/div>\n<\/div>\n\n\n<div class=\"post-entry-content\">\n\n\t<h3 class=\"entry-title\">\n\t\t<a href=\"https:\/\/www.difrol.cl\/en\/international-seminar\/\" title=\"International Seminar\" rel=\"bookmark\">International Seminar<\/a>\n\t<\/h3>\n\n\t\n\t<div class=\"entry-excerpt\"><p>The National Director of Borders and State Limits, Ambassador Ximena Fuentes Torrijo, participated in the International Seminar &#8220;Opportunities for the Development and Border Integration of Tacna-Arica&#8221; on December 11 at the National University Jorge Basadre of Tacna. Also participating was the National Director of Border Development of the Ministry of Foreign Affairs of Peru, Juan&hellip;<\/p>\n<\/div>\n\t\n<a href=\"https:\/\/www.difrol.cl\/en\/international-seminar\/\" class=\"dt-btn-s dt-btn post-details details-type-btn\" aria-label=\"Read more about International Seminar\">Read news<i class=\"dt-icon-the7-arrow-03\" aria-hidden=\"true\"><\/i><\/a>\n\n<\/div><\/article><article class=\"post project-odd hidden post-2030 type-post status-publish format-standard has-post-thumbnail hentry category-uncategorized category-30 description-off\" data-name=\"Director Ximena Fuentes participates in the International Law Colloquium at Federal University of Mina Gerais\" data-date=\"2018-07-30T15:43:09-03:00\">\n\n<div class=\"post-thumbnail-wrap\">\n\t<div class=\"post-thumbnail\">\n\n\t\t\n\t\t\n\t\t<a href=\"https:\/\/www.difrol.cl\/en\/director-ximena-fuentes-participates-in-the-international-law-colloquium-at-federal-university-of-mina-gerais\/\" class=\"post-thumbnail-rollover layzr-bg layzr-bg\" ><img decoding=\"async\" class=\"blog-thumb-lazy-load preload-me lazy-load aspect\" src=\"data:image\/svg+xml,%3Csvg%20xmlns%3D&#39;http%3A%2F%2Fwww.w3.org%2F2000%2Fsvg&#39;%20viewBox%3D&#39;0%200%20480%20480&#39;%2F%3E\" data-src=\"https:\/\/www.difrol.cl\/wp-content\/uploads\/2018\/09\/Coloquio-de-Derecho-Internacional-de-la-Universidad-Federal-de-Mina-Gerais-480x480.jpg\" data-srcset=\"https:\/\/www.difrol.cl\/wp-content\/uploads\/2018\/09\/Coloquio-de-Derecho-Internacional-de-la-Universidad-Federal-de-Mina-Gerais-480x480.jpg 480w\" loading=\"eager\" style=\"--ratio: 480 \/ 480\" sizes=\"(max-width: 480px) 100vw, 480px\" alt=\"\" title=\"Coloquio de Derecho Internacional de la Universidad Federal de Mina Gerais\" width=\"480\" height=\"480\"  \/><\/a>\n\t<\/div>\n<\/div>\n\n\n<div class=\"post-entry-content\">\n\n\t<h3 class=\"entry-title\">\n\t\t<a href=\"https:\/\/www.difrol.cl\/en\/director-ximena-fuentes-participates-in-the-international-law-colloquium-at-federal-university-of-mina-gerais\/\" title=\"Director Ximena Fuentes participates in the International Law Colloquium at Federal University of Mina Gerais\" rel=\"bookmark\">Director Ximena Fuentes participates in the International Law Colloquium at Federal University of Mina Gerais<\/a>\n\t<\/h3>\n\n\t\n\t<div class=\"entry-excerpt\"><p>[vc_row][vc_column][vc_column_text] On Wednesday, the Director of Border and Boundaries Ambassador Ximena Fuentes Torrijo participated in the International Law Colloquium: \u201cThe Law of International Watercourses\u201d organized by the Federal University of Mina Gerais in Brazil (UFMG). Along with Ms. Fuentes, the Secretary Patrick Luna from the Brazilian Ministry of Foreign Affairs, professor Maurizi Arcari from the&hellip;<\/p>\n<\/div>\n\t\n<a href=\"https:\/\/www.difrol.cl\/en\/director-ximena-fuentes-participates-in-the-international-law-colloquium-at-federal-university-of-mina-gerais\/\" class=\"dt-btn-s dt-btn post-details details-type-btn\" aria-label=\"Read more about Director Ximena Fuentes participates in the International Law Colloquium at Federal University of Mina Gerais\">Read news<i class=\"dt-icon-the7-arrow-03\" aria-hidden=\"true\"><\/i><\/a>\n\n<\/div><\/article><article class=\"post project-odd hidden post-2022 type-post status-publish format-standard has-post-thumbnail hentry category-uncategorized category-30 description-off\" data-name=\"Ambassador Ximena Fuentes makes a Participative Public Account of the National Department of State Borders and Boundaries\" data-date=\"2018-05-14T15:30:05-03:00\">\n\n<div class=\"post-thumbnail-wrap\">\n\t<div class=\"post-thumbnail\">\n\n\t\t\n\t\t\n\t\t<a href=\"https:\/\/www.difrol.cl\/en\/ambassador-ximena-fuentes-makes-a-participative-public-account-of-the-national-department-of-state-borders-and-boundaries\/\" class=\"post-thumbnail-rollover layzr-bg layzr-bg\" ><img decoding=\"async\" class=\"blog-thumb-lazy-load preload-me lazy-load aspect\" src=\"data:image\/svg+xml,%3Csvg%20xmlns%3D&#39;http%3A%2F%2Fwww.w3.org%2F2000%2Fsvg&#39;%20viewBox%3D&#39;0%200%20427%20427&#39;%2F%3E\" data-src=\"https:\/\/www.difrol.cl\/wp-content\/uploads\/2018\/09\/Cuenta-Publica-Participativa-DIFROL-427x427.jpg\" data-srcset=\"https:\/\/www.difrol.cl\/wp-content\/uploads\/2018\/09\/Cuenta-Publica-Participativa-DIFROL-427x427.jpg 427w\" loading=\"eager\" style=\"--ratio: 427 \/ 427\" sizes=\"(max-width: 427px) 100vw, 427px\" alt=\"\" title=\"Cuenta Publica Participativa DIFROL\" width=\"427\" height=\"427\"  \/><\/a>\n\t<\/div>\n<\/div>\n\n\n<div class=\"post-entry-content\">\n\n\t<h3 class=\"entry-title\">\n\t\t<a href=\"https:\/\/www.difrol.cl\/en\/ambassador-ximena-fuentes-makes-a-participative-public-account-of-the-national-department-of-state-borders-and-boundaries\/\" title=\"Ambassador Ximena Fuentes makes a Participative Public Account of the National Department of State Borders and Boundaries\" rel=\"bookmark\">Ambassador Ximena Fuentes makes a Participative Public Account of the National Department of State Borders and Boundaries<\/a>\n\t<\/h3>\n\n\t\n\t<div class=\"entry-excerpt\"><p>[vc_row][vc_column][vc_column_text] On Friday, the Director of State Borders and Boundaries, Ambassador Ximena Fuentes Torrijo made a Participative Public Account of the agency, corresponding to the year 2017. The activity was conducted in the O\u2019Higgins Hall of the Ministry of Foreign Affairs and was attended by the Minister of Foreign Affairs (Dep.) Alfonso Silva and the&hellip;<\/p>\n<\/div>\n\t\n<a href=\"https:\/\/www.difrol.cl\/en\/ambassador-ximena-fuentes-makes-a-participative-public-account-of-the-national-department-of-state-borders-and-boundaries\/\" class=\"dt-btn-s dt-btn post-details details-type-btn\" aria-label=\"Read more about Ambassador Ximena Fuentes makes a Participative Public Account of the National Department of State Borders and Boundaries\">Read news<i class=\"dt-icon-the7-arrow-03\" aria-hidden=\"true\"><\/i><\/a>\n\n<\/div><\/article><article class=\"post project-odd hidden post-1985 type-post status-publish format-standard has-post-thumbnail hentry category-uncategorized category-30 description-off\" data-name=\"Ambassador Ximena Fuentes participates in the Launching of DIFROL\u2019s GEOPORTAL Website\" data-date=\"2018-04-09T18:05:17-03:00\">\n\n<div class=\"post-thumbnail-wrap\">\n\t<div class=\"post-thumbnail\">\n\n\t\t\n\t\t\n\t\t<a href=\"https:\/\/www.difrol.cl\/en\/ambassador-ximena-fuentes-participates-in-the-launching-of-difrols-geoportal-website\/\" class=\"post-thumbnail-rollover layzr-bg layzr-bg\" ><img decoding=\"async\" class=\"blog-thumb-lazy-load preload-me lazy-load aspect\" src=\"data:image\/svg+xml,%3Csvg%20xmlns%3D&#39;http%3A%2F%2Fwww.w3.org%2F2000%2Fsvg&#39;%20viewBox%3D&#39;0%200%20768%20768&#39;%2F%3E\" data-src=\"https:\/\/www.difrol.cl\/wp-content\/uploads\/2016\/06\/Lanzamiento-Geoportal-768x768.jpg\" data-srcset=\"https:\/\/www.difrol.cl\/wp-content\/uploads\/2016\/06\/Lanzamiento-Geoportal-768x768.jpg 768w, https:\/\/www.difrol.cl\/wp-content\/uploads\/2016\/06\/Lanzamiento-Geoportal-801x801.jpg 801w\" loading=\"eager\" style=\"--ratio: 768 \/ 768\" sizes=\"(max-width: 768px) 100vw, 768px\" alt=\"\" title=\"Lanzamiento Geoportal\" width=\"768\" height=\"768\"  \/><\/a>\n\t<\/div>\n<\/div>\n\n\n<div class=\"post-entry-content\">\n\n\t<h3 class=\"entry-title\">\n\t\t<a href=\"https:\/\/www.difrol.cl\/en\/ambassador-ximena-fuentes-participates-in-the-launching-of-difrols-geoportal-website\/\" title=\"Ambassador Ximena Fuentes participates in the Launching of DIFROL\u2019s GEOPORTAL Website\" rel=\"bookmark\">Ambassador Ximena Fuentes participates in the Launching of DIFROL\u2019s GEOPORTAL Website<\/a>\n\t<\/h3>\n\n\t\n\t<div class=\"entry-excerpt\"><p>[vc_row][vc_column][vc_column_text]On March 7, the Director of State Borders and Boundaries, Ambassador Ximena Fuentes Torrijo headed the launch of the new website GEOPORTAL specially designed for providing accessibility to territorial and geospatial information that our institution has. This new tool shall allow DIFROL staff members to have quality access to the main information layers of IDE&hellip;<\/p>\n<\/div>\n\t\n<a href=\"https:\/\/www.difrol.cl\/en\/ambassador-ximena-fuentes-participates-in-the-launching-of-difrols-geoportal-website\/\" class=\"dt-btn-s dt-btn post-details details-type-btn\" aria-label=\"Read more about Ambassador Ximena Fuentes participates in the Launching of DIFROL\u2019s GEOPORTAL Website\">Read news<i class=\"dt-icon-the7-arrow-03\" aria-hidden=\"true\"><\/i><\/a>\n\n<\/div><\/article><article class=\"post project-odd hidden post-1989 type-post status-publish format-standard has-post-thumbnail hentry category-uncategorized category-30 description-off\" data-name=\"DIFROL and Carabineros de Chile sign a Cooperation Agreement\" data-date=\"2017-12-19T01:24:57-03:00\">\n\n<div class=\"post-thumbnail-wrap\">\n\t<div class=\"post-thumbnail\">\n\n\t\t\n\t\t\n\t\t<a href=\"https:\/\/www.difrol.cl\/en\/difrol-and-carabineros-de-chile-sign-a-cooperation-agreement\/\" class=\"post-thumbnail-rollover layzr-bg layzr-bg\" ><img decoding=\"async\" class=\"blog-thumb-lazy-load preload-me lazy-load aspect\" src=\"data:image\/svg+xml,%3Csvg%20xmlns%3D&#39;http%3A%2F%2Fwww.w3.org%2F2000%2Fsvg&#39;%20viewBox%3D&#39;0%200%20425%20425&#39;%2F%3E\" data-src=\"https:\/\/www.difrol.cl\/wp-content\/uploads\/2016\/06\/DIFROL-y-Carabineros-de-Chile-firman-Convenio-de-Cooperaci\u00f3n-425x425.jpg\" data-srcset=\"https:\/\/www.difrol.cl\/wp-content\/uploads\/2016\/06\/DIFROL-y-Carabineros-de-Chile-firman-Convenio-de-Cooperaci\u00f3n-425x425.jpg 425w\" loading=\"eager\" style=\"--ratio: 425 \/ 425\" sizes=\"(max-width: 425px) 100vw, 425px\" alt=\"\" title=\"DIFROL y Carabineros de Chile firman Convenio de Cooperaci\u00f3n\" width=\"425\" height=\"425\"  \/><\/a>\n\t<\/div>\n<\/div>\n\n\n<div class=\"post-entry-content\">\n\n\t<h3 class=\"entry-title\">\n\t\t<a href=\"https:\/\/www.difrol.cl\/en\/difrol-and-carabineros-de-chile-sign-a-cooperation-agreement\/\" title=\"DIFROL and Carabineros de Chile sign a Cooperation Agreement\" rel=\"bookmark\">DIFROL and Carabineros de Chile sign a Cooperation Agreement<\/a>\n\t<\/h3>\n\n\t\n\t<div class=\"entry-excerpt\"><p>[vc_row][vc_column][vc_column_text]On Tuesday, December 5, the National Department of State Borders and Boundaries (DIFROL) and Carabineros de Chile signed a Cooperation Agreement on Education. The ceremony included speeches from Colonel Marcelo Fuentes Yiure, Director of the School for Non-Commissioned Officers of Carabineros, and Ambassador Ximena Fuentes Torrijo, Director of DIFROL, who placed importance on the decision&hellip;<\/p>\n<\/div>\n\t\n<a href=\"https:\/\/www.difrol.cl\/en\/difrol-and-carabineros-de-chile-sign-a-cooperation-agreement\/\" class=\"dt-btn-s dt-btn post-details details-type-btn\" aria-label=\"Read more about DIFROL and Carabineros de Chile sign a Cooperation Agreement\">Read news<i class=\"dt-icon-the7-arrow-03\" aria-hidden=\"true\"><\/i><\/a>\n\n<\/div><\/article><article class=\"post project-odd hidden post-1993 type-post status-publish format-standard has-post-thumbnail hentry category-uncategorized category-30 description-off\" data-name=\"Agent Ximena Fuentes gives a Lecture at the Diplomatic Academy \u201cAndr\u00e9s Bello\u201d\" data-date=\"2017-12-13T01:24:48-03:00\">\n\n<div class=\"post-thumbnail-wrap\">\n\t<div class=\"post-thumbnail\">\n\n\t\t\n\t\t\n\t\t<a href=\"https:\/\/www.difrol.cl\/en\/agent-ximena-fuentes-gives-a-lecture-at-the-diplomatic-academy-andres-bello\/\" class=\"post-thumbnail-rollover layzr-bg layzr-bg\" ><img decoding=\"async\" class=\"blog-thumb-lazy-load preload-me lazy-load aspect\" src=\"data:image\/svg+xml,%3Csvg%20xmlns%3D&#39;http%3A%2F%2Fwww.w3.org%2F2000%2Fsvg&#39;%20viewBox%3D&#39;0%200%20425%20425&#39;%2F%3E\" data-src=\"https:\/\/www.difrol.cl\/wp-content\/uploads\/2016\/06\/Agente-Ximena-Fuentes-realiza-charla-en-Academia-Diplom\u00e1tica-\u201cAndr\u00e9s-Bello\u201d-425x425.jpg\" data-srcset=\"https:\/\/www.difrol.cl\/wp-content\/uploads\/2016\/06\/Agente-Ximena-Fuentes-realiza-charla-en-Academia-Diplom\u00e1tica-\u201cAndr\u00e9s-Bello\u201d-425x425.jpg 425w\" loading=\"eager\" style=\"--ratio: 425 \/ 425\" sizes=\"(max-width: 425px) 100vw, 425px\" alt=\"\" title=\"Agente Ximena Fuentes realiza charla en Academia Diplom\u00e1tica \u201cAndr\u00e9s Bello\u201d\" width=\"425\" height=\"425\"  \/><\/a>\n\t<\/div>\n<\/div>\n\n\n<div class=\"post-entry-content\">\n\n\t<h3 class=\"entry-title\">\n\t\t<a href=\"https:\/\/www.difrol.cl\/en\/agent-ximena-fuentes-gives-a-lecture-at-the-diplomatic-academy-andres-bello\/\" title=\"Agent Ximena Fuentes gives a Lecture at the Diplomatic Academy \u201cAndr\u00e9s Bello\u201d\" rel=\"bookmark\">Agent Ximena Fuentes gives a Lecture at the Diplomatic Academy \u201cAndr\u00e9s Bello\u201d<\/a>\n\t<\/h3>\n\n\t\n\t<div class=\"entry-excerpt\"><p>[vc_row][vc_column][vc_column_text]On Monday, December 4, Madam Ambassador Ximena Fuentes gave a lecture at the Diplomatic Academy \u201cAndr\u00e9s Bello\u201d, in her capacity as Agent of Chile with the International Court of Justice at The Hague, in the case relating to the status and use of the waters of the Silala River. Her presentation was part of the&hellip;<\/p>\n<\/div>\n\t\n<a href=\"https:\/\/www.difrol.cl\/en\/agent-ximena-fuentes-gives-a-lecture-at-the-diplomatic-academy-andres-bello\/\" class=\"dt-btn-s dt-btn post-details details-type-btn\" aria-label=\"Read more about Agent Ximena Fuentes gives a Lecture at the Diplomatic Academy \u201cAndr\u00e9s Bello\u201d\">Read news<i class=\"dt-icon-the7-arrow-03\" aria-hidden=\"true\"><\/i><\/a>\n\n<\/div><\/article><article class=\"post project-odd hidden post-1997 type-post status-publish format-standard has-post-thumbnail hentry category-uncategorized category-30 description-off\" data-name=\"The National Director meets with the Association of Career Diplomats\" data-date=\"2017-12-13T01:24:36-03:00\">\n\n<div class=\"post-thumbnail-wrap\">\n\t<div class=\"post-thumbnail\">\n\n\t\t\n\t\t\n\t\t<a href=\"https:\/\/www.difrol.cl\/en\/the-national-director-meets-with-the-association-of-career-diplomats\/\" class=\"post-thumbnail-rollover layzr-bg layzr-bg\" ><img decoding=\"async\" class=\"blog-thumb-lazy-load preload-me lazy-load aspect\" src=\"data:image\/svg+xml,%3Csvg%20xmlns%3D&#39;http%3A%2F%2Fwww.w3.org%2F2000%2Fsvg&#39;%20viewBox%3D&#39;0%200%20638%20638&#39;%2F%3E\" data-src=\"https:\/\/www.difrol.cl\/wp-content\/uploads\/2016\/06\/Embajadora-Ximena-fuentes-expone-en-seminario-\u201cChile-y-sus-vecinos-La-Mirada-de-la-Pol\u00edtica-Exter-638x638.jpg\" data-srcset=\"https:\/\/www.difrol.cl\/wp-content\/uploads\/2016\/06\/Embajadora-Ximena-fuentes-expone-en-seminario-\u201cChile-y-sus-vecinos-La-Mirada-de-la-Pol\u00edtica-Exter-638x638.jpg 638w\" loading=\"eager\" style=\"--ratio: 638 \/ 638\" sizes=\"(max-width: 638px) 100vw, 638px\" alt=\"\" title=\"Embajadora Ximena fuentes expone en seminario \u201cChile y sus vecinos La Mirada de la Pol\u00edtica Exter\" width=\"638\" height=\"638\"  \/><\/a>\n\t<\/div>\n<\/div>\n\n\n<div class=\"post-entry-content\">\n\n\t<h3 class=\"entry-title\">\n\t\t<a href=\"https:\/\/www.difrol.cl\/en\/the-national-director-meets-with-the-association-of-career-diplomats\/\" title=\"The National Director meets with the Association of Career Diplomats\" rel=\"bookmark\">The National Director meets with the Association of Career Diplomats<\/a>\n\t<\/h3>\n\n\t\n\t<div class=\"entry-excerpt\"><p>[vc_row][vc_column][vc_column_text]On Friday, December 1, the National Director of State Borders and Boundaries, Madam Ambassador Ximena Fuentes held a protocol meeting with the Board of the Association of Career Diplomats (ADICA) presided by its Chairperson, First Secretary Ms. Marta Bonet. In this particular instance, Ambassador Fuentes expressed the interest DIFROL had in incorporating Foreign Service officers&hellip;<\/p>\n<\/div>\n\t\n<a href=\"https:\/\/www.difrol.cl\/en\/the-national-director-meets-with-the-association-of-career-diplomats\/\" class=\"dt-btn-s dt-btn post-details details-type-btn\" aria-label=\"Read more about The National Director meets with the Association of Career Diplomats\">Read news<i class=\"dt-icon-the7-arrow-03\" aria-hidden=\"true\"><\/i><\/a>\n\n<\/div><\/article><article class=\"post project-odd hidden post-2001 type-post status-publish format-standard has-post-thumbnail hentry category-uncategorized category-30 description-off\" data-name=\"The National Director makes a Presentation at OLACEFS Workshop\" data-date=\"2017-12-12T01:24:55-03:00\">\n\n<div class=\"post-thumbnail-wrap\">\n\t<div class=\"post-thumbnail\">\n\n\t\t\n\t\t\n\t\t<a href=\"https:\/\/www.difrol.cl\/en\/the-national-director-makes-a-presentation-at-olacefs-workshop\/\" class=\"post-thumbnail-rollover layzr-bg layzr-bg\" ><img decoding=\"async\" class=\"blog-thumb-lazy-load preload-me lazy-load aspect\" src=\"data:image\/svg+xml,%3Csvg%20xmlns%3D&#39;http%3A%2F%2Fwww.w3.org%2F2000%2Fsvg&#39;%20viewBox%3D&#39;0%200%20426%20426&#39;%2F%3E\" data-src=\"https:\/\/www.difrol.cl\/wp-content\/uploads\/2016\/04\/Directora-Nacional-expone-en-Taller-de-OLACEFS-426x426.jpg\" data-srcset=\"https:\/\/www.difrol.cl\/wp-content\/uploads\/2016\/04\/Directora-Nacional-expone-en-Taller-de-OLACEFS-426x426.jpg 426w\" loading=\"eager\" style=\"--ratio: 426 \/ 426\" sizes=\"(max-width: 426px) 100vw, 426px\" alt=\"\" title=\"Directora Nacional expone en Taller de OLACEFS\" width=\"426\" height=\"426\"  \/><\/a>\n\t<\/div>\n<\/div>\n\n\n<div class=\"post-entry-content\">\n\n\t<h3 class=\"entry-title\">\n\t\t<a href=\"https:\/\/www.difrol.cl\/en\/the-national-director-makes-a-presentation-at-olacefs-workshop\/\" title=\"The National Director makes a Presentation at OLACEFS Workshop\" rel=\"bookmark\">The National Director makes a Presentation at OLACEFS Workshop<\/a>\n\t<\/h3>\n\n\t\n\t<div class=\"entry-excerpt\"><p>[vc_row][vc_column][vc_column_text]On Monday, November 20, the National Director of State Borders and Boundaries, Ambassador Ximena Fuentes, made a presentation at the Workshop for Training and Planning for Coordinated Border Areas Audit that took place at the premises of the Office of the Comptroller General of the Republic of Chile between November 20 and 22. Her lecture&hellip;<\/p>\n<\/div>\n\t\n<a href=\"https:\/\/www.difrol.cl\/en\/the-national-director-makes-a-presentation-at-olacefs-workshop\/\" class=\"dt-btn-s dt-btn post-details details-type-btn\" aria-label=\"Read more about The National Director makes a Presentation at OLACEFS Workshop\">Read news<i class=\"dt-icon-the7-arrow-03\" aria-hidden=\"true\"><\/i><\/a>\n\n<\/div><\/article><article class=\"post project-odd hidden post-2005 type-post status-publish format-standard has-post-thumbnail hentry category-uncategorized category-30 description-off\" data-name=\"Ambassador Ximena Fuentes delivers a Lecture at the Seminar \u201cChile and its Neighbors: The Foreign Policy Outlook\u201d\" data-date=\"2017-12-11T18:04:46-03:00\">\n\n<div class=\"post-thumbnail-wrap\">\n\t<div class=\"post-thumbnail\">\n\n\t\t\n\t\t\n\t\t<a href=\"https:\/\/www.difrol.cl\/en\/ambassador-ximena-fuentes-delivers-a-lecture-at-the-seminar-chile-and-its-neighbors-the-foreign-policy-outlook\/\" class=\"post-thumbnail-rollover layzr-bg layzr-bg\" ><img decoding=\"async\" class=\"blog-thumb-lazy-load preload-me lazy-load aspect\" src=\"data:image\/svg+xml,%3Csvg%20xmlns%3D&#39;http%3A%2F%2Fwww.w3.org%2F2000%2Fsvg&#39;%20viewBox%3D&#39;0%200%20768%20768&#39;%2F%3E\" data-src=\"https:\/\/www.difrol.cl\/wp-content\/uploads\/2016\/06\/DSC_9610-768x768.jpg\" data-srcset=\"https:\/\/www.difrol.cl\/wp-content\/uploads\/2016\/06\/DSC_9610-768x768.jpg 768w, https:\/\/www.difrol.cl\/wp-content\/uploads\/2016\/06\/DSC_9610-1306x1306.jpg 1306w\" loading=\"eager\" style=\"--ratio: 768 \/ 768\" sizes=\"(max-width: 768px) 100vw, 768px\" alt=\"\" title=\"DSC_9610\" width=\"768\" height=\"768\"  \/><\/a>\n\t<\/div>\n<\/div>\n\n\n<div class=\"post-entry-content\">\n\n\t<h3 class=\"entry-title\">\n\t\t<a href=\"https:\/\/www.difrol.cl\/en\/ambassador-ximena-fuentes-delivers-a-lecture-at-the-seminar-chile-and-its-neighbors-the-foreign-policy-outlook\/\" title=\"Ambassador Ximena Fuentes delivers a Lecture at the Seminar \u201cChile and its Neighbors: The Foreign Policy Outlook\u201d\" rel=\"bookmark\">Ambassador Ximena Fuentes delivers a Lecture at the Seminar \u201cChile and its Neighbors: The Foreign Policy Outlook\u201d<\/a>\n\t<\/h3>\n\n\t\n\t<div class=\"entry-excerpt\"><p>[vc_row][vc_column][vc_column_text]On Monday, December 11, at the O\u2019Higgins Hall of the Ministry of Foreign Affairs the seminar \u201cChile and its Neighbors: The Foreign Policy Outlook\u201d was held as part of the course on Neighborly Relations organized by the Ministry of Foreign Affairs\u2019 Department of Training. The seminar included presentations by the National Director of State Borders&hellip;<\/p>\n<\/div>\n\t\n<a href=\"https:\/\/www.difrol.cl\/en\/ambassador-ximena-fuentes-delivers-a-lecture-at-the-seminar-chile-and-its-neighbors-the-foreign-policy-outlook\/\" class=\"dt-btn-s dt-btn post-details details-type-btn\" aria-label=\"Read more about Ambassador Ximena Fuentes delivers a Lecture at the Seminar \u201cChile and its Neighbors: The Foreign Policy Outlook\u201d\">Read news<i class=\"dt-icon-the7-arrow-03\" aria-hidden=\"true\"><\/i><\/a>\n\n<\/div><\/article><div class=\"paginator\" role=\"navigation\"><\/div><\/div>[\/vc_column][\/vc_row]<\/p>\n<\/div>","protected":false},"excerpt":{"rendered":"<p>[vc_row][vc_column][\/vc_column][\/vc_row]<\/p>\n","protected":false},"author":5,"featured_media":0,"parent":0,"menu_order":10,"comment_status":"closed","ping_status":"closed","template":"","meta":{"footnotes":""},"class_list":["post-2009","page","type-page","status-publish","hentry","description-off"],"_links":{"self":[{"href":"https:\/\/www.difrol.cl\/en\/wp-json\/wp\/v2\/pages\/2009","targetHints":{"allow":["GET"]}}],"collection":[{"href":"https:\/\/www.difrol.cl\/en\/wp-json\/wp\/v2\/pages"}],"about":[{"href":"https:\/\/www.difrol.cl\/en\/wp-json\/wp\/v2\/types\/page"}],"author":[{"embeddable":true,"href":"https:\/\/www.difrol.cl\/en\/wp-json\/wp\/v2\/users\/5"}],"replies":[{"embeddable":true,"href":"https:\/\/www.difrol.cl\/en\/wp-json\/wp\/v2\/comments?post=2009"}],"version-history":[{"count":3,"href":"https:\/\/www.difrol.cl\/en\/wp-json\/wp\/v2\/pages\/2009\/revisions"}],"predecessor-version":[{"id":2012,"href":"https:\/\/www.difrol.cl\/en\/wp-json\/wp\/v2\/pages\/2009\/revisions\/2012"}],"wp:attachment":[{"href":"https:\/\/www.difrol.cl\/en\/wp-json\/wp\/v2\/media?parent=2009"}],"curies":[{"name":"wp","href":"https:\/\/api.w.org\/{rel}","templated":true}]}}